{"id":1609,"date":"2024-03-12T04:47:04","date_gmt":"2024-03-12T04:47:04","guid":{"rendered":"https:\/\/www.thescanfoundation.org\/?post_type=event&#038;p=1609"},"modified":"2025-09-18T01:53:51","modified_gmt":"2025-09-18T08:53:51","slug":"cumbre-2024-unidos-por-la-equidad-en-la-salud-en-el-envejecimiento","status":"publish","type":"event","link":"https:\/\/www.thescanfoundation.org\/es\/events\/2024-united-for-health-equity-in-aging-summit\/","title":{"rendered":"Cumbre Unidos por la Equidad en la Salud en el Envejecimiento 2024"},"template":"","class_list":["post-1609","event","type-event","status-publish","has-post-thumbnail","hentry","event_type-in-person","location-california"],"acf":{"details":{"helper_accent_color":"red","helper_taxonomies":{"priority_tax":[7],"location":[12],"news-insight_type":false,"resource_type":false,"event_type":[26],"person_type":false,"year_tax":false,"asset_class":false,"investment_type":false,"investment_category":false},"registration_cta":"","dates":[{"start_date_and_time":"2024-09-18 08:00:00","end_time":""}],"location":"Burbank, CA ","description":"En su segundo a\u00f1o, la Cumbre anual Unidos por la Equidad en la Salud en el Envejecimiento uni\u00f3 a l\u00edderes de los sectores del envejecimiento y la discapacidad y de los movimientos de justicia social y racial para promover un cambio audaz y equitativo en la forma en que los adultos mayores envejecen tanto en el hogar como en la comunidad.","featured_image":3348},"page_layout":[{"acf_fc_layout":"layout_wysiwyg","_acfe_flexible_toggle":"","component_wysiwyg":{"content":"<img class=\"alignnone size-medium wp-image-1638\" src=\"https:\/\/www.thescanfoundation.org\/wp-content\/uploads\/2024\/03\/summit-300x167.png\" alt=\"Logotipo de la Cumbre Unidos por la Equidad en la Salud en el Envejecimiento\" width=\"300\" height=\"167\" \/>\r\n\r\nEn su segundo a\u00f1o, la Cumbre anual Unidos por la Equidad en Salud en el Envejecimiento reuni\u00f3 a l\u00edderes de los sectores del envejecimiento y la discapacidad, as\u00ed como de los movimientos por la justicia social y racial, para impulsar un cambio audaz y equitativo en el envejecimiento de las personas mayores, tanto en el hogar como en la comunidad. Esta jornada de trabajo elev\u00f3 las voces, perspectivas y necesidades de las personas mayores marginadas, a la vez que foment\u00f3 la innovaci\u00f3n intersectorial para explorar algunas de las mayores barreras a la equidad en salud en la actualidad.","":null,"helper_width":"narrow"}},{"acf_fc_layout":"layout_video","_acfe_flexible_toggle":"","component_video":{"type":"vimeo","video_thumbnail":"","youtube_id":"","vimeo_id":"964918054","vimeo_hash":"86e997604b","url":"","video_caption":"","":null,"helper_width":"medium"}},{"acf_fc_layout":"layout_wysiwyg","_acfe_flexible_toggle":"","component_wysiwyg":{"content":"<h2>Programa<\/h2>\r\n<div class=\"sub-title\">18\/09\/2024 \u2013 Burbank, CA<\/div>\r\n<a class=\"pdf-link\" href=\"https:\/\/www.thescanfoundation.org\/wp-content\/uploads\/2024\/09\/2024-Health-Equity-in-Aging-Summit-Program.pdf\" target=\"_black\">DESCARGAR PDF<\/a>\r\n<ul>\r\n \t<li><strong>08:15AM-09:00AM - Registro y Desayuno Continental<\/strong>\r\n<ul>\r\n \t<li>Ubicaci\u00f3n: Vest\u00edbulo\/Lobby<\/li>\r\n<\/ul>\r\n<\/li>\r\n \t<li><strong>09:00AM-09:15AM - Reconocimiento de tierras<\/strong>\r\n<ul>\r\n \t<li>Ubicaci\u00f3n: Academia 1<\/li>\r\n \t<li>Una declaraci\u00f3n formal y un reconocimiento p\u00fablico de los Pueblos Ind\u00edgenas que han sido despose\u00eddos y desplazados de sus tierras y territorios ancestrales por diversas razones coloniales e hist\u00f3ricas. Esta declaraci\u00f3n reconoce que una organizaci\u00f3n, ciudad, parque o cualquier otra estructura se construy\u00f3 y opera en las tierras ancestrales de los Pueblos Ind\u00edgenas.<\/li>\r\n \t<li>Ponentes:\r\n<ul>\r\n \t<li>Adella Valenzuela<\/li>\r\n \t<li>Virginia Valenzuela<\/li>\r\n \t<li>Junio Valenzuela<\/li>\r\n \t<li>(Tribu de la Banda Gabrieleno de Indios de la Misi\u00f3n)<\/li>\r\n<\/ul>\r\n<\/li>\r\n<\/ul>\r\n<\/li>\r\n \t<li><strong>09:15 a. m. a 09:45 a. m. - Palabras de bienvenida<\/strong>\r\n<ul>\r\n \t<li>Ubicaci\u00f3n: Academia 1<\/li>\r\n \t<li>Ponentes:\r\n<ul>\r\n \t<li>Dra. Cheryl Phillips, presidenta de la junta directiva de la Fundaci\u00f3n SCAN<\/li>\r\n \t<li>Dra. Sarita A. Mohanty, presidenta y directora ejecutiva de la Fundaci\u00f3n SCAN<\/li>\r\n<\/ul>\r\n<\/li>\r\n<\/ul>\r\n<\/li>\r\n \t<li><strong>09:45 a. m. a 10:15 a. m. - Discurso inaugural: Mirando hacia el futuro: c\u00f3mo los movimientos por la justicia pueden cambiar nuestro futuro<\/strong>\r\n<ul>\r\n \t<li>Ubicaci\u00f3n: Academia 1<\/li>\r\n \t<li>En esta charla, Manuel Pastor analizar\u00e1 los cambios demogr\u00e1ficos y las tensiones econ\u00f3micas que configuran la opini\u00f3n p\u00fablica en California y Estados Unidos hoy en d\u00eda. Hablar\u00e1 sobre c\u00f3mo las pol\u00edticas pueden contribuir a la equidad, especialmente en un estado en proceso de envejecimiento, pero destacar\u00e1 la necesidad de construir movimientos y practicar la mutualidad para transformar la voluntad p\u00fablica e imaginar y crear un futuro m\u00e1s inclusivo.<\/li>\r\n \t<li>Ponentes:\r\n<ul>\r\n \t<li>Manuel Pastor, Director del Instituto de Investigaci\u00f3n de Equidad Dornsife de la USC, Profesor Distinguido de Sociolog\u00eda<\/li>\r\n<\/ul>\r\n<\/li>\r\n<\/ul>\r\n<\/li>\r\n \t<li><strong>10:15 a. m. a 10:30 a. m. - Descanso<\/strong>\r\n<ul>\r\n \t<li>Ubicaci\u00f3n: Vest\u00edbulo\/Lobby<\/li>\r\n<\/ul>\r\n<\/li>\r\n \t<li><strong>10:30 a. m. a 11:15 a. m. - Plenaria 1: C\u00f3mo liderar el cambio cuando el camino es dif\u00edcil<\/strong>\r\n<ul>\r\n \t<li>Ubicaci\u00f3n: Academia 1<\/li>\r\n \t<li>\u00a1Lograr que las personas, las organizaciones y los sistemas cambien puede ser dif\u00edcil! Aprenda de un grupo diverso de expertos que han implementado con \u00e9xito iniciativas de equidad en salud. Explore los elementos clave \u2014la f\u00f3rmula secreta\u2014 de su trabajo, c\u00f3mo evitar errores comunes e insp\u00edrese para aplicar lo aprendido en su comunidad y en sus colaboraciones.<\/li>\r\n \t<li>Ponentes:\r\n<ul>\r\n \t<li>Moderadora: Jennie Chin Hansen, consultora independiente, Hersch Philanthropy Partners<\/li>\r\n \t<li>Carolina Ram\u00edrez, Consultora, Community Wealth Partners<\/li>\r\n \t<li>Sad\u00e9 Dozan, Jefa de Desarrollo y Operaciones, Caring Across Generations<\/li>\r\n \t<li>Rea Pa\u00f1ares, Directora Ejecutiva de la Iniciativa de Comunidades Responsables de Salud de California<\/li>\r\n<\/ul>\r\n<\/li>\r\n<\/ul>\r\n<\/li>\r\n \t<li><strong>11:15 a. m. a 12:00 p. m. - Plenaria 2: Estado del estado de la equidad en salud<\/strong>\r\n<ul>\r\n \t<li>Ubicaci\u00f3n: Academia 1<\/li>\r\n \t<li>La historia de la equidad en salud pr\u00e1cticamente se puede dividir en dos partes: antes y despu\u00e9s de la pandemia de COVID-19. Escuche a l\u00edderes federales, estatales y locales hablar sobre el estado de la equidad en salud para los adultos mayores desde diversas perspectivas, incluyendo las lecciones aprendidas y nuestra situaci\u00f3n actual. Los panelistas compartir\u00e1n importantes actualizaciones de pol\u00edticas y detallar\u00e1n c\u00f3mo la utilizaci\u00f3n de un marco colaborativo puede impulsar un cambio sist\u00e9mico en California y a nivel nacional para todos los adultos mayores. Ejemplos espec\u00edficos destacar\u00e1n c\u00f3mo cambiar la forma en que se implementan las soluciones y las innovaciones es lo que marcar\u00e1 la diferencia para los adultos mayores hoy y en el futuro.<\/li>\r\n \t<li>Ponentes:\r\n<ul>\r\n \t<li>Moderador: Denny Chan, Director General, Equity Advocacy, Justice in Aging<\/li>\r\n \t<li>Dan Torres, Director de Equidad, Salud y Servicios Humanos de California<\/li>\r\n \t<li>Ignatius Bau, consultor de pol\u00edticas sanitarias<\/li>\r\n \t<li>Dra. Laura Trejo, Directora del Departamento de Envejecimiento y Discapacidades del Condado de Los \u00c1ngeles<\/li>\r\n<\/ul>\r\n<\/li>\r\n<\/ul>\r\n<\/li>\r\n \t<li><strong>12:00 p. m. a 12:45 p. m. - Almuerzo<\/strong>\r\n<ul>\r\n \t<li>Ubicaci\u00f3n: Vest\u00edbulo\/Lobby<\/li>\r\n<\/ul>\r\n<\/li>\r\n \t<li><strong>12:45 p. m. a 1:30 p. m. -<\/strong> <strong>Plenaria 3: Aprendizajes tempranos sobre el cambio impulsado por la comunidad: Grupos de organizaci\u00f3n comunitaria equitativa (ECO)<\/strong>\r\n<ul>\r\n \t<li>Ubicaci\u00f3n: Academia 1<\/li>\r\n \t<li>Para abordar de forma significativa las desigualdades en salud que enfrentan nuestras comunidades, necesitamos priorizar o transferir continuamente el poder a las personas m\u00e1s afectadas por dichas desigualdades. En esta sesi\u00f3n, escucharemos a las cuatro comunidades que recientemente lanzaron los Grupos de Organizaci\u00f3n Comunitaria para la Equidad (ECO), que se centran en las personas mayores de comunidades racializadas no solo como participantes, sino tambi\u00e9n como l\u00edderes y cocreadores de una visi\u00f3n de cambio, as\u00ed como de estrategias y t\u00e1cticas que contribuir\u00e1n a mejorar la salud, tal como ellos la definen.<\/li>\r\n \t<li>Ponentes:\r\n<ul>\r\n \t<li>Moderadora: Erin Westphal, Oficial de Programa, The SCAN Foundation<\/li>\r\n \t<li>Tonya Williams, miembro del grupo ECO, Centro de Servicios Comunitarios Booker T. Washington<\/li>\r\n \t<li>Byron Johns, miembro de Sankofa Elders, Proyecto de Salud de Mujeres Negras de California<\/li>\r\n \t<li>Daniela Dom\u00ednguez, ECO Group Cloverdale, Fundaci\u00f3n de Salud del Norte del Condado de Sonoma<\/li>\r\n \t<li>Cari Augusta, miembro de Community Connectors, Imperial Valley Wellness Foundation<\/li>\r\n<\/ul>\r\n<\/li>\r\n<\/ul>\r\n<\/li>\r\n \t<li><strong>13:30-14:00 - Conferencia magistral de la tarde: Creando movimiento para las \u00e9pocas<\/strong>\r\n<ul>\r\n \t<li>Ubicaci\u00f3n: Academia 1<\/li>\r\n \t<li>En esta conferencia magistral, Dolores Huerta, \u00edcono de los derechos civiles y pionera, destacar\u00e1 el poder de la construcci\u00f3n de movimientos, el valor de las asociaciones intergeneracionales e intersectoriales y los v\u00ednculos vitales entre la salud, la cultura y los ingresos en los EE. UU., bas\u00e1ndose en su vida y sus experiencias.<\/li>\r\n \t<li>Ponentes:\r\n<ul>\r\n \t<li>Dolores Huerta, Presidenta y Fundadora de la Fundaci\u00f3n Dolores Huerta<\/li>\r\n<\/ul>\r\n<\/li>\r\n<\/ul>\r\n<\/li>\r\n \t<li><strong>14:00-14:15 - Vista previa de Spark<\/strong>\r\n<ul>\r\n \t<li>Ubicaci\u00f3n: Academia 1<\/li>\r\n \t<li>El Spark Preview est\u00e1 dise\u00f1ado para ofrecer una visi\u00f3n general de lo que los asistentes pueden esperar de cada taller de la tarde. \u00danase a nosotros mientras un representante de cada taller ofrece una breve introducci\u00f3n sobre lo que ofrecer\u00e1n en t\u00e9rminos de contenido, experiencia y aprendizajes.<\/li>\r\n \t<li>Ponentes:\r\n<ul>\r\n \t<li>Representante del Taller A: Sarah Enz, Directora, Agencia del \u00c1rea sobre el Envejecimiento, Condado de Imperial, CA<\/li>\r\n \t<li>Representante del Taller B: Kaylyn Williams, Consultora, Community Wealth Partners<\/li>\r\n \t<li>Representante del Taller C: Lizette Escobedo, Vicepresidenta de Relaciones Gubernamentales y Participaci\u00f3n C\u00edvica, AltaMed Health Services<\/li>\r\n<\/ul>\r\n<\/li>\r\n<\/ul>\r\n<\/li>\r\n \t<li><strong>14:15-14:30 - Transici\u00f3n a los talleres<\/strong>\r\n<ul>\r\n \t<li>Ubicaci\u00f3n: Academia 1, 2 y 3<\/li>\r\n<\/ul>\r\n<\/li>\r\n \t<li><strong>14:30-15:00 - Taller A: Las historias que nos gu\u00edan<\/strong>\r\n<ul>\r\n \t<li>Ubicaci\u00f3n: Academia 2<\/li>\r\n \t<li>En un a\u00f1o de elecciones presidenciales, \u00bfse pregunta a menudo: &quot;\u00bfC\u00f3mo puedo promover la equidad en salud, especialmente para las poblaciones marginadas, sin importar los obst\u00e1culos pol\u00edticos?&quot;? Si trabaja a diario para promover la equidad en salud, probablemente se le haya ocurrido esta idea.<\/li>\r\n \t<li>Los asistentes al taller aprender\u00e1n sobre:\r\n<ul>\r\n \t<li>T\u00e1cticas espec\u00edficas para gestionar las barreras, los desaf\u00edos y las oportunidades para avanzar en la equidad en salud<\/li>\r\n \t<li>T\u00e1cticas de comunicaci\u00f3n para avanzar en el trabajo de equidad en salud independientemente del entorno pol\u00edtico<\/li>\r\n \t<li>T\u00e1cticas para centrar el \u201cpoder popular\u201d y las voces de la comunidad para superar cualquier desaf\u00edo y barrera al trabajo.<\/li>\r\n \t<li>Los asistentes aprender\u00e1n formas de avanzar con objetivos program\u00e1ticos y estrat\u00e9gicos a trav\u00e9s de ejemplos, escenarios y pr\u00e1cticas concretos, todo en 30 minutos.<\/li>\r\n<\/ul>\r\n<\/li>\r\n \t<li>Ponentes:\r\n<ul>\r\n \t<li>Sarah Enz, Directora, Agencia del \u00c1rea sobre el Envejecimiento, Condado de Imperial, CA<\/li>\r\n \t<li>Catherine Han, directora del programa NCOA, Centro para el Envejecimiento Saludable, Programa de Subvenciones para la Vacuna contra la COVID-19 y la Influenza<\/li>\r\n \t<li>Siri Perlman, Directora de Servicios de Nutrici\u00f3n para Personas Mayores, Servicios Familiares Jud\u00edos de Los \u00c1ngeles<\/li>\r\n<\/ul>\r\n<\/li>\r\n<\/ul>\r\n<\/li>\r\n \t<li><strong>14:30-15:00 - Taller B: Nada sobre nosotros sin nosotros<\/strong>\r\n<ul>\r\n \t<li>Ubicaci\u00f3n: Academia 1<\/li>\r\n \t<li>Las personas m\u00e1s cercanas a los problemas conocen las soluciones m\u00e1s efectivas. El poder que se encuentra en la cocreaci\u00f3n, la toma de decisiones colaborativa y la interacci\u00f3n con los miembros de la comunidad puede generar un impacto real y duradero.<\/li>\r\n \t<li>Los asistentes al taller aprender\u00e1n sobre:\r\n<ul>\r\n \t<li>Estrategias para reducir las desigualdades en materia de salud transfiriendo el poder a los miembros de la comunidad y priorizando las voces y perspectivas que hist\u00f3ricamente se han dejado fuera de la conversaci\u00f3n.<\/li>\r\n \t<li>Principios para profundizar y comprometer a las comunidades, modelos de reparto de poder<\/li>\r\n \t<li>Planificaci\u00f3n estrat\u00e9gica creativa e investigaci\u00f3n-acci\u00f3n participativa<\/li>\r\n \t<li>Los asistentes finalizar\u00e1n esta sesi\u00f3n con una comprensi\u00f3n de los diferentes niveles de participaci\u00f3n comunitaria y aprender\u00e1n lo necesario para profundizar eficazmente sus actividades de participaci\u00f3n comunitaria. Su equipo se beneficiar\u00e1 de un cambio de perspectiva sobre la participaci\u00f3n comunitaria y de ideas sobre su posible desarrollo.<\/li>\r\n<\/ul>\r\n<\/li>\r\n \t<li>Ponentes:\r\n<ul>\r\n \t<li>Carolina Ram\u00edrez, Consultora, Community Wealth Partners<\/li>\r\n \t<li>Kaylyn Williams, consultora, Community Wealth Partners<\/li>\r\n<\/ul>\r\n<\/li>\r\n<\/ul>\r\n<\/li>\r\n \t<li><strong>14:30-15:00 - Taller C: Construyendo Poder, Construyendo Salud<\/strong>\r\n<ul>\r\n \t<li>Ubicaci\u00f3n: Academia 3<\/li>\r\n \t<li>A medida que nuestras comunidades envejecen, las disparidades en los resultados de salud se acent\u00faan. Este taller profundiza en estrategias para eliminar estas desigualdades y construir un futuro y comunidades donde todos los adultos mayores puedan prosperar.<\/li>\r\n \t<li>Los asistentes al taller aprender\u00e1n sobre:\r\n<ul>\r\n \t<li>Iniciativas regionales exitosas que est\u00e1n conduciendo al cambio de sistemas<\/li>\r\n \t<li>Marcos para crear coaliciones poderosas que unan a diversas partes interesadas en torno a una visi\u00f3n com\u00fan de equidad en salud<\/li>\r\n \t<li>C\u00f3mo la organizaci\u00f3n y la participaci\u00f3n c\u00edvica han llevado a cambios pol\u00edticos significativos para los adultos mayores<\/li>\r\n \t<li>Estrategias para empoderar a los adultos mayores para que aboguen por s\u00ed mismos y sus comunidades, aprovechando el poder de la salud c\u00edvica<\/li>\r\n<\/ul>\r\n<\/li>\r\n \t<li>Ponentes:\r\n<ul>\r\n \t<li>Berenice Nu\u00f1ez Constant, vicepresidenta s\u00e9nior de Relaciones Gubernamentales y Participaci\u00f3n C\u00edvica, AltaMed Health Services<\/li>\r\n \t<li>Lizette Escobedo, vicepresidenta de Relaciones Gubernamentales y Participaci\u00f3n C\u00edvica, AltaMed Health Services<\/li>\r\n \t<li>Alberto Campos, Director Asociado, Colaboraci\u00f3n del Sureste de Los \u00c1ngeles (SELA)<\/li>\r\n \t<li>Seciah Aquino, Directora Ejecutiva, Coalici\u00f3n Latina para una California Saludable<\/li>\r\n<\/ul>\r\n<\/li>\r\n<\/ul>\r\n<\/li>\r\n \t<li><strong>15:00-15:15 - Transici\u00f3n a la sala principal<\/strong>\r\n<ul>\r\n \t<li>Ubicaci\u00f3n: Academia 1<\/li>\r\n<\/ul>\r\n<\/li>\r\n \t<li><strong>15:15-16:00 h - Discurso de clausura: Demasiado cerca del fracaso: c\u00f3mo podemos lograr la equidad en salud para todos<\/strong>\r\n<ul>\r\n \t<li>Ubicaci\u00f3n: Academia 1<\/li>\r\n \t<li>En esta presentaci\u00f3n, Daniel Dawes se basar\u00e1 en su aclamado libro, &quot;Los Determinantes Pol\u00edticos de la Salud&quot;, y en su experiencia directa en la formulaci\u00f3n de importantes pol\u00edticas federales, incluyendo la Ley de Atenci\u00f3n M\u00e9dica Asequible. Ofrecer\u00e1 una historia de la aparentemente inseparable interconexi\u00f3n entre la pol\u00edtica y la salud, as\u00ed como un marco novedoso, imparcial y multidisciplinario para abordar las barreras sist\u00e9micas que impiden que Estados Unidos se convierta en lo que podr\u00eda ser: la naci\u00f3n m\u00e1s saludable y equitativa del mundo. La presentaci\u00f3n de Dawes tambi\u00e9n incluir\u00e1 una charla informal con el Dr. Mohanty.<\/li>\r\n \t<li>Ponentes:\r\n<ul>\r\n \t<li>Daniel Dawes, vicepresidente s\u00e9nior de Salud Global y decano fundador de la Facultad de Salud Global de Meharry Medical College<\/li>\r\n<\/ul>\r\n<\/li>\r\n<\/ul>\r\n<\/li>\r\n \t<li><strong>16:00-16:15 - Palabras de clausura y pr\u00f3ximos pasos<\/strong>\r\n<ul>\r\n \t<li>Ubicaci\u00f3n: Academia 1<\/li>\r\n \t<li>Ponentes:\r\n<ul>\r\n \t<li>Rigo Saborio, Vicepresidente de Programas, Equidad e Impacto Comunitario, Fundaci\u00f3n SCAN<\/li>\r\n<\/ul>\r\n<\/li>\r\n<\/ul>\r\n<\/li>\r\n \t<li><strong>16:15-18:00 - Recepci\u00f3n de networking<\/strong>\r\n<ul>\r\n \t<li>Ubicaci\u00f3n: Vest\u00edbulo\/Lobby<\/li>\r\n<\/ul>\r\n<\/li>\r\n<\/ul>","":null,"helper_width":"narrow"}},{"acf_fc_layout":"layout_wysiwyg","_acfe_flexible_toggle":"","component_wysiwyg":{"content":"<h2>Oradores<\/h2>\r\n<img class=\"size-medium wp-image-183 alignnone\" src=\"https:\/\/www.thescanfoundation.org\/wp-content\/uploads\/2024\/08\/Adella-300x197.jpeg\" alt=\"\" width=\"300\" height=\"197\" \/>\r\n<h3>Adella May Valenzuela, June Valenzuela, Virginia Valenzuela<\/h3>\r\nBanda Gabrieleno de la Tribu de Indios de la Misi\u00f3n\r\n\r\n<img class=\"alignnone wp-image-220 size-medium\" src=\"https:\/\/www.thescanfoundation.org\/wp-content\/uploads\/2024\/06\/Cheryl-Phillips-web-297x300.png\" alt=\"Cheryl Phillips\" width=\"297\" height=\"300\" \/>\r\n<h3>Dra. Cheryl Phillips<\/h3>\r\n<strong>Presidente de la Junta Directiva de la Fundaci\u00f3n SCAN<\/strong>\r\n\r\nLa Dra. Cheryl Phillips es presidenta y directora ejecutiva de SNP Alliance, una asociaci\u00f3n nacional sin fines de lucro que agrupa planes de Medicaid para necesidades especiales y administrados, para atender a adultos vulnerables con necesidades de atenci\u00f3n complejas. Anteriormente, se desempe\u00f1\u00f3 como vicepresidenta s\u00e9nior de Pol\u00edticas P\u00fablicas y Servicios de Salud en LeadingAge en Washington, D. C. La Dra. Phillips fue directora m\u00e9dica de On Lok Lifeways, creadora del modelo PACE (Programa de Atenci\u00f3n Integral para Personas Mayores), con sede en San Francisco, de 2007 a 2011. Tambi\u00e9n se desempe\u00f1\u00f3 como directora m\u00e9dica de Servicios para Personas Mayores y Manejo de Enfermedades Cr\u00f3nicas en Sutter Health System, una red de m\u00e9dicos, hospitales y otros proveedores de salud en el norte de California.\r\n\r\n<img class=\"alignnone size-medium wp-image-653\" src=\"https:\/\/www.thescanfoundation.org\/wp-content\/uploads\/2021\/06\/Sarita-Mohanty-Staff-Photo-061621-273x300.jpg\" alt=\"\" width=\"273\" height=\"300\" \/>\r\n<h3>Dra. Sarita A. Mohanty<\/h3>\r\n<strong>Presidente y director ejecutivo de la Fundaci\u00f3n SCAN<\/strong>\r\n\r\nSarita A. Mohanty, MD, MPH, MBA, es presidenta y directora ejecutiva de la Fundaci\u00f3n SCAN. La Fundaci\u00f3n SCAN es una de las fundaciones m\u00e1s grandes de Estados Unidos, dedicada a mejorar la salud y la calidad de vida de las personas mayores. Su misi\u00f3n es impulsar un sistema coordinado y de f\u00e1cil manejo de servicios de alta calidad para personas mayores que preserven su dignidad e independencia. Anteriormente, Sarita se desempe\u00f1\u00f3 como vicepresidenta de Coordinaci\u00f3n de Atenci\u00f3n para Medicaid y Poblaciones Vulnerables en Kaiser Permanente. Anteriormente, Sarita fue profesora adjunta de Medicina en la USC; directora m\u00e9dica de COPE Health Solutions, una empresa de consultor\u00eda en gesti\u00f3n de la atenci\u00f3n m\u00e9dica; y directora m\u00e9dica s\u00e9nior de LA Care, el mayor plan de salud p\u00fablica de Estados Unidos.\r\n\r\n<img class=\"alignnone size-medium wp-image-211\" src=\"https:\/\/www.thescanfoundation.org\/wp-content\/uploads\/2024\/07\/MANUEL-PASTOR-Headshot-300x300.jpg\" alt=\"Manuel Pastor\" width=\"300\" height=\"300\" \/>\r\n<h3>Manuel Pastor<\/h3>\r\n<strong>Director del Instituto de Investigaci\u00f3n de Equidad Dornsife de la USC, Profesor Distinguido de Sociolog\u00eda<\/strong>\r\n\r\nEl Dr. Manuel Pastor es Profesor Distinguido de Sociolog\u00eda y Estudios Estadounidenses y Etnicidad en la Universidad del Sur de California. Actualmente dirige el Instituto de Investigaci\u00f3n sobre Equidad de la USC. Pastor tiene un doctorado en Econom\u00eda por la Universidad de Massachusetts, Amherst, y es el titular inaugural de la C\u00e1tedra Turpanjian de Sociedad Civil y Cambio Social en la USC.\r\n<h3><img class=\"alignnone size-full wp-image-1634\" src=\"https:\/\/www.thescanfoundation.org\/wp-content\/uploads\/2025\/08\/Jennie-e1678845581641.png\" alt=\"\" width=\"290\" height=\"290\" \/><\/h3>\r\n<h3>Jennie Chin Hansen<\/h3>\r\n<strong>Consultor independiente, Hersch Philanthropy Partners<\/strong>\r\n\r\nJennie Chin Hansen fue la exdirectora ejecutiva de la Sociedad Americana de Geriatr\u00eda (American Geriatrics Society), la mayor organizaci\u00f3n profesional de gerocl\u00ednicos comprometidos con la atenci\u00f3n de adultos mayores con necesidades de atenci\u00f3n complejas. Previamente, presidi\u00f3 la AARP, con 38 millones de miembros, durante las negociaciones y el desarrollo de la Ley de Cuidado de Salud Asequible. Actualmente, colabora en las \u00e1reas de demencia, fuerza laboral, atenci\u00f3n cr\u00f3nica compleja, servicios de urgencias geri\u00e1tricas y equidad en salud. Su trayectoria profesional principal incluye casi 25 a\u00f1os en San Francisco, brindando servicios m\u00e9dicos y comunitarios integrales, con financiaci\u00f3n global, para personas mayores elegibles para residencias de ancianos. Su innovador sistema de prestaci\u00f3n de servicios, totalmente capitado, integrado y coordinado, se convirti\u00f3 en el prototipo de la ley federal de 1997 que incorpor\u00f3 el Programa de Atenci\u00f3n Integral para Adultos Mayores (PACE) a los programas de Medicare y Medicaid. PACE opera ampliamente en California y en otros 31 estados.\r\n\r\n<img class=\"alignnone size-medium wp-image-199\" src=\"https:\/\/www.thescanfoundation.org\/wp-content\/uploads\/2024\/07\/Carolina-Ramirez-300x298.jpeg\" alt=\"\" width=\"300\" height=\"298\" \/>\r\n<h3>Carolina Ram\u00edrez<\/h3>\r\n<strong>Consultor, Community Wealth Partners<\/strong>\r\n\r\nA Carolina le encanta construir. Como consultora s\u00e9nior en Community Wealth Partners, apoya a organizaciones y fundaciones en la reflexi\u00f3n profunda sobre las condiciones y los entornos necesarios para impulsar el cambio. Ha trabajado extensamente con organizaciones sin fines de lucro en Estados Unidos y en el extranjero para ayudar a evaluar y comprender los impactos a corto y largo plazo de la implementaci\u00f3n de diversos programas.\r\n\r\n<img class=\"alignnone wp-image-210 size-medium\" src=\"https:\/\/www.thescanfoundation.org\/wp-content\/uploads\/2024\/07\/Sade-Dozan-300x300.jpg\" alt=\"Sad\u00e9 Dozan\" width=\"300\" height=\"300\" \/>\r\n<h3>Sad\u00e9 Dozan<\/h3>\r\n<strong>Jefe de Desarrollo y Operaciones, Caring Across Generations<\/strong>\r\n\r\nSad\u00e9 Dozan es una l\u00edder en filantrop\u00eda y justicia social. Actualmente se desempe\u00f1a como Jefa de Desarrollo y Operaciones en Caring Across Generations y fundadora de Melanate, una incubadora en etapa inicial que impulsa cambios demogr\u00e1ficos en espacios de movimiento de riqueza. Su trabajo ha sido fundamental para hacer que los sistemas de atenci\u00f3n sean m\u00e1s accesibles y asequibles, centrar a las mujeres negras en la filantrop\u00eda y transformar los modelos tradicionales de desarrollo de recursos. En su transici\u00f3n a Vicepresidenta de Desarrollo en Borealis Philanthropy, Sad\u00e9 contin\u00faa expandiendo los l\u00edmites con un enfoque innovador para la recaudaci\u00f3n de fondos que considera la filantrop\u00eda como una poderosa herramienta para organizar y empoderar a las comunidades.\r\n\r\n<img class=\"alignnone wp-image-209 size-medium\" src=\"https:\/\/www.thescanfoundation.org\/wp-content\/uploads\/2024\/07\/Rea-Panares-300x300.jpg\" alt=\"Rea Panares\" width=\"300\" height=\"300\" \/>\r\n<h3>Rea Pa\u00f1ares<\/h3>\r\n<strong>Director Ejecutivo, Iniciativa de Comunidades Responsables de Salud de California<\/strong>\r\n\r\nRea Pa\u00f1ares ha dedicado su carrera al servicio p\u00fablico y a las organizaciones sin fines de lucro, y cuenta con m\u00e1s de dos d\u00e9cadas de experiencia trabajando en diversos campos, desde la promoci\u00f3n de pol\u00edticas p\u00fablicas, la filantrop\u00eda, la salud p\u00fablica, la tecnolog\u00eda c\u00edvica y el gobierno federal. Si bien los entornos han cambiado, su norte se ha mantenido constante: mejorar las pol\u00edticas y los sistemas para garantizar que las comunidades tengan la oportunidad de vivir sanas y prosperar.\r\n\r\n<img class=\"alignnone size-medium wp-image-186\" src=\"https:\/\/www.thescanfoundation.org\/wp-content\/uploads\/2024\/08\/Denny-Chan-e1723840379400-232x300.jpg\" alt=\"\" width=\"232\" height=\"300\" \/>\r\n<h3>Denny Chan<\/h3>\r\n<strong>Director General, Defensa de la Equidad, Justicia en el Envejecimiento<\/strong>\r\n\r\nDenny se uni\u00f3 a Justice in Aging en 2014 y es responsable de liderar y desarrollar la Iniciativa Estrat\u00e9gica de Justice in Aging para el Avance de la Equidad. Denny y su equipo trabajan en todas las \u00e1reas del programa para garantizar que la defensa de Justice in Aging elimine las barreras e inequidades para los adultos mayores que sufren discriminaci\u00f3n sist\u00e9mica. Hijo de padres inmigrantes chinos de clase trabajadora, Denny ha trabajado significativamente en la no discriminaci\u00f3n en la atenci\u00f3n m\u00e9dica, el acceso al idioma y las cuestiones de envejecimiento y equidad para los adultos mayores de bajos ingresos y aporta estas experiencias a su defensa. Es profesor afiliado del Centro Shriver sobre Derecho de la Pobreza y fue designado por el gobernador de California, Gavin Newsom, para formar parte del Consejo de Derechos Civiles de California. Denny se gradu\u00f3 de la Facultad de Derecho de la Universidad de California, Irvine. Obtuvo su licenciatura en la Universidad de Michigan.\r\n\r\n<img class=\"alignnone size-medium wp-image-182\" src=\"https:\/\/www.thescanfoundation.org\/wp-content\/uploads\/2024\/09\/Dan-Torres-New-300x300.png\" alt=\"\" width=\"300\" height=\"300\" \/>\r\n<h3>Dan Torres<\/h3>\r\n<strong>Director de Equidad, Salud y Servicios Humanos de California<\/strong>\r\n\r\nDan Torres se desempe\u00f1a como Director de Equidad en la Agencia de Salud y Servicios Humanos de California. Antes de incorporarse a Cal HHS, Dan fue Director del Programa de Derechos de los Inmigrantes en el Fondo Haas, Jr., una organizaci\u00f3n filantr\u00f3pica privada. Anteriormente, se desempe\u00f1\u00f3 como Asistente Especial del Fiscal General Xavier Becerra y fue Director de Integraci\u00f3n de Inmigrantes durante la administraci\u00f3n del gobernador Jerry Brown. Anteriormente, Dan fue Jefe de la Divisi\u00f3n de Servicios de Inmigraci\u00f3n del Departamento de Servicios Sociales y trabaj\u00f3 como abogado de servicios legales en zonas rurales de California.\r\n\r\n<img class=\"alignnone wp-image-208 size-medium\" src=\"https:\/\/www.thescanfoundation.org\/wp-content\/uploads\/2024\/07\/Ignatius-Bau-262x300.jpg\" alt=\"Ignacio Bau\" width=\"262\" height=\"300\" \/>\r\n<h3>Ignacio Bau<\/h3>\r\n<strong>Consultor de Pol\u00edticas de Salud<\/strong>\r\n\r\nIgnatius Bau es un consultor independiente en equidad en salud que trabaja con organizaciones de pacientes y consumidores, organizaciones comunitarias de salud y servicios sociales, departamentos y agencias de salud estatales, organizaciones de m\u00e9dicos, centros de salud comunitarios, asociaciones de sistemas de salud y hospitales, y fundaciones.\r\n\r\n<img class=\"alignnone wp-image-207 size-medium\" src=\"https:\/\/www.thescanfoundation.org\/wp-content\/uploads\/2024\/07\/Dr_Laura_Trejo_AD_2023-282x300.jpg\" alt=\"Laura Trejo\" width=\"282\" height=\"300\" \/>\r\n<h3>Dra. Laura Trejo<\/h3>\r\n<strong>Director, Condado de Los \u00c1ngeles, Departamento de Envejecimiento y Discapacidades<\/strong>\r\n\r\nLa Dra. Laura Trejo, Directora del Departamento de Envejecimiento y Discapacidades del Condado de Los \u00c1ngeles, es responsable de la creaci\u00f3n de un nuevo departamento del condado, as\u00ed como del establecimiento de una estrategia proactiva, coordinada e integral, as\u00ed como de un sistema de prestaci\u00f3n de servicios para adultos mayores y adultos con discapacidades. La Dra. Trejo supervisa programas y operaciones como los Servicios de Protecci\u00f3n para Adultos, la Agencia del \u00c1rea para el Envejecimiento, catorce Centros Comunitarios y para Personas Mayores, y la labor de la Comisi\u00f3n de Adultos Mayores y la Comisi\u00f3n de Discapacidades de Los \u00c1ngeles.\r\n\r\n<img class=\"alignnone wp-image-161 size-medium\" src=\"https:\/\/www.thescanfoundation.org\/wp-content\/uploads\/2024\/12\/Rigo-Saborio-300x300.jpg\" alt=\"Retrato de Rigo J. Saborio con chaqueta de traje y camisa abotonada, con las manos cruzadas frente a \u00e9l.\" width=\"300\" height=\"300\" \/>\r\n<h3>Rigo Sabor\u00edo<\/h3>\r\n<strong>Vicepresidente de Programas, Equidad e Impacto Comunitario, Fundaci\u00f3n SCAN<\/strong>\r\n\r\nRigo J. Saborio, MSG, es Vicepresidente de Programas, Equidad e Impacto Comunitario de la Fundaci\u00f3n SCAN. En este puesto, Rigo supervisa las iniciativas de la Fundaci\u00f3n en materia de diversidad, equidad e inclusi\u00f3n (DEI) para garantizar que todos los adultos mayores reciban los servicios y apoyos que necesitan para un envejecimiento saludable. Tambi\u00e9n desarrolla el plan de impacto comunitario de la Fundaci\u00f3n para la concesi\u00f3n estrat\u00e9gica de subvenciones. Rigo cuenta con m\u00e1s de 30 a\u00f1os de experiencia en el \u00e1mbito del envejecimiento, con especializaci\u00f3n en pol\u00edticas p\u00fablicas, promoci\u00f3n de la diversidad, administraci\u00f3n y servicio directo.\r\n\r\n<img class=\"alignnone size-medium wp-image-139\" src=\"https:\/\/www.thescanfoundation.org\/wp-content\/uploads\/2024\/12\/Erin-Westphal-300x300.jpg\" alt=\"Erin Westphal, foto de rostro\" width=\"300\" height=\"300\" \/>\r\n<h3>Erin Westphal<\/h3>\r\n<strong>Oficial de Programa, Fundaci\u00f3n SCAN<\/strong>\r\n\r\nErin Westphal es Oficial de Programas en la Fundaci\u00f3n SCAN. Su trabajo se centra en la justificaci\u00f3n econ\u00f3mica de los modelos de atenci\u00f3n centrados en la persona y en la integraci\u00f3n de la atenci\u00f3n y el financiamiento de los servicios m\u00e9dicos y sociales. Antes de unirse a la Fundaci\u00f3n, Erin fue Coordinadora de Proyectos Especiales del Departamento de Envejecimiento de Los \u00c1ngeles. All\u00ed, desarroll\u00f3 programas comunitarios para adultos mayores y cuidadores. Anteriormente, Erin fue Directora de Investigaci\u00f3n de la Fundaci\u00f3n Beverly y Coordinadora de Proyectos del Centro Forense de Abuso de Ancianos del Condado de Orange.\r\n\r\n<img class=\"alignnone size-medium wp-image-190\" src=\"https:\/\/www.thescanfoundation.org\/wp-content\/uploads\/2024\/08\/Daniela-Dominguez-276x300.jpg\" alt=\"\" width=\"276\" height=\"300\" \/>\r\n<h3>Daniela Dom\u00ednguez<\/h3>\r\n<strong>Fundador y director ejecutivo de On the Margins<\/strong>\r\n\r\nSoy profesora asociada en el Departamento de Psicolog\u00eda de la Consejer\u00eda de la USF y fundadora y directora ejecutiva de On the Margins. Trabajo en las \u00e1reas de salud mental latina, antirracismo, justicia migratoria y atenci\u00f3n adaptada al trauma. Mi programa de investigaci\u00f3n se ha centrado en comprender c\u00f3mo las comunidades latinas se recuperan del trauma y utilizan estrategias espec\u00edficas para acceder a una salud positiva. Basada en la Teor\u00eda Cr\u00edtica de la Raza (CRT; Crenshaw, 1989), utilizo enfoques metodol\u00f3gicos cr\u00edticos y pol\u00edticos en respuesta a los paradigmas tradicionales de investigaci\u00f3n, evaluaci\u00f3n y valoraci\u00f3n general. Mis publicaciones m\u00e1s recientes animan a los psic\u00f3logos a distanciarse de las epistemolog\u00edas euroc\u00e9ntricas que dominan el campo de la psicolog\u00eda actual y a avanzar hacia una epistemolog\u00eda cr\u00edtica de la raza que entiende que el conocimiento se configura a partir de la pertenencia a m\u00faltiples grupos subordinados y sistemas interconectados de opresi\u00f3n.\r\n\r\n<img class=\"alignnone size-full wp-image-188\" src=\"https:\/\/www.thescanfoundation.org\/wp-content\/uploads\/2024\/08\/Byron.jpg\" alt=\"\" width=\"233\" height=\"237\" \/>\r\n<h3>Byron Johns<\/h3>\r\n<strong>Embajador de los ancianos de Sankofa<\/strong>\r\n\r\nEl Dr. Byron Johns es un experimentado organizador comunitario y consultor de desarrollo organizacional con experiencia en liderazgo a nivel comunitario, sin fines de lucro y corporativo. De 2016 a 2021, trabaj\u00f3 en el sur de Los \u00c1ngeles en el \u00e1rea de sistemas y cambio de pol\u00edticas como director de proyecto del programa Best Start West Athens de First 5 en el Girls Club de Los \u00c1ngeles. En este puesto, Johns facilit\u00f3 la creaci\u00f3n de foros comunitarios, particip\u00f3 en la capacitaci\u00f3n antirracista a trav\u00e9s del programa Ready-to-Rise County, el Proyecto de Acci\u00f3n Comunitaria del Departamento de Salud P\u00fablica y el Grupo de Trabajo de West Athens, e imparti\u00f3 capacitaci\u00f3n in situ sobre justicia social en colaboraci\u00f3n con diversas organizaciones del sur de Los \u00c1ngeles. Gracias a la labor de extensi\u00f3n comunitaria que requiere su puesto, se ha imbuido de la cultura comunitaria y se ha familiarizado con las necesidades de las familias, los j\u00f3venes y las personas mayores, lo que lo inspir\u00f3 a crear un programa de distribuci\u00f3n de alimentos que fue un salvavidas para algunos residentes durante la pandemia de COVID-19. La iniciativa ha crecido enormemente gracias a m\u00faltiples colaboraciones y es uno de los centros principales de recursos para familias y personas mayores en el sur de Los \u00c1ngeles.\r\n\r\n<img class=\"alignnone size-medium wp-image-181\" src=\"https:\/\/www.thescanfoundation.org\/wp-content\/uploads\/2024\/09\/Picture1-rotated-1-225x300.jpg\" alt=\"\" width=\"225\" height=\"300\" \/>\r\n<h3>Tonya P. Williams<\/h3>\r\n<strong>MPA, Consultor<\/strong>\r\n\r\nTonya P Williams, nacida en un complejo de viviendas de la ciudad de Nueva York, criada en un hogar cristiano afroamericano, hu\u00e9rfana a los cuatro a\u00f1os y criada por su t\u00eda abuela a quien cari\u00f1osamente llamaba &quot;Abuela&quot;. Tonya tiene una licenciatura en Administraci\u00f3n de la Salud, 1985 de Davis and Elkins College, Elkins, WV y en 2001 complet\u00f3 su maestr\u00eda en Administraci\u00f3n P\u00fablica en la Universidad de Kutztown, Kutztown, PA. Tonya tiene m\u00e1s de cuarenta a\u00f1os de experiencia como facilitadora, administradora y defensora. De esos 40 a\u00f1os, doce a\u00f1os se desempe\u00f1\u00f3 como Directora Ejecutiva de Girls After School Academy (GASA) ubicada en San Francisco. Su esperanza es romper cada barrera que nos separa como humanos y que cada individuo SEA quien fue creado, porque todos los dem\u00e1s est\u00e1n tomados y NOSOTROS estamos conectados de manera diferente de la manera correcta (WD a PW).\r\n\r\n<img class=\"alignnone size-medium wp-image-191\" src=\"https:\/\/www.thescanfoundation.org\/wp-content\/uploads\/2024\/08\/Headshot_Cari-Augusta-300x300.jpg\" alt=\"\" width=\"300\" height=\"300\" \/>\r\n<h3>Cari Augusta<\/h3>\r\n<strong>Miembro de Community Connectors, Fundaci\u00f3n de Bienestar del Valle Imperial<\/strong>\r\n\r\nResidente del Valle Imperial de toda la vida, la pasi\u00f3n de Cari por su comunidad la impulsa a dedicar su tiempo a brindar servicios esenciales a los residentes del Valle Imperial. Busca constantemente oportunidades y recursos para mejorar la vida de quienes la rodean. Como coordinadora de programas en el Banco de Alimentos del Valle Imperial, supervisa el programa de productos b\u00e1sicos del USDA, gestiona el programa de mochilas de fin de semana y garantiza el cumplimiento del programa mediante la capacitaci\u00f3n del personal y los voluntarios. Cari tambi\u00e9n participa en el Comit\u00e9 Directivo del Plan de Mejora de la Salud Comunitaria (CHIP) y colabora con la Fundaci\u00f3n de Bienestar del Valle Imperial en los Grupos de Organizaci\u00f3n Comunitaria de Equidad, beneficiando a los adultos mayores de las comunidades del norte del Condado de Imperial.\r\n\r\n<img class=\"alignnone size-medium wp-image-177\" src=\"https:\/\/www.thescanfoundation.org\/wp-content\/uploads\/2024\/09\/Dolores-Huerta-High-Resolution-1-scaled-1-200x300.jpg\" alt=\"\" width=\"200\" height=\"300\" \/>\r\n<h3>Dolores Huerta<\/h3>\r\n<strong>Presidenta y Fundadora de la Fundaci\u00f3n Dolores Huerta<\/strong>\r\n\r\nDolores Huerta es activista de derechos civiles y organizadora comunitaria. Ha trabajado por los derechos laborales y la justicia social durante m\u00e1s de 50 a\u00f1os. En 1962, ella y C\u00e9sar Ch\u00e1vez fundaron el sindicato United Farm Workers. Se desempe\u00f1\u00f3 como vicepresidenta y desempe\u00f1\u00f3 un papel crucial en muchos de los logros del sindicato durante cuatro d\u00e9cadas. En 2002, recibi\u00f3 el premio Puffin\/Nation $100,000 a la Ciudadan\u00eda Creativa, que utiliz\u00f3 para establecer la Fundaci\u00f3n Dolores Huerta (DHF). La DHF conecta organizaciones comunitarias innovadoras con movimientos estatales y nacionales para registrar y educar a los votantes; promover la reforma educativa; impulsar mejoras de infraestructura en comunidades de bajos ingresos; promover una mayor igualdad para la comunidad LGBT; y fomentar un s\u00f3lido desarrollo de liderazgo. Ha recibido numerosos premios, entre ellos el Premio Eleanor Roosevelt de Derechos Humanos del presidente Clinton en 1998. En 2012, el presidente Obama le otorg\u00f3 a Dolores la Medalla Presidencial de la Libertad, la mayor condecoraci\u00f3n civil en Estados Unidos.\r\n\r\n<img class=\"alignnone size-medium wp-image-187\" src=\"https:\/\/www.thescanfoundation.org\/wp-content\/uploads\/2024\/08\/Headshot-225x300.jpg\" alt=\"\" width=\"225\" height=\"300\" \/>\r\n<h3>Sarah Enz<\/h3>\r\n<strong>Director, Agencia del \u00c1rea sobre el Envejecimiento, Condado de Imperial, CA<\/strong>\r\n\r\nSarah Enz es la Administradora P\u00fablica\/Tutora\/Cura del Condado de Imperial y Directora de la Agencia del \u00c1rea para el Envejecimiento. La Sra. Enz tiene un Doctorado en Derecho de la Facultad de Derecho de la Universidad Northwestern California y lleva cinco a\u00f1os y medio trabajando en el Condado de Imperial. Antes de incorporarse al sector p\u00fablico, trabaj\u00f3 en el sector jur\u00eddico privado durante 16 a\u00f1os. Sarah lleva 20 a\u00f1os casada con su novio de la secundaria y tiene dos hijas, de 15 y 11 a\u00f1os, que la mantienen ocupada con competencias de porristas y baile.\r\n\r\n<img class=\"alignnone size-medium wp-image-206\" src=\"https:\/\/www.thescanfoundation.org\/wp-content\/uploads\/2024\/07\/Catherine-Han-Headshot-300x300.jpg\" alt=\"\" width=\"300\" height=\"300\" \/>\r\n<h3>Catalina Han<\/h3>\r\n<strong>Gerente de Programa, NCOA, Centro para el Envejecimiento Saludable, Programa de Subvenciones para la Vacuna contra la COVID-19 y la Influenza<\/strong>\r\n\r\nCatherine Hyowon Han (\ud55c\ud6a8\uc6d0) (ella\/su\/suya) es una coreano-estadounidense de segunda generaci\u00f3n, orgullosa hija de inmigrantes y la mayor de cinco hermanos. Actualmente se desempe\u00f1a como Especialista de Programa en el Centro de Envejecimiento Saludable del Consejo Nacional sobre el Envejecimiento (NCOA), con sede en Arlington, Virginia. En su puesto, apoya una subvenci\u00f3n hist\u00f3rica de 1,5 millones de d\u00f3lares del Departamento de Salud y Servicios Humanos de EE. UU., Administraci\u00f3n para la Vida en Comunidad, para brindar asistencia t\u00e9cnica a organizaciones comunitarias y centros para personas mayores que trabajan para proporcionar vacunas vitales contra la COVID-19 y la influenza a adultos mayores y personas con discapacidad. Anteriormente, Catherine se desempe\u00f1\u00f3 como Coordinadora del Programa de Escuelas Medias de Virginia en Asian American LEAD (AALEAD).\r\n\r\n<img class=\"alignnone wp-image-197 size-medium\" src=\"https:\/\/www.thescanfoundation.org\/wp-content\/uploads\/2024\/08\/Siri-headshot-2024-300x297.jpg\" alt=\"Siri Perlman\" width=\"300\" height=\"297\" \/>\r\n<h3>Siri Perlman, directora<\/h3>\r\n<strong>Servicios de nutrici\u00f3n para personas mayores, Servicios para familias jud\u00edas de Los \u00c1ngeles<\/strong>\r\n\r\nSiri Perlman es dietista titulada con m\u00e1s de dos d\u00e9cadas de experiencia en la gesti\u00f3n y direcci\u00f3n de programas de nutrici\u00f3n en diversos entornos educativos y comunitarios. Licenciada en Biolog\u00eda por la Universidad de California, San Diego, y certificada como dietista titulada por la Universidad Estatal de California, Long Beach, Siri cuenta con una s\u00f3lida formaci\u00f3n tanto en ciencias como en la pr\u00e1ctica. Desde noviembre de 2020, Siri es directora de Nutrici\u00f3n para Personas Mayores en Jewish Family Service LA y supervisa un programa integral de Nutrici\u00f3n para Personas Mayores. Siri desempe\u00f1a un papel fundamental para garantizar la entrega de comidas saludables a aproximadamente 4000 personas mayores de diversos or\u00edgenes y niveles socioecon\u00f3micos. Gestiona operaciones de servicios de comidas a gran escala en m\u00faltiples programas financiados por la Ciudad de Los \u00c1ngeles y el Condado de Los \u00c1ngeles, liderando el desarrollo de pol\u00edticas estrat\u00e9gicas y la mejora del sistema.\r\n\r\n<img class=\"alignnone size-medium wp-image-205\" src=\"https:\/\/www.thescanfoundation.org\/wp-content\/uploads\/2024\/07\/Headshot-294x300.jpg\" alt=\"Kaylyn Williams\" width=\"294\" height=\"300\" \/>\r\n<h3>Kaylyn Williams<\/h3>\r\nConsultora, Community Wealth Partners, Kaylyn Williams es consultora en Community Wealth Partners, donde aporta su experiencia en salud p\u00fablica y su pasi\u00f3n por reducir las disparidades en salud. Ha trabajado en investigaci\u00f3n, evaluaci\u00f3n, asistencia t\u00e9cnica y planificaci\u00f3n estrat\u00e9gica en numerosos proyectos relacionados con la equidad racial y en salud. A trav\u00e9s de alianzas con fundaciones, organizaciones sin fines de lucro y el gobierno federal, Kaylyn ha trabajado para integrar la equidad en sistemas, investigaciones, pol\u00edticas y pr\u00e1cticas. Kaylyn es experta en dar voz a la comunidad y forjar relaciones de confianza para comprender d\u00f3nde las organizaciones sin fines de lucro y las fundaciones se encuentran en una posici\u00f3n \u00fanica para generar impacto, con soluciones que apoyan a los m\u00e1s afectados.\r\n\r\n<img class=\"alignnone size-medium wp-image-196\" src=\"https:\/\/www.thescanfoundation.org\/wp-content\/uploads\/2024\/08\/Escobedo-Lizette-20240803-9-266x300.png\" alt=\"\" width=\"266\" height=\"300\" \/>\r\n<h3>Lizette Escobedo<\/h3>\r\n<strong>Vicepresidente de Relaciones Gubernamentales y Participaci\u00f3n C\u00edvica, AltaMed Health Services<\/strong>\r\n\r\nLizette Escobedo es una apasionada defensora de la participaci\u00f3n c\u00edvica y la justicia social, con m\u00e1s de dos d\u00e9cadas de experiencia liderando iniciativas impactantes para empoderar a las comunidades latinas. Actualmente se desempe\u00f1a como vicepresidenta de Relaciones Gubernamentales y Participaci\u00f3n C\u00edvica en AltaMed Health Services, y ha liderado campa\u00f1as exitosas para aumentar la participaci\u00f3n electoral y el acceso a la atenci\u00f3n m\u00e9dica. Desempe\u00f1\u00f3 un papel clave en el programa de vacunaci\u00f3n contra la COVID-19 \u00a1Andale! \u00bfQu\u00e9 Esperas?, que result\u00f3 en m\u00e1s de 130,000 vacunaciones, y lider\u00f3 la campa\u00f1a Mi Voto. Mi Salud., que lleg\u00f3 a m\u00e1s de medio mill\u00f3n de votantes latinos.\r\n\r\n<img class=\"alignnone size-medium wp-image-203\" src=\"https:\/\/www.thescanfoundation.org\/wp-content\/uploads\/2024\/07\/Alberto-Campos-300x300.png\" alt=\"\" width=\"300\" height=\"300\" \/>\r\n<h3>Alberto Campos<\/h3>\r\n<strong>Director Asociado, Colaboraci\u00f3n del Sureste de Los \u00c1ngeles (SELA)<\/strong>\r\n\r\nAlberto Campos, LCSW, se desempe\u00f1a como Director Asociado. Alberto es originario del sureste de Los \u00c1ngeles, South Gate. Tiene una Maestr\u00eda en Trabajo Social de la Universidad del Sur de California (USC) y una Licenciatura en Ciencias en Justicia Penal de la Universidad Estatal de California en Los \u00c1ngeles. Adem\u00e1s, obtuvo un Certificado en Administraci\u00f3n de Agencias Juveniles de Cal State LA. Alberto cuenta con m\u00e1s de diez a\u00f1os de experiencia trabajando en organizaciones comunitarias, siendo recientemente Supervisor del Programa de Servicios Especiales para Grupos del Proyecto 180 Los \u00c1ngeles. En este cargo, supervis\u00f3, gestion\u00f3 y gui\u00f3 a un equipo de gestores de casos que brindaban servicios a adultos. Alberto aporta a su puesto de Director Asociado una amplia experiencia que incluye facilitaci\u00f3n, capacitaci\u00f3n, investigaci\u00f3n y gesti\u00f3n de datos, presentaciones y planificaci\u00f3n.\r\n\r\n<img class=\"alignnone size-medium wp-image-204\" src=\"https:\/\/www.thescanfoundation.org\/wp-content\/uploads\/2024\/07\/Seciah-Aquino-300x300.jpg\" alt=\"Seciah Aquino\" width=\"300\" height=\"300\" \/>\r\n<h3>Seciah Aquino<\/h3>\r\n<strong>Director Ejecutivo, Coalici\u00f3n Latina para una California Saludable<\/strong>\r\n\r\nLa Dra. Seciah Aquino es Directora Ejecutiva de la Coalici\u00f3n Latina para una California Saludable (LCHC), la principal organizaci\u00f3n pol\u00edtica del estado que aboga por la equidad en salud para la comunidad latina. En su puesto, le apasiona promover la justicia en salud para los latinos de California a trav\u00e9s de la unidad. Los latinos trabajan codo con codo con hermanos de otras comunidades sist\u00e9micamente marginadas para impulsar una Agenda unificada de Equidad en Salud. Una Agenda que busca cambios sist\u00e9micos sostenibles mediante soluciones pol\u00edticas que aborden las repercusiones agudas y a largo plazo de las desigualdades en salud. Cree firmemente que, como colectivo, debemos asumir nuestro poder y aprovechar nuestra resiliencia para lograr una verdadera justicia.\r\n\r\n<img class=\"alignnone wp-image-200 size-medium\" src=\"https:\/\/www.thescanfoundation.org\/wp-content\/uploads\/2024\/07\/ZSMITH-2024-05-14-6262-279x300.jpg\" alt=\"\" width=\"279\" height=\"300\" \/>\r\n<h3>Daniel Dawes<\/h3>\r\n<strong>Vicepresidente S\u00e9nior de Salud Global y Decano Fundador de la Facultad de Salud Global de Meharry Medical College<\/strong>\r\n\r\nDaniel E. Dawes, JD, es un reconocido l\u00edder en salud p\u00fablica y atenci\u00f3n m\u00e9dica, experto en equidad y pol\u00edticas sanitarias, educador e investigador. Actualmente se desempe\u00f1a como Vicepresidente S\u00e9nior de Salud Global y Decano fundador de la Facultad de Salud P\u00fablica Global de Meharry Medical College, la primera facultad de este tipo en Estados Unidos. Anteriormente, fue director ejecutivo del Instituto Satcher de Liderazgo en Salud de la Facultad de Medicina Morehouse y profesor de Derecho, Pol\u00edticas y Gesti\u00f3n de la Salud. Pionero y una voz reconocida a nivel nacional en el movimiento por la equidad en salud, su erudici\u00f3n y liderazgo, en particular el innovador marco de determinantes pol\u00edticos de la salud que impuls\u00f3, han dado lugar a un aumento de las pol\u00edticas y leyes que priorizan la equidad en salud. Al abordar los determinantes de la salud desde sus inicios, se ha adentrado en un territorio tan inexplorado como la intersecci\u00f3n entre la equidad y los determinantes sociales y pol\u00edticos de la salud para mejorar el rumbo de las pol\u00edticas nacionales e internacionales. (Foto cortes\u00eda de OCHIN y cr\u00e9dito de la foto: Zack Smith Photography).","":null,"helper_width":"narrow"}},{"acf_fc_layout":"layout_wysiwyg","_acfe_flexible_toggle":"","component_wysiwyg":{"content":"<h2>Ubicaci\u00f3n de la conferencia<\/h2>\r\n<strong>Hotel Marriott Burbank de Los \u00c1ngeles<\/strong>\r\n2500 N Hollywood Way, Burbank, CA 91505\r\n<strong>Tel\u00e9fono:\u00a0<\/strong>(818) 843-6000\r\n<h3>Alojamiento y viajes<\/h3>\r\nLa Cumbre Unidos por la Equidad en la Salud en el Envejecimiento se llevar\u00e1 a cabo el mi\u00e9rcoles 18 de septiembre de 2024 en el Hotel Los Angeles Marriott Burbank, convenientemente ubicado a solo minutos del Aeropuerto Hollywood Burbank. Este lugar accesible y c\u00e9ntrico ofrece un ambiente c\u00f3modo para una jornada completa de aprendizaje, colaboraci\u00f3n y desarrollo comunitario. Si viaja desde fuera de la ciudad o busca alojamiento, hay varios hoteles cercanos disponibles para mejorar su estancia:\r\n<ul>\r\n \t<li><a href=\"https:\/\/www.marriott.com\/en-us\/hotels\/burap-los-angeles-marriott-burbank-airport\/overview\/?scid=f2ae0541-1279-4f24-b197-a979c79310b0\"><strong>Los \u00c1ngeles Marriott Burbank Airport<\/strong><\/a>\r\n2500 North Hollywood Way, Burbank, CA 91505<\/li>\r\n \t<li><a href=\"https:\/\/www.marriott.com\/en-us\/hotels\/burcy-courtyard-los-angeles-burbank-airport\/overview\/?scid=f2ae0541-1279-4f24-b197-a979c79310b0\"><strong>Courtyard Los \u00c1ngeles Burbank Aeropuerto<\/strong><\/a>\r\n2100 Empire Avenue, Burbank, CA 91504<\/li>\r\n \t<li><a href=\"https:\/\/www.wyndhamhotels.com\/ramada\/burbank-california\/ramada-burbank-airport\/overview?CID=LC:RA::GGL:RIO:National:00003&amp;iata=00093796\"><strong>Ramada de Windham<\/strong><\/a>\r\n2900 North San Fernando, Burbank, CA 91504<\/li>\r\n<\/ul>\r\n<h3>Aparcamiento<\/h3>\r\nSe validar\u00e1 el estacionamiento propio. Entre al estacionamiento desde la avenida Thornton.\r\n\r\n&nbsp;","":null,"helper_width":"narrow"}},{"acf_fc_layout":"layout_image","_acfe_flexible_toggle":"","component_image":{"image":184,"":null,"helper_width":"medium"}},{"acf_fc_layout":"layout_wysiwyg","_acfe_flexible_toggle":"","component_wysiwyg":{"content":"<h3>Viajar<\/h3>\r\nEl lugar del evento se encuentra junto a la <a href=\"https:\/\/www.hollywoodburbankairport.com\/\" target=\"_blank\" rel=\"noopener\">Aeropuerto de Hollywood Burbank<i class=\"fa fa-external-link\" aria-hidden=\"true\"><\/i><\/a>Hay servicio de transporte al Marriott y las opciones est\u00e1ndar de transporte compartido. Adem\u00e1s, est\u00e1 a unos 10 minutos a pie del aeropuerto.","":null,"helper_width":"narrow"}},{"acf_fc_layout":"layout_wysiwyg","_acfe_flexible_toggle":"","component_wysiwyg":{"content":"<h2>Cont\u00e1ctenos<\/h2>\r\nSi tiene preguntas sobre la Cumbre Unidos por la Equidad en la Salud en el Envejecimiento de 2024, comun\u00edquese con: Gina Alferez Especialista del programa\r\n<a href=\"mailto:GAlferez@TheSCANFoundation.org\">GAlferez@TheSCANFoundation.org<\/a>","":null,"helper_width":"narrow"}}]},"yoast_head":"<!-- This site is optimized with the Yoast SEO plugin v27.4 - https:\/\/yoast.com\/product\/yoast-seo-wordpress\/ -->\n<title>2024 United for Health Equity in Aging Summit - The SCAN Foundation<\/title>\n<meta name=\"description\" content=\"Recap: 2024 United for Health Equity in Aging Summit. Convening leaders to advance bold, equitable change for older adults aging in community.\" \/>\n<meta name=\"robots\" content=\"index, follow, max-snippet:-1, max-image-preview:large, max-video-preview:-1\" \/>\n<link rel=\"canonical\" href=\"https:\/\/www.thescanfoundation.org\/es\/eventos\/cumbre-2024-unidos-por-la-equidad-en-la-salud-en-el-envejecimiento\/\" \/>\n<meta property=\"og:locale\" content=\"es_MX\" \/>\n<meta property=\"og:type\" content=\"article\" \/>\n<meta property=\"og:title\" content=\"2024 United for Health Equity in Aging Summit - The SCAN Foundation\" \/>\n<meta property=\"og:description\" content=\"Recap: 2024 United for Health Equity in Aging Summit. Convening leaders to advance bold, equitable change for older adults aging in community.\" \/>\n<meta property=\"og:url\" content=\"https:\/\/www.thescanfoundation.org\/es\/eventos\/cumbre-2024-unidos-por-la-equidad-en-la-salud-en-el-envejecimiento\/\" \/>\n<meta property=\"og:site_name\" content=\"The SCAN Foundation\" \/>\n<meta property=\"article:modified_time\" content=\"2025-09-18T08:53:51+00:00\" \/>\n<meta property=\"og:image\" content=\"https:\/\/www.thescanfoundation.org\/wp-content\/uploads\/2024\/03\/NIK_7279-scaled.jpg\" \/>\n\t<meta property=\"og:image:width\" content=\"2560\" \/>\n\t<meta property=\"og:image:height\" content=\"1709\" \/>\n\t<meta property=\"og:image:type\" content=\"image\/jpeg\" \/>\n<meta name=\"twitter:card\" content=\"summary_large_image\" \/>\n<meta name=\"twitter:site\" content=\"@TheSCANFndtn\" \/>\n<script type=\"application\/ld+json\" class=\"yoast-schema-graph\">{\"@context\":\"https:\\\/\\\/schema.org\",\"@graph\":[{\"@type\":\"WebPage\",\"@id\":\"https:\\\/\\\/www.thescanfoundation.org\\\/events\\\/2024-united-for-health-equity-in-aging-summit\\\/\",\"url\":\"https:\\\/\\\/www.thescanfoundation.org\\\/events\\\/2024-united-for-health-equity-in-aging-summit\\\/\",\"name\":\"2024 United for Health Equity in Aging Summit - The SCAN Foundation\",\"isPartOf\":{\"@id\":\"https:\\\/\\\/www.thescanfoundation.org\\\/#website\"},\"primaryImageOfPage\":{\"@id\":\"https:\\\/\\\/www.thescanfoundation.org\\\/events\\\/2024-united-for-health-equity-in-aging-summit\\\/#primaryimage\"},\"image\":{\"@id\":\"https:\\\/\\\/www.thescanfoundation.org\\\/events\\\/2024-united-for-health-equity-in-aging-summit\\\/#primaryimage\"},\"thumbnailUrl\":\"https:\\\/\\\/www.thescanfoundation.org\\\/wp-content\\\/uploads\\\/2024\\\/03\\\/NIK_7279-scaled.jpg\",\"datePublished\":\"2024-03-12T04:47:04+00:00\",\"dateModified\":\"2025-09-18T08:53:51+00:00\",\"description\":\"Recap: 2024 United for Health Equity in Aging Summit. Convening leaders to advance bold, equitable change for older adults aging in community.\",\"breadcrumb\":{\"@id\":\"https:\\\/\\\/www.thescanfoundation.org\\\/events\\\/2024-united-for-health-equity-in-aging-summit\\\/#breadcrumb\"},\"inLanguage\":\"es-MX\",\"potentialAction\":[{\"@type\":\"ReadAction\",\"target\":[\"https:\\\/\\\/www.thescanfoundation.org\\\/events\\\/2024-united-for-health-equity-in-aging-summit\\\/\"]}]},{\"@type\":\"ImageObject\",\"inLanguage\":\"es-MX\",\"@id\":\"https:\\\/\\\/www.thescanfoundation.org\\\/events\\\/2024-united-for-health-equity-in-aging-summit\\\/#primaryimage\",\"url\":\"https:\\\/\\\/www.thescanfoundation.org\\\/wp-content\\\/uploads\\\/2024\\\/03\\\/NIK_7279-scaled.jpg\",\"contentUrl\":\"https:\\\/\\\/www.thescanfoundation.org\\\/wp-content\\\/uploads\\\/2024\\\/03\\\/NIK_7279-scaled.jpg\",\"width\":2560,\"height\":1709,\"caption\":\"The United for Health Equity in Aging Summit featuring on stage Dolores Huerta\"},{\"@type\":\"BreadcrumbList\",\"@id\":\"https:\\\/\\\/www.thescanfoundation.org\\\/events\\\/2024-united-for-health-equity-in-aging-summit\\\/#breadcrumb\",\"itemListElement\":[{\"@type\":\"ListItem\",\"position\":1,\"name\":\"Home\",\"item\":\"https:\\\/\\\/www.thescanfoundation.org\\\/\"},{\"@type\":\"ListItem\",\"position\":2,\"name\":\"2024 United for Health Equity in Aging Summit\"}]},{\"@type\":\"WebSite\",\"@id\":\"https:\\\/\\\/www.thescanfoundation.org\\\/#website\",\"url\":\"https:\\\/\\\/www.thescanfoundation.org\\\/\",\"name\":\"The SCAN Foundation\",\"description\":\"\",\"publisher\":{\"@id\":\"https:\\\/\\\/www.thescanfoundation.org\\\/#organization\"},\"potentialAction\":[{\"@type\":\"SearchAction\",\"target\":{\"@type\":\"EntryPoint\",\"urlTemplate\":\"https:\\\/\\\/www.thescanfoundation.org\\\/?s={search_term_string}\"},\"query-input\":{\"@type\":\"PropertyValueSpecification\",\"valueRequired\":true,\"valueName\":\"search_term_string\"}}],\"inLanguage\":\"es-MX\"},{\"@type\":\"Organization\",\"@id\":\"https:\\\/\\\/www.thescanfoundation.org\\\/#organization\",\"name\":\"The SCAN Foundation\",\"url\":\"https:\\\/\\\/www.thescanfoundation.org\\\/\",\"logo\":{\"@type\":\"ImageObject\",\"inLanguage\":\"es-MX\",\"@id\":\"https:\\\/\\\/www.thescanfoundation.org\\\/#\\\/schema\\\/logo\\\/image\\\/\",\"url\":\"https:\\\/\\\/www.thescanfoundation.org\\\/wp-content\\\/uploads\\\/2025\\\/09\\\/tsf-logo.png\",\"contentUrl\":\"https:\\\/\\\/www.thescanfoundation.org\\\/wp-content\\\/uploads\\\/2025\\\/09\\\/tsf-logo.png\",\"width\":696,\"height\":696,\"caption\":\"The SCAN Foundation\"},\"image\":{\"@id\":\"https:\\\/\\\/www.thescanfoundation.org\\\/#\\\/schema\\\/logo\\\/image\\\/\"},\"sameAs\":[\"https:\\\/\\\/x.com\\\/TheSCANFndtn\",\"https:\\\/\\\/www.linkedin.com\\\/company\\\/the-scan-foundation\"]}]}<\/script>\n<!-- \/ Yoast SEO plugin. -->","yoast_head_json":{"title":"Cumbre Unidos por la Equidad en la Salud en el Envejecimiento 2024 - Fundaci\u00f3n SCAN","description":"Resumen: Cumbre 2024. Reuniendo l\u00edderes para impulsar cambios audaces y equitativos para que los adultos mayores envejezcan en comunidad.","robots":{"index":"index","follow":"follow","max-snippet":"max-snippet:-1","max-image-preview":"max-image-preview:large","max-video-preview":"max-video-preview:-1"},"canonical":"https:\/\/www.thescanfoundation.org\/es\/eventos\/cumbre-2024-unidos-por-la-equidad-en-la-salud-en-el-envejecimiento\/","og_locale":"es_MX","og_type":"article","og_title":"2024 United for Health Equity in Aging Summit - The SCAN Foundation","og_description":"Recap: 2024 United for Health Equity in Aging Summit. Convening leaders to advance bold, equitable change for older adults aging in community.","og_url":"https:\/\/www.thescanfoundation.org\/es\/eventos\/cumbre-2024-unidos-por-la-equidad-en-la-salud-en-el-envejecimiento\/","og_site_name":"The SCAN Foundation","article_modified_time":"2025-09-18T08:53:51+00:00","og_image":[{"width":2560,"height":1709,"url":"https:\/\/www.thescanfoundation.org\/wp-content\/uploads\/2024\/03\/NIK_7279-scaled.jpg","type":"image\/jpeg"}],"twitter_card":"summary_large_image","twitter_site":"@TheSCANFndtn","schema":{"@context":"https:\/\/schema.org","@graph":[{"@type":"WebPage","@id":"https:\/\/www.thescanfoundation.org\/events\/2024-united-for-health-equity-in-aging-summit\/","url":"https:\/\/www.thescanfoundation.org\/events\/2024-united-for-health-equity-in-aging-summit\/","name":"Cumbre Unidos por la Equidad en la Salud en el Envejecimiento 2024 - Fundaci\u00f3n SCAN","isPartOf":{"@id":"https:\/\/www.thescanfoundation.org\/#website"},"primaryImageOfPage":{"@id":"https:\/\/www.thescanfoundation.org\/events\/2024-united-for-health-equity-in-aging-summit\/#primaryimage"},"image":{"@id":"https:\/\/www.thescanfoundation.org\/events\/2024-united-for-health-equity-in-aging-summit\/#primaryimage"},"thumbnailUrl":"https:\/\/www.thescanfoundation.org\/wp-content\/uploads\/2024\/03\/NIK_7279-scaled.jpg","datePublished":"2024-03-12T04:47:04+00:00","dateModified":"2025-09-18T08:53:51+00:00","description":"Resumen: Cumbre 2024. Reuniendo l\u00edderes para impulsar cambios audaces y equitativos para que los adultos mayores envejezcan en comunidad.","breadcrumb":{"@id":"https:\/\/www.thescanfoundation.org\/events\/2024-united-for-health-equity-in-aging-summit\/#breadcrumb"},"inLanguage":"es-MX","potentialAction":[{"@type":"ReadAction","target":["https:\/\/www.thescanfoundation.org\/events\/2024-united-for-health-equity-in-aging-summit\/"]}]},{"@type":"ImageObject","inLanguage":"es-MX","@id":"https:\/\/www.thescanfoundation.org\/events\/2024-united-for-health-equity-in-aging-summit\/#primaryimage","url":"https:\/\/www.thescanfoundation.org\/wp-content\/uploads\/2024\/03\/NIK_7279-scaled.jpg","contentUrl":"https:\/\/www.thescanfoundation.org\/wp-content\/uploads\/2024\/03\/NIK_7279-scaled.jpg","width":2560,"height":1709,"caption":"The United for Health Equity in Aging Summit featuring on stage Dolores Huerta"},{"@type":"BreadcrumbList","@id":"https:\/\/www.thescanfoundation.org\/events\/2024-united-for-health-equity-in-aging-summit\/#breadcrumb","itemListElement":[{"@type":"ListItem","position":1,"name":"Home","item":"https:\/\/www.thescanfoundation.org\/"},{"@type":"ListItem","position":2,"name":"2024 United for Health Equity in Aging Summit"}]},{"@type":"WebSite","@id":"https:\/\/www.thescanfoundation.org\/#website","url":"https:\/\/www.thescanfoundation.org\/","name":"La Fundaci\u00f3n SCAN","description":"","publisher":{"@id":"https:\/\/www.thescanfoundation.org\/#organization"},"potentialAction":[{"@type":"SearchAction","target":{"@type":"EntryPoint","urlTemplate":"https:\/\/www.thescanfoundation.org\/?s={search_term_string}"},"query-input":{"@type":"PropertyValueSpecification","valueRequired":true,"valueName":"search_term_string"}}],"inLanguage":"es-MX"},{"@type":"Organization","@id":"https:\/\/www.thescanfoundation.org\/#organization","name":"La Fundaci\u00f3n SCAN","url":"https:\/\/www.thescanfoundation.org\/","logo":{"@type":"ImageObject","inLanguage":"es-MX","@id":"https:\/\/www.thescanfoundation.org\/#\/schema\/logo\/image\/","url":"https:\/\/www.thescanfoundation.org\/wp-content\/uploads\/2025\/09\/tsf-logo.png","contentUrl":"https:\/\/www.thescanfoundation.org\/wp-content\/uploads\/2025\/09\/tsf-logo.png","width":696,"height":696,"caption":"The SCAN Foundation"},"image":{"@id":"https:\/\/www.thescanfoundation.org\/#\/schema\/logo\/image\/"},"sameAs":["https:\/\/x.com\/TheSCANFndtn","https:\/\/www.linkedin.com\/company\/the-scan-foundation"]}]}},"_links":{"self":[{"href":"https:\/\/www.thescanfoundation.org\/es\/wp-json\/wp\/v2\/event\/1609","targetHints":{"allow":["GET"]}}],"collection":[{"href":"https:\/\/www.thescanfoundation.org\/es\/wp-json\/wp\/v2\/event"}],"about":[{"href":"https:\/\/www.thescanfoundation.org\/es\/wp-json\/wp\/v2\/types\/event"}],"version-history":[{"count":0,"href":"https:\/\/www.thescanfoundation.org\/es\/wp-json\/wp\/v2\/event\/1609\/revisions"}],"wp:featuredmedia":[{"embeddable":true,"href":"https:\/\/www.thescanfoundation.org\/es\/wp-json\/wp\/v2\/media\/3348"}],"wp:attachment":[{"href":"https:\/\/www.thescanfoundation.org\/es\/wp-json\/wp\/v2\/media?parent=1609"}],"curies":[{"name":"wp","href":"https:\/\/api.w.org\/{rel}","templated":true}]}}