{"id":80,"date":"2025-07-30T00:33:24","date_gmt":"2025-07-30T00:33:24","guid":{"rendered":"https:\/\/www.thescanfoundation.org\/?post_type=priority&#038;p=80"},"modified":"2025-09-25T10:48:27","modified_gmt":"2025-09-25T17:48:27","slug":"integracion-de-medicare-y-medicaid","status":"publish","type":"priority","link":"https:\/\/www.thescanfoundation.org\/es\/priority\/medicare-medicaid-integration\/","title":{"rendered":"Integraci\u00f3n de Medicare y Medicaid"},"template":"","class_list":["post-80","priority","type-priority","status-publish","has-post-thumbnail","hentry"],"acf":{"details":{"helper_accent_color":"yellow","":null,"abstract":"People dually enrolled in Medicare and Medicaid deserve coordinated, high-quality care that reflects their health and social needs.","hero_excerpt":"Countless older adults depend on both Medicare and Medicaid. But the two systems were never built to work together. The result is fragmented, confusing, and often lower-quality care for people with the most complex needs. ","featured_image":4061},"page_layout":[{"acf_fc_layout":"layout_wysiwyg","_acfe_flexible_toggle":"","component_wysiwyg":{"content":"<h3><span class=\"TextRun SCXW135329166 BCX8\" lang=\"EN-US\" xml:lang=\"EN-US\" data-contrast=\"auto\"><span class=\"NormalTextRun SCXW135329166 BCX8\">Por qu\u00e9<\/span> <span class=\"NormalTextRun SCXW135329166 BCX8\">La integraci\u00f3n importa<\/span><\/span><span class=\"EOP SCXW135329166 BCX8\" data-ccp-props=\"{&quot;201341983&quot;:0,&quot;335559739&quot;:120,&quot;335559740&quot;:240}\">\u00a0<\/span><\/h3>\r\n<span class=\"NormalTextRun SCXW90910339 BCX8\">Sin una mejor coordinaci\u00f3n entre Medicare y Medicaid, las personas con doble elegibilidad a menudo experimentan peores resultados y costos m\u00e1s altos. La alineaci\u00f3n... <\/span><span class=\"NormalTextRun SCXW90910339 BCX8\">Mejorar el acceso a una atenci\u00f3n de alta calidad centrada en la persona que refleje las preferencias de los adultos mayores.\u00a0<\/span>","":null,"helper_width":"narrow"}},{"acf_fc_layout":"layout_media_duo","_acfe_flexible_toggle":"","component_media_duo":{"helper_accent_color":"yellow","":null,"variation":"accordion","flip":false,"image":2598,"heading":"Focus Areas","copy":"<span class=\"TextRun SCXW73885732 BCX8\" lang=\"EN-US\" xml:lang=\"EN-US\" data-contrast=\"auto\"><span class=\"NormalTextRun SCXW73885732 BCX8\">Integrated care models can simplify coverage, improve coordination, and deliver better outcomes for people eligible for both Medicare and Medicaid. <\/span><\/span>\r\n\r\nThese are the ways we take action to advance this priority:","button":{"title":"Explore Our Medicare-Medicaid Integration Resources","url":"https:\/\/www.thescanfoundation.org\/resources\/?priority_tax%5B%5D=8&sort=newest","target":"_blank"},"link_list":null,"accordion":[{"panel_title":"Increasing Quality of and Access to Integrated Care Options","panel_copy":"<span class=\"TrackChangeTextDeletionMarker TrackedChange SCXW241541274 BCX8\"><span class=\"TextRun SCXW241541274 BCX8\" lang=\"EN-US\" xml:lang=\"EN-US\" data-contrast=\"auto\"><span class=\"NormalTextRun TrackChangeTextDeletion SCXW241541274 BCX8\">Expanding the availability of high-quality, integrated care models can provide dually eligible individuals with better<\/span><\/span><\/span><span class=\"TrackChangeTextDeletionMarker TrackedChange SCXW241541274 BCX8\"><span class=\"TextRun SCXW241541274 BCX8\" lang=\"EN-US\" xml:lang=\"EN-US\" data-contrast=\"auto\"><span class=\"NormalTextRun TrackChangeTextDeletion SCXW241541274 BCX8\">\u00a0<\/span><\/span><\/span><span class=\"TrackChangeTextDeletionMarker TrackedChange SCXW241541274 BCX8\"><span class=\"TextRun SCXW241541274 BCX8\" lang=\"EN-US\" xml:lang=\"EN-US\" data-contrast=\"auto\"><span class=\"NormalTextRun TrackChangeTextDeletion SCXW241541274 BCX8\">access<\/span><\/span><\/span><span class=\"TrackChangeTextDeletionMarker TrackedChange SCXW241541274 BCX8\"><span class=\"TextRun SCXW241541274 BCX8\" lang=\"EN-US\" xml:lang=\"EN-US\" data-contrast=\"auto\"><span class=\"NormalTextRun TrackChangeTextDeletion SCXW241541274 BCX8\"> to<\/span><\/span><\/span><span class=\"TrackChangeTextDeletionMarker TrackedChange SCXW241541274 BCX8\"><span class=\"TextRun SCXW241541274 BCX8\" lang=\"EN-US\" xml:lang=\"EN-US\" data-contrast=\"auto\"><span class=\"NormalTextRun TrackChangeTextDeletion SCXW241541274 BCX8\"> coordinated services that meet their needs.<\/span><\/span><\/span><span class=\"TrackChangeTextInsertion TrackedChange SCXW241541274 BCX8\"><span class=\"TextRun SCXW241541274 BCX8\" lang=\"EN-US\" xml:lang=\"EN-US\" data-contrast=\"auto\"><span class=\"NormalTextRun SCXW241541274 BCX8\">\u00a0<\/span><\/span><\/span>","link":""},{"panel_title":"Improving Enrollment and Eligibility Navigation and Access ","panel_copy":"<span class=\"TrackChangeTextDeletionMarker TrackedChange SCXW72688520 BCX8\"><span class=\"TextRun SCXW72688520 BCX8\" lang=\"EN-US\" xml:lang=\"EN-US\" data-contrast=\"auto\"><span class=\"NormalTextRun TrackChangeTextDeletion SCXW72688520 BCX8\">Medicare-Medicaid coverage is complex. Enrollment <\/span><\/span><\/span><span class=\"TrackChangeTextDeletionMarker TrackedChange SCXW72688520 BCX8\"><span class=\"TextRun SCXW72688520 BCX8\" lang=\"EN-US\" xml:lang=\"EN-US\" data-contrast=\"auto\"><span class=\"NormalTextRun TrackChangeTextDeletion SCXW72688520 BCX8\">and eligibility <\/span><\/span><\/span><span class=\"TrackChangeTextDeletionMarker TrackedChange SCXW72688520 BCX8\"><span class=\"TextRun SCXW72688520 BCX8\" lang=\"EN-US\" xml:lang=\"EN-US\" data-contrast=\"auto\"><span class=\"NormalTextRun TrackChangeTextDeletion SCXW72688520 BCX8\">processes need to be simplified to improve system navigation.<\/span><\/span><\/span><span class=\"TrackChangeTextInsertion TrackedChange SCXW72688520 BCX8\"><span class=\"TextRun SCXW72688520 BCX8\" lang=\"EN-US\" xml:lang=\"EN-US\" data-contrast=\"auto\"><span class=\"NormalTextRun SCXW72688520 BCX8\">\u00a0<\/span><\/span><\/span>","link":""}]}},{"acf_fc_layout":"layout_statistics","_acfe_flexible_toggle":"","component_statistics":{"":null,"title":"","link":"","statistics":null}},{"acf_fc_layout":"layout_featured_resources","_acfe_flexible_toggle":"","component_featured_resources":{"":null,"heading":"Related Resources","see_all_link":{"title":"See All","url":"https:\/\/www.thescanfoundation.org\/resources\/?priority_tax%5B%5D=8&sort=newest","target":""},"manually_curate":false,"resources":null}},{"acf_fc_layout":"layout_featured_news","_acfe_flexible_toggle":"","component_featured_news":{"":null,"heading":"Related News","see_all_link":{"title":"See All","url":"https:\/\/www.thescanfoundation.org\/news-insights\/?priority_tax%5B%5D=8&sort=newest","target":""},"manually_curate":false,"news":null}}]},"yoast_head":"<!-- This site is optimized with the Yoast SEO plugin v27.4 - https:\/\/yoast.com\/product\/yoast-seo-wordpress\/ -->\n<title>Medicare-Medicaid Integration - The SCAN Foundation<\/title>\n<meta name=\"description\" content=\"Without better coordination between Medicare and Medicaid, dually eligible individuals often experience worse outcomes and higher costs.\" \/>\n<meta name=\"robots\" content=\"index, follow, max-snippet:-1, max-image-preview:large, max-video-preview:-1\" \/>\n<link rel=\"canonical\" href=\"https:\/\/www.thescanfoundation.org\/es\/prioridad\/integracion-de-medicare-y-medicaid\/\" \/>\n<meta property=\"og:locale\" content=\"es_MX\" \/>\n<meta property=\"og:type\" content=\"article\" \/>\n<meta property=\"og:title\" content=\"Medicare-Medicaid Integration - The SCAN Foundation\" \/>\n<meta property=\"og:description\" content=\"Without better coordination between Medicare and Medicaid, dually eligible individuals often experience worse outcomes and higher costs.\" \/>\n<meta property=\"og:url\" content=\"https:\/\/www.thescanfoundation.org\/es\/prioridad\/integracion-de-medicare-y-medicaid\/\" \/>\n<meta property=\"og:site_name\" content=\"The SCAN Foundation\" \/>\n<meta property=\"article:modified_time\" content=\"2025-09-25T17:48:27+00:00\" \/>\n<meta property=\"og:image\" content=\"https:\/\/www.thescanfoundation.org\/wp-content\/uploads\/2025\/07\/2-1024x715.png\" \/>\n\t<meta property=\"og:image:width\" content=\"1024\" \/>\n\t<meta property=\"og:image:height\" content=\"715\" \/>\n\t<meta property=\"og:image:type\" content=\"image\/png\" \/>\n<meta name=\"twitter:card\" content=\"summary_large_image\" \/>\n<meta name=\"twitter:site\" content=\"@TheSCANFndtn\" \/>\n<script type=\"application\/ld+json\" class=\"yoast-schema-graph\">{\"@context\":\"https:\\\/\\\/schema.org\",\"@graph\":[{\"@type\":\"WebPage\",\"@id\":\"https:\\\/\\\/www.thescanfoundation.org\\\/priority\\\/medicare-medicaid-integration\\\/\",\"url\":\"https:\\\/\\\/www.thescanfoundation.org\\\/priority\\\/medicare-medicaid-integration\\\/\",\"name\":\"Medicare-Medicaid Integration - The SCAN Foundation\",\"isPartOf\":{\"@id\":\"https:\\\/\\\/www.thescanfoundation.org\\\/#website\"},\"primaryImageOfPage\":{\"@id\":\"https:\\\/\\\/www.thescanfoundation.org\\\/priority\\\/medicare-medicaid-integration\\\/#primaryimage\"},\"image\":{\"@id\":\"https:\\\/\\\/www.thescanfoundation.org\\\/priority\\\/medicare-medicaid-integration\\\/#primaryimage\"},\"thumbnailUrl\":\"https:\\\/\\\/www.thescanfoundation.org\\\/wp-content\\\/uploads\\\/2025\\\/07\\\/2.png\",\"datePublished\":\"2025-07-30T00:33:24+00:00\",\"dateModified\":\"2025-09-25T17:48:27+00:00\",\"description\":\"Without better coordination between Medicare and Medicaid, dually eligible individuals often experience worse outcomes and higher costs.\",\"breadcrumb\":{\"@id\":\"https:\\\/\\\/www.thescanfoundation.org\\\/priority\\\/medicare-medicaid-integration\\\/#breadcrumb\"},\"inLanguage\":\"es-MX\",\"potentialAction\":[{\"@type\":\"ReadAction\",\"target\":[\"https:\\\/\\\/www.thescanfoundation.org\\\/priority\\\/medicare-medicaid-integration\\\/\"]}]},{\"@type\":\"ImageObject\",\"inLanguage\":\"es-MX\",\"@id\":\"https:\\\/\\\/www.thescanfoundation.org\\\/priority\\\/medicare-medicaid-integration\\\/#primaryimage\",\"url\":\"https:\\\/\\\/www.thescanfoundation.org\\\/wp-content\\\/uploads\\\/2025\\\/07\\\/2.png\",\"contentUrl\":\"https:\\\/\\\/www.thescanfoundation.org\\\/wp-content\\\/uploads\\\/2025\\\/07\\\/2.png\",\"width\":2048,\"height\":1430,\"caption\":\"Nurse showing an elderly woman a medication cutout with no background\"},{\"@type\":\"BreadcrumbList\",\"@id\":\"https:\\\/\\\/www.thescanfoundation.org\\\/priority\\\/medicare-medicaid-integration\\\/#breadcrumb\",\"itemListElement\":[{\"@type\":\"ListItem\",\"position\":1,\"name\":\"Home\",\"item\":\"https:\\\/\\\/www.thescanfoundation.org\\\/\"},{\"@type\":\"ListItem\",\"position\":2,\"name\":\"Medicare-Medicaid Integration\"}]},{\"@type\":\"WebSite\",\"@id\":\"https:\\\/\\\/www.thescanfoundation.org\\\/#website\",\"url\":\"https:\\\/\\\/www.thescanfoundation.org\\\/\",\"name\":\"The SCAN Foundation\",\"description\":\"\",\"publisher\":{\"@id\":\"https:\\\/\\\/www.thescanfoundation.org\\\/#organization\"},\"potentialAction\":[{\"@type\":\"SearchAction\",\"target\":{\"@type\":\"EntryPoint\",\"urlTemplate\":\"https:\\\/\\\/www.thescanfoundation.org\\\/?s={search_term_string}\"},\"query-input\":{\"@type\":\"PropertyValueSpecification\",\"valueRequired\":true,\"valueName\":\"search_term_string\"}}],\"inLanguage\":\"es-MX\"},{\"@type\":\"Organization\",\"@id\":\"https:\\\/\\\/www.thescanfoundation.org\\\/#organization\",\"name\":\"The SCAN Foundation\",\"url\":\"https:\\\/\\\/www.thescanfoundation.org\\\/\",\"logo\":{\"@type\":\"ImageObject\",\"inLanguage\":\"es-MX\",\"@id\":\"https:\\\/\\\/www.thescanfoundation.org\\\/#\\\/schema\\\/logo\\\/image\\\/\",\"url\":\"https:\\\/\\\/www.thescanfoundation.org\\\/wp-content\\\/uploads\\\/2025\\\/09\\\/tsf-logo.png\",\"contentUrl\":\"https:\\\/\\\/www.thescanfoundation.org\\\/wp-content\\\/uploads\\\/2025\\\/09\\\/tsf-logo.png\",\"width\":696,\"height\":696,\"caption\":\"The SCAN Foundation\"},\"image\":{\"@id\":\"https:\\\/\\\/www.thescanfoundation.org\\\/#\\\/schema\\\/logo\\\/image\\\/\"},\"sameAs\":[\"https:\\\/\\\/x.com\\\/TheSCANFndtn\",\"https:\\\/\\\/www.linkedin.com\\\/company\\\/the-scan-foundation\"]}]}<\/script>\n<!-- \/ Yoast SEO plugin. -->","yoast_head_json":{"title":"Integraci\u00f3n de Medicare y Medicaid - La Fundaci\u00f3n SCAN","description":"Sin una mejor coordinaci\u00f3n entre Medicare y Medicaid, las personas doblemente elegibles a menudo experimentan peores resultados y costos m\u00e1s altos.","robots":{"index":"index","follow":"follow","max-snippet":"max-snippet:-1","max-image-preview":"max-image-preview:large","max-video-preview":"max-video-preview:-1"},"canonical":"https:\/\/www.thescanfoundation.org\/es\/prioridad\/integracion-de-medicare-y-medicaid\/","og_locale":"es_MX","og_type":"article","og_title":"Medicare-Medicaid Integration - The SCAN Foundation","og_description":"Without better coordination between Medicare and Medicaid, dually eligible individuals often experience worse outcomes and higher costs.","og_url":"https:\/\/www.thescanfoundation.org\/es\/prioridad\/integracion-de-medicare-y-medicaid\/","og_site_name":"The SCAN Foundation","article_modified_time":"2025-09-25T17:48:27+00:00","og_image":[{"width":1024,"height":715,"url":"https:\/\/www.thescanfoundation.org\/wp-content\/uploads\/2025\/07\/2-1024x715.png","type":"image\/png"}],"twitter_card":"summary_large_image","twitter_site":"@TheSCANFndtn","schema":{"@context":"https:\/\/schema.org","@graph":[{"@type":"WebPage","@id":"https:\/\/www.thescanfoundation.org\/priority\/medicare-medicaid-integration\/","url":"https:\/\/www.thescanfoundation.org\/priority\/medicare-medicaid-integration\/","name":"Integraci\u00f3n de Medicare y Medicaid - La Fundaci\u00f3n SCAN","isPartOf":{"@id":"https:\/\/www.thescanfoundation.org\/#website"},"primaryImageOfPage":{"@id":"https:\/\/www.thescanfoundation.org\/priority\/medicare-medicaid-integration\/#primaryimage"},"image":{"@id":"https:\/\/www.thescanfoundation.org\/priority\/medicare-medicaid-integration\/#primaryimage"},"thumbnailUrl":"https:\/\/www.thescanfoundation.org\/wp-content\/uploads\/2025\/07\/2.png","datePublished":"2025-07-30T00:33:24+00:00","dateModified":"2025-09-25T17:48:27+00:00","description":"Sin una mejor coordinaci\u00f3n entre Medicare y Medicaid, las personas doblemente elegibles a menudo experimentan peores resultados y costos m\u00e1s altos.","breadcrumb":{"@id":"https:\/\/www.thescanfoundation.org\/priority\/medicare-medicaid-integration\/#breadcrumb"},"inLanguage":"es-MX","potentialAction":[{"@type":"ReadAction","target":["https:\/\/www.thescanfoundation.org\/priority\/medicare-medicaid-integration\/"]}]},{"@type":"ImageObject","inLanguage":"es-MX","@id":"https:\/\/www.thescanfoundation.org\/priority\/medicare-medicaid-integration\/#primaryimage","url":"https:\/\/www.thescanfoundation.org\/wp-content\/uploads\/2025\/07\/2.png","contentUrl":"https:\/\/www.thescanfoundation.org\/wp-content\/uploads\/2025\/07\/2.png","width":2048,"height":1430,"caption":"Nurse showing an elderly woman a medication cutout with no background"},{"@type":"BreadcrumbList","@id":"https:\/\/www.thescanfoundation.org\/priority\/medicare-medicaid-integration\/#breadcrumb","itemListElement":[{"@type":"ListItem","position":1,"name":"Home","item":"https:\/\/www.thescanfoundation.org\/"},{"@type":"ListItem","position":2,"name":"Medicare-Medicaid Integration"}]},{"@type":"WebSite","@id":"https:\/\/www.thescanfoundation.org\/#website","url":"https:\/\/www.thescanfoundation.org\/","name":"La Fundaci\u00f3n SCAN","description":"","publisher":{"@id":"https:\/\/www.thescanfoundation.org\/#organization"},"potentialAction":[{"@type":"SearchAction","target":{"@type":"EntryPoint","urlTemplate":"https:\/\/www.thescanfoundation.org\/?s={search_term_string}"},"query-input":{"@type":"PropertyValueSpecification","valueRequired":true,"valueName":"search_term_string"}}],"inLanguage":"es-MX"},{"@type":"Organization","@id":"https:\/\/www.thescanfoundation.org\/#organization","name":"La Fundaci\u00f3n SCAN","url":"https:\/\/www.thescanfoundation.org\/","logo":{"@type":"ImageObject","inLanguage":"es-MX","@id":"https:\/\/www.thescanfoundation.org\/#\/schema\/logo\/image\/","url":"https:\/\/www.thescanfoundation.org\/wp-content\/uploads\/2025\/09\/tsf-logo.png","contentUrl":"https:\/\/www.thescanfoundation.org\/wp-content\/uploads\/2025\/09\/tsf-logo.png","width":696,"height":696,"caption":"The SCAN Foundation"},"image":{"@id":"https:\/\/www.thescanfoundation.org\/#\/schema\/logo\/image\/"},"sameAs":["https:\/\/x.com\/TheSCANFndtn","https:\/\/www.linkedin.com\/company\/the-scan-foundation"]}]}},"_links":{"self":[{"href":"https:\/\/www.thescanfoundation.org\/es\/wp-json\/wp\/v2\/priority\/80","targetHints":{"allow":["GET"]}}],"collection":[{"href":"https:\/\/www.thescanfoundation.org\/es\/wp-json\/wp\/v2\/priority"}],"about":[{"href":"https:\/\/www.thescanfoundation.org\/es\/wp-json\/wp\/v2\/types\/priority"}],"version-history":[{"count":0,"href":"https:\/\/www.thescanfoundation.org\/es\/wp-json\/wp\/v2\/priority\/80\/revisions"}],"wp:featuredmedia":[{"embeddable":true,"href":"https:\/\/www.thescanfoundation.org\/es\/wp-json\/wp\/v2\/media\/4061"}],"wp:attachment":[{"href":"https:\/\/www.thescanfoundation.org\/es\/wp-json\/wp\/v2\/media?parent=80"}],"curies":[{"name":"wp","href":"https:\/\/api.w.org\/{rel}","templated":true}]}}