{"id":1417,"date":"2021-06-01T12:51:12","date_gmt":"2021-06-01T12:51:12","guid":{"rendered":"https:\/\/www.thescanfoundation.org\/resource\/may-revision-of-the-proposed-2021-22-budget-impact-on-californias-older-adults-people-with-disabilities-and-family-caregivers\/"},"modified":"2025-09-18T01:37:23","modified_gmt":"2025-09-18T08:37:23","slug":"la-revision-de-mayo-del-presupuesto-propuesto-para-2021-22-impacta-en-los-adultos-mayores-de-california-las-personas-con-discapacidades-y-los-cuidadores-familiares","status":"publish","type":"resource","link":"https:\/\/www.thescanfoundation.org\/es\/resource\/may-revision-of-the-proposed-2021-22-budget-impact-on-californias-older-adults-people-with-disabilities-and-family-caregivers\/","title":{"rendered":"Revisi\u00f3n del presupuesto 2021-22: Impacto en los adultos mayores, las personas con discapacidad y los cuidadores familiares de California"},"template":"","class_list":["post-1417","resource","type-resource","status-publish","has-post-thumbnail","hentry","location-california","resource_type-fact-sheet"],"acf":{"details":{"helper_accent_color":"yellow","helper_taxonomies":{"priority_tax":[10],"location":[12],"news-insight_type":[57],"resource_type":[22],"event_type":false,"person_type":false,"year_tax":false,"asset_class":false,"investment_type":false,"investment_category":false},"tsf_resource":true,"helper_authors":null,"abstract":"This breakdown from The SCAN Foundation details how revisions to California's proposed 2021-22 budget will affect older adults and people with disabilities in California.","featured_image":2633,"":null,"file_download":"","download_link_text":""},"page_layout":[{"acf_fc_layout":"layout_wysiwyg","_acfe_flexible_toggle":"","component_wysiwyg":{"content":"El 14 de mayo de 2021, el gobernador de California, Gavin Newsom, public\u00f3 la Revisi\u00f3n de mayo del presupuesto propuesto para 2021-22. Esta revisi\u00f3n supone un super\u00e1vit de $75.7 mil millones con inversiones en la recuperaci\u00f3n econ\u00f3mica relacionada con la COVID-19 y recursos para implementar el Plan Maestro para el Envejecimiento.\r\n\r\n<img class=\"aligncenter wp-image-7814 size-large\" src=\"https:\/\/www.thescanfoundation.org\/wp-content\/uploads\/2021\/05\/2021-22-budget-revision-state-graphic-1024x614.png\" alt=\"\" width=\"525\" height=\"315\" \/>\r\n<h3><span style=\"font-weight: 500;\">Descripci\u00f3n general<\/span><\/h3>\r\n<span style=\"font-weight: 300;\">El 14 de mayo de 2021, el gobernador Gavin Newsom public\u00f3 una previsi\u00f3n presupuestaria actualizada para el a\u00f1o fiscal 2021-22, conocida como la &quot;Revisi\u00f3n de Mayo&quot;. Gracias a la ayuda federal y a unos ingresos superiores a los previstos, el gobernador prev\u00e9 en la revisi\u00f3n un super\u00e1vit de $75.7 mil millones, en contraste con el d\u00e9ficit presupuestario proyectado de $54 mil millones para esta misma fecha el a\u00f1o pasado. En respuesta a este super\u00e1vit presupuestario, el gobernador invirti\u00f3 en la recuperaci\u00f3n econ\u00f3mica relacionada con la COVID-19, en inversiones a largo plazo para fortalecer la infraestructura y en recursos para implementar el Plan Maestro para el Envejecimiento.<\/span><sup><span style=\"font-weight: 300;\">1<\/span><\/sup>\r\n\r\n<span style=\"font-weight: 300;\">La Revisi\u00f3n de Mayo incluye recursos totales del Fondo General (GF) por $203.4 mil millones y gastos previstos por $196.8 mil millones, con el resto en reserva. El presupuesto propuesto refleja una Cuenta de Estabilizaci\u00f3n Presupuestaria.<\/span><span style=\"font-weight: 300;\">* <\/span><span style=\"font-weight: 300;\">saldo de $15.9 mil millones, una Reserva de Red de Seguridad<\/span><span style=\"font-weight: 400;\">\u2020 <\/span><span style=\"font-weight: 300;\">saldo de $450 millones y planes para abordar los pasivos pensionales del estado.<\/span><sup><span style=\"font-weight: 300;\">1<\/span><\/sup>\r\n<figure id=\"attachment_7820\" class=\"wp-caption aligncenter\" style=\"width: 525px;\" aria-describedby=\"caption-attachment-7820\"><img class=\"wp-image-7820 size-large\" src=\"https:\/\/www.thescanfoundation.org\/wp-content\/uploads\/2021\/06\/Change-in-2021-21-Budget-Landscape-from-Jan-to-May-060121-1024x632.jpg\" alt=\"\" width=\"525\" height=\"324\" \/><figcaption id=\"caption-attachment-7820\" class=\"wp-caption-text\">Para obtener m\u00e1s informaci\u00f3n, consulte la Revisi\u00f3n de mayo de 2021-22 del Departamento de Finanzas de California. <a href=\"https:\/\/www.ebudget.ca.gov\/2021-22\/pdf\/Revised\/BudgetSummary\/SummaryCharts.pdf\" target=\"_blank\" rel=\"noopener\">gr\u00e1ficos de resumen<\/a>.<\/figcaption><\/figure>\r\n<h3><\/h3>\r\n<h3><span style=\"font-weight: 500;\">Actualizaci\u00f3n federal: <em>Ley del Plan de Rescate Estadounidense<\/em><\/span><\/h3>\r\n<span style=\"font-weight: 300;\">El 11 de marzo de 2021, el presidente Biden firm\u00f3 la <\/span><a href=\"https:\/\/www.congress.gov\/bill\/117th-congress\/house-bill\/1319\/text\" target=\"_blank\" rel=\"noopener\"><i><span style=\"font-weight: 300;\">Ley del Plan de Rescate Estadounidense de 2021<\/span><\/i> <\/a><i><span style=\"font-weight: 300;\">(ARP)<\/span><\/i><span style=\"font-weight: 300;\">, que inclu\u00eda <\/span><span style=\"font-weight: 300;\">$350 mil millones para gobiernos estatales y locales para la recuperaci\u00f3n fiscal. Se espera que California reciba alrededor de $27 mil millones de estos fondos.<\/span><span style=\"font-weight: 300;\">.<sup>3 <\/sup><\/span><span style=\"font-weight: 300;\">El ARP tambi\u00e9n incluy\u00f3 un aumento temporal del 10 por ciento en el Porcentaje de Asistencia M\u00e9dica Federal (FMAP) para los estados para ciertos programas de Medicaid basados en el hogar y la comunidad. <\/span><span style=\"font-weight: 300;\">servicios. Los Centros de Servicios de Medicare y Medicaid publicaron <\/span><a href=\"https:\/\/www.medicaid.gov\/federal-policy-guidance\/downloads\/smd21003.pdf\" target=\"_blank\" rel=\"noopener\"><span style=\"font-weight: 300;\">gu\u00eda<\/span> <\/a><span style=\"font-weight: 300;\">Para el gasto de estos fondos, se prev\u00e9 que coincida con la publicaci\u00f3n de la Revisi\u00f3n de Mayo de California. Por lo tanto, se producir\u00e1n m\u00e1s cambios en las pol\u00edticas y el presupuesto a medida que el gobernador Newsom y la Legislatura de California finalicen el presupuesto estatal 2021-22 a finales de este mes.<\/span>\r\n<h3><span style=\"font-weight: 500;\">Antecedentes sobre el envejecimiento, el Alzheimer y las inversiones de capital<\/span><\/h3>\r\n<span style=\"font-weight: 300;\">El 6 de enero de 2021, el gobernador Newsom public\u00f3 la <\/span><a href=\"https:\/\/mpa.aging.ca.gov\/\" target=\"_blank\" rel=\"noopener\"><span style=\"font-weight: 300;\">Plan Maestro para el Envejecimiento<\/span> <\/a><span style=\"font-weight: 300;\">(Plan Maestro), un plan decenal para que entidades p\u00fablicas y privadas a nivel estatal, regional y local aborden los desaf\u00edos del sistema y transformen los servicios en vivienda, transporte, atenci\u00f3n m\u00e9dica y servicios y apoyos a largo plazo, entre otras \u00e1reas. A medida que la COVID-19 contin\u00faa afectando desproporcionadamente a los adultos mayores y a las personas con discapacidad, especialmente en las comunidades negras, latinas, ind\u00edgenas, asi\u00e1ticas e isle\u00f1as del Pac\u00edfico, la importancia de la inversi\u00f3n en infraestructura para apoyar a la diversa poblaci\u00f3n envejeciente de California se hace cada vez m\u00e1s evidente. <\/span><a href=\"https:\/\/www.thescanfoundation.org\/es\/iniciativas\/california-master-plan\/\"><span style=\"font-weight: 300;\">encuesta reciente<\/span> <\/a><span style=\"font-weight: 300;\">muestra un fuerte apoyo al Plan Maestro con pol\u00edticas sobre envejecimiento, equidad y Alzheimer como principales prioridades para los votantes de California.<\/span>\r\n\r\n<span style=\"font-weight: 300;\">Basada en principios de equidad, la Revisi\u00f3n de Mayo se basa en el presupuesto propuesto por el gobernador, expandiendo la inversi\u00f3n en la implementaci\u00f3n del Plan Maestro y abordando las necesidades y desaf\u00edos de todo el sistema que impactan a las diversas poblaciones envejecidas y discapacitadas de California.<\/span>\r\n\r\n<img class=\"aligncenter wp-image-7802 size-full\" src=\"https:\/\/www.thescanfoundation.org\/wp-content\/uploads\/2021\/05\/invest-in-aging-and-equity.jpg\" alt=\"\" width=\"512\" height=\"287\" \/>\r\n<h3><span style=\"font-weight: 500;\">Propuestas presupuestarias que afectan a los adultos mayores y a las personas con discapacidad<\/span><\/h3>\r\n<span style=\"font-weight: 300;\">La Revisi\u00f3n de mayo incluye nuevas inversiones que benefician a los adultos mayores y a las personas con discapacidad de California, a la vez que mantiene la financiaci\u00f3n para programas y servicios establecidos. Varias inversiones se apoyan en fondos \u00fanicos y en la continuaci\u00f3n del est\u00edmulo econ\u00f3mico por la COVID-19, todo lo cual impulsa la implementaci\u00f3n del Plan Maestro.<\/span><sup><span style=\"font-weight: 300;\">1<\/span><\/sup>\r\n<table style=\"height: 312px; width: 100%;\"><caption><span style=\"font-size: 8pt;\">\u00b1 Representa la asignaci\u00f3n de fondos \u00fanicos en la revisi\u00f3n de mayo para 2021-22.<\/span><\/caption>\r\n<tbody>\r\n<tr style=\"height: 24px;\">\r\n<td style=\"background-color: #858585; height: 24px; width: 99.0058%; border-style: hidden;\" colspan=\"4\"><span style=\"color: #ffffff; font-size: 14pt;\"><strong>Tabla 1: Liderazgo estatal<sup>1<\/sup><\/strong><\/span><\/td>\r\n<\/tr>\r\n<tr style=\"height: 72px;\">\r\n<td style=\"background-color: #78a6cc; border-color: #78a6cc; height: 72px; width: 20.464%; vertical-align: middle; border-style: hidden;\"><span style=\"color: #ffffff;\"><strong>Programa<\/strong><\/span><\/td>\r\n<td style=\"background-color: #78a6cc; border-color: #78a6cc; height: 72px; width: 39.0223%; vertical-align: middle; border-style: hidden;\"><span style=\"color: #ffffff;\"><strong>Propuesta<\/strong><\/span><\/td>\r\n<td style=\"background-color: #78a6cc; border-color: #78a6cc; height: 72px; width: 19.4697%; vertical-align: middle; text-align: center; border-style: hidden;\"><span style=\"color: #ffffff;\"><strong>Presupuesto propuesto para enero de 2021-22<\/strong><\/span><\/td>\r\n<td style=\"background-color: #78a6cc; border-color: #78a6cc; height: 72px; width: 20.0498%; vertical-align: middle; text-align: center; border-style: hidden;\"><span style=\"color: #ffffff;\"><strong>2021-22<\/strong><\/span>\r\n<span style=\"color: #ffffff;\"><strong>Revisi\u00f3n de mayo<\/strong><\/span><\/td>\r\n<\/tr>\r\n<tr style=\"height: 48px;\">\r\n<td style=\"height: 48px; width: 20.464%;\"><strong>Asesor principal sobre envejecimiento, discapacidad y Alzheimer<\/strong><\/td>\r\n<td style=\"height: 48px; width: 39.0223%;\">Compromiso de establecer un puesto dentro de la oficina del gobernador para liderar iniciativas intergabinetes y asociaciones intersectoriales<\/td>\r\n<td style=\"height: 48px; width: 19.4697%; text-align: center;\">No hay cantidad indicada<\/td>\r\n<td style=\"height: 48px; width: 20.0498%; text-align: center;\">Sin cambios<\/td>\r\n<\/tr>\r\n<tr style=\"height: 72px;\">\r\n<td style=\"height: 72px; width: 20.464%;\"><strong>Oficina de Innovaci\u00f3n e Integraci\u00f3n de Medicare<\/strong><\/td>\r\n<td style=\"height: 72px; width: 39.0223%;\">Establece esta nueva oficina dentro del Departamento de Servicios de Atenci\u00f3n M\u00e9dica (DHCS) para centrarse en las oportunidades de pol\u00edticas relacionadas con las poblaciones que solo reciben Medicare y con doble elegibilidad.<\/td>\r\n<td style=\"height: 72px; width: 19.4697%; text-align: center;\"><\/td>\r\n<td style=\"height: 72px; width: 20.0498%; text-align: center;\">$602,000 ($452,000 GF)<\/td>\r\n<\/tr>\r\n<tr style=\"height: 48px;\">\r\n<td style=\"height: 48px; width: 20.464%;\"><strong>Liderazgo\/operaciones del Plan Maestro<\/strong><\/td>\r\n<td style=\"height: 48px; width: 39.0223%;\">Financia 20 puestos permanentes dentro del Departamento de Envejecimiento de California (CDA) para la implementaci\u00f3n del <a href=\"https:\/\/mpa.aging.ca.gov\/\" target=\"_blank\" rel=\"noopener\">Plan maestro<\/a><\/td>\r\n<td style=\"height: 48px; width: 19.4697%; text-align: center;\">$5 millones de GF<\/td>\r\n<td style=\"height: 48px; width: 20.0498%; text-align: center;\">$3,3 millones de GF<\/td>\r\n<\/tr>\r\n<tr style=\"height: 48px;\">\r\n<td style=\"height: 48px; width: 20.464%;\"><strong>Intercambio de informaci\u00f3n sanitaria<\/strong><\/td>\r\n<td style=\"height: 48px; width: 39.0223%;\">Pide a la Agencia de Salud y Servicios Humanos de California (CHHS) que lidere los esfuerzos de intercambio de informaci\u00f3n para los servicios sociales y de salud.<\/td>\r\n<td style=\"height: 48px; width: 19.4697%; text-align: center;\"><\/td>\r\n<td style=\"height: 48px; width: 20.0498%; text-align: center;\">$2,5 millones de GF<sup>\u00b1<\/sup><\/td>\r\n<\/tr>\r\n<\/tbody>\r\n<\/table>\r\n<span style=\"font-weight: 300;\">La Revisi\u00f3n de Mayo propone una nueva inversi\u00f3n \u00fanica del Fondo General de $106 millones para el CDA, que se utilizar\u00e1 durante tres a\u00f1os para abordar el aislamiento y el impacto en la salud de los adultos mayores a causa de la COVID-19. Esta inversi\u00f3n tiene como objetivo ayudar a los adultos mayores a reintegrarse a las actividades y servicios comunitarios presenciales a trav\u00e9s de la red de servicios que ofrecen las Agencias Locales para el Envejecimiento.<sup>1,4<\/sup> En el cuadro 2 se presenta un desglose de la inversi\u00f3n de $106 millones por programa.<\/span>\r\n<table style=\"height: 602px; width: 100%;\"><caption><span style=\"font-size: 8pt;\">\u00b1 Representa la asignaci\u00f3n de fondos \u00fanicos en la revisi\u00f3n de mayo para 2021-22.<\/span><\/caption>\r\n<tbody>\r\n<tr style=\"height: 27px;\">\r\n<td style=\"background-color: #858585; border-color: #858585; border-style: solid; height: 27px; width: 99.1716%;\" colspan=\"3\"><span style=\"color: #ffffff; font-size: 14pt;\"><strong>Tabla 2: Recuperaci\u00f3n y resiliencia de los adultos mayores<sup>1,4,5<\/sup><\/strong><\/span><\/td>\r\n<\/tr>\r\n<tr style=\"height: 23px;\">\r\n<td style=\"height: 23px; border-style: solid; border-color: #78a6cc; background-color: #78a6cc; width: 25.7664%; vertical-align: middle;\"><span style=\"color: #ffffff;\"><strong>Programa<\/strong><\/span><\/td>\r\n<td style=\"height: 23px; border-style: solid; border-color: #78a6cc; background-color: #78a6cc; width: 50.1243%; vertical-align: middle;\"><span style=\"color: #ffffff;\"><strong>Propuesta (Nueva en mayo de 2021)<\/strong><\/span><\/td>\r\n<td style=\"height: 23px; border-style: solid; border-color: #78a6cc; background-color: #78a6cc; width: 23.2809%; text-align: center; vertical-align: middle;\"><span style=\"color: #ffffff;\"><strong>2021-22<\/strong><\/span>\r\n<span style=\"color: #ffffff;\"><strong>Revisi\u00f3n de mayo<\/strong><\/span><\/td>\r\n<\/tr>\r\n<tr style=\"height: 48px;\">\r\n<td style=\"height: 48px; width: 25.7664%;\"><strong>L\u00ednea directa de salud conductual<\/strong><\/td>\r\n<td style=\"height: 48px; width: 50.1243%;\">Permite la expansi\u00f3n y mejora de la salud conductual. <a href=\"https:\/\/aging.ca.gov\/covid19\/\" target=\"_blank\" rel=\"noopener\">servicios de l\u00ednea directa<\/a>, incluido el acceso al idioma<\/td>\r\n<td style=\"height: 48px; width: 23.2809%; text-align: center;\">$2,1 millones de GF<sup>\u00b1<\/sup><\/td>\r\n<\/tr>\r\n<tr style=\"height: 48px;\">\r\n<td style=\"height: 48px; width: 25.7664%;\"><strong>Conexiones digitales<\/strong><\/td>\r\n<td style=\"height: 48px; width: 50.1243%;\">Proporciona fondos adicionales al programa Conexiones, Salud, Envejecimiento y Tecnolog\u00eda (CHAT) para continuar ayudando a abordar el <a href=\"https:\/\/www.aging.ca.gov\/Providers_and_Partners\/Digital_Inclusion\/\" target=\"_blank\" rel=\"noopener\">brecha digital<\/a><\/td>\r\n<td style=\"height: 48px; width: 23.2809%; text-align: center;\">$17 millones de GF<sup>\u00b1<\/sup><\/td>\r\n<\/tr>\r\n<tr style=\"height: 48px;\">\r\n<td style=\"height: 48px; width: 25.7664%;\"><strong>Prevenci\u00f3n del maltrato a personas mayores y con discapacidad<\/strong><\/td>\r\n<td style=\"height: 48px; width: 50.1243%;\">Establece un nuevo consejo para garantizar que las actividades de prevenci\u00f3n del abuso de ancianos y personas con discapacidad se coordinen entre los departamentos clave (es decir, los Departamentos de Envejecimiento, Servicios Sociales y Justicia de California).<\/td>\r\n<td style=\"height: 48px; width: 23.2809%; text-align: center;\">$1 mill\u00f3n de GF<sup>\u00b1<\/sup><\/td>\r\n<\/tr>\r\n<tr style=\"height: 48px;\">\r\n<td style=\"height: 48px; width: 25.7664%;\"><strong>Servicios legales<\/strong><\/td>\r\n<td style=\"height: 48px; width: 50.1243%;\">Se expande <a href=\"https:\/\/aging.ca.gov\/Programs_and_Services\/Legal_Services\/\" target=\"_blank\" rel=\"noopener\">servicios legales<\/a> para ayudar a los adultos mayores y a las personas con discapacidad<\/td>\r\n<td style=\"height: 48px; width: 23.2809%; text-align: center;\">$20 millones de GF<sup>\u00b1<\/sup><\/td>\r\n<\/tr>\r\n<tr style=\"height: 48px;\">\r\n<td style=\"height: 48px; width: 25.7664%;\"><strong>Oportunidades de empleo<\/strong><\/td>\r\n<td style=\"height: 48px; width: 50.1243%;\">Permite que CDA abra todas las ranuras en el <a href=\"https:\/\/aging.ca.gov\/Programs_and_Services\/Senior_Employment_and_Training\/\">Comunidad de personas mayores<\/a> <a href=\"https:\/\/aging.ca.gov\/Programs_and_Services\/Senior_Employment_and_Training\/\" target=\"_blank\" rel=\"noopener\">Programa de Empleo en Servicios,<\/a>\u00a0Financiar a todos los participantes al nivel del salario m\u00ednimo de California<\/td>\r\n<td style=\"height: 48px; width: 23.2809%; text-align: center;\">$17 millones de GF<sup>\u00b1<\/sup><\/td>\r\n<\/tr>\r\n<tr style=\"height: 72px;\">\r\n<td style=\"height: 72px; width: 25.7664%;\"><strong>Comidas a domicilio y en centros comunitarios<\/strong><\/td>\r\n<td style=\"height: 72px; width: 50.1243%;\">Permite que CDA atienda a m\u00e1s adultos mayores <a href=\"https:\/\/aging.ca.gov\/Providers_and_Partners\/Home-Delivered_Nutrition\/Program_Narrative_and_Fact_Sheets\/\" target=\"_blank\" rel=\"noopener\">entregado a domicilio<\/a> y <a href=\"https:\/\/aging.ca.gov\/Providers_and_Partners\/Area_Agencies_on_Aging\/Congregate_Nutrition\/\" target=\"_blank\" rel=\"noopener\">congregarse<\/a> comidas<\/td>\r\n<td style=\"height: 72px; width: 23.2809%; text-align: center;\">$20,7 millones de GF<sup>\u00b1<\/sup><\/td>\r\n<\/tr>\r\n<tr style=\"height: 48px;\">\r\n<td style=\"height: 48px; width: 25.7664%;\"><strong>Prevenci\u00f3n de ca\u00eddas y modificaciones en el hogar<\/strong><\/td>\r\n<td style=\"height: 48px; width: 50.1243%;\">Aumenta los fondos para la <a href=\"https:\/\/aging.ca.gov\/Providers_and_Partners\/Dignity_At_Home_Fall_Prevention_Program\/\" target=\"_blank\" rel=\"noopener\">Prevenci\u00f3n de ca\u00eddas con dignidad en el hogar<\/a> Programa para brindar educaci\u00f3n, capacitaci\u00f3n y modificaciones en el hogar a m\u00e1s adultos mayores.<\/td>\r\n<td style=\"height: 48px; width: 23.2809%; text-align: center;\">$10 millones de GF<sup>\u00b1<\/sup><\/td>\r\n<\/tr>\r\n<tr style=\"height: 72px;\">\r\n<td style=\"height: 72px; width: 25.7664%;\"><strong>Servicios de cuidado familiar<\/strong><\/td>\r\n<td style=\"height: 72px; width: 50.1243%;\">Proporciona fondos adicionales para servicios de apoyo a personas no remuneradas. <a href=\"https:\/\/aging.ca.gov\/Programs_and_Services\/Family_Caregiver_Services\/\" target=\"_blank\" rel=\"noopener\">cuidadores familiares<\/a><\/td>\r\n<td style=\"height: 72px; width: 23.2809%; text-align: center;\">$2,8 millones de GF<sup>\u00b1<\/sup><\/td>\r\n<\/tr>\r\n<tr style=\"height: 72px;\">\r\n<td style=\"height: 72px; width: 25.7664%;\"><strong>Conexi\u00f3n de recursos para el envejecimiento y la discapacidad<\/strong><\/td>\r\n<td style=\"height: 72px; width: 50.1243%;\">Proporciona fondos adicionales en apoyo de <a href=\"https:\/\/aging.ca.gov\/Providers_and_Partners\/Aging_and_Disability_Resource_Connection\/\" target=\"_blank\" rel=\"noopener\">ADRC<\/a> y desarrollo de un centro de llamadas y un sitio web a nivel estatal<\/td>\r\n<td style=\"height: 72px; width: 23.2809%; text-align: center;\">$9,4 millones de GF<sup>\u00b1<\/sup><\/td>\r\n<\/tr>\r\n<tr style=\"height: 48px;\">\r\n<td style=\"height: 48px; width: 25.7664%;\"><strong>Liderazgo y supervisi\u00f3n estatal y local<\/strong><\/td>\r\n<td style=\"height: 48px; width: 50.1243%;\">Financia las operaciones estatales y locales necesarias para administrar y supervisar estos programas y nuevas inversiones.<\/td>\r\n<td style=\"height: 48px; width: 23.2809%; text-align: center;\">$6 millones de GF<sup>\u00b1<\/sup><\/td>\r\n<\/tr>\r\n<\/tbody>\r\n<\/table>\r\n<span style=\"font-weight: 300;\">La revisi\u00f3n de mayo incluye esfuerzos para analizar datos para informar las respuestas a futuras emergencias y mejorar el acceso al idioma en todos los departamentos y programas de la agencia CHHS, como se refleja en la Tabla 3.<\/span><span style=\"font-weight: 300;\">.<\/span>\r\n<table style=\"height: 222px; width: 100%;\"><caption><span style=\"font-size: 8pt;\">\u00b1 Representa la asignaci\u00f3n de fondos \u00fanicos en la revisi\u00f3n de mayo para 2021-22.<\/span><\/caption>\r\n<tbody>\r\n<tr style=\"height: 32px;\">\r\n<td style=\"width: 99.0059%; background-color: #858585; border-style: hidden; height: 32px;\" colspan=\"4\"><span style=\"color: #ffffff; font-size: 14pt;\"><strong>Tabla 3: Equidad y acceso a la salud<sup>1<\/sup><\/strong><\/span><\/td>\r\n<\/tr>\r\n<tr style=\"height: 48px;\">\r\n<td style=\"width: 21.5101%; vertical-align: middle; background-color: #78a6cc; border-style: hidden; height: 48px;\"><span style=\"color: #ffffff;\"><strong>Programa<\/strong><\/span><\/td>\r\n<td style=\"width: 37.7519%; vertical-align: middle; background-color: #78a6cc; border-style: hidden; height: 48px;\"><span style=\"color: #ffffff;\"><strong>Propuesta<\/strong><\/span><\/td>\r\n<td style=\"text-align: center; width: 19.6009%; vertical-align: middle; background-color: #78a6cc; border-style: hidden; height: 48px;\"><span style=\"color: #ffffff;\"><strong>Presupuesto propuesto para enero de 2021-22<\/strong><\/span><\/td>\r\n<td style=\"text-align: center; width: 20.143%; vertical-align: middle; background-color: #78a6cc; border-style: hidden; height: 48px;\"><span style=\"color: #ffffff;\"><strong>2021-22 de mayo <\/strong><\/span><span style=\"color: #ffffff;\"><strong>Revisi\u00f3n<\/strong><\/span><\/td>\r\n<\/tr>\r\n<tr style=\"height: 62px;\">\r\n<td style=\"width: 21.5101%; height: 62px;\"><strong>Revisi\u00f3n de la respuesta a la pandemia<\/strong><\/td>\r\n<td style=\"width: 37.7519%; height: 62px;\">CHHS realizar\u00e1 un an\u00e1lisis de la intersecci\u00f3n de COVID-19, disparidades de salud y equidad en salud para ayudar a informar cualquier respuesta futura.<\/td>\r\n<td style=\"text-align: center; width: 19.6009%; height: 62px;\">$1,7 millones de GF<\/td>\r\n<td style=\"text-align: center; width: 20.143%; height: 62px;\">$3 millones<\/td>\r\n<\/tr>\r\n<tr style=\"height: 80px;\">\r\n<td style=\"width: 21.5101%; height: 80px;\"><strong>Iniciativa de acceso ling\u00fc\u00edstico<\/strong><\/td>\r\n<td style=\"width: 37.7519%; height: 80px;\">Establece una iniciativa para mejorar y brindar servicios de acceso ling\u00fc\u00edstico en todos los programas de CHHS<\/td>\r\n<td style=\"text-align: center; width: 19.6009%; height: 80px;\"><\/td>\r\n<td style=\"text-align: center; width: 20.143%; height: 80px;\">$20 millones de GF<sup>\u00b1<\/sup><\/td>\r\n<\/tr>\r\n<\/tbody>\r\n<\/table>\r\n<span style=\"font-weight: 300;\">La Revisi\u00f3n de Mayo incluye inversiones para apoyar la expansi\u00f3n de la Conexi\u00f3n de Recursos para el Envejecimiento y la Discapacidad (ADRC) a nivel estatal, lo que constituye un enfoque integral para conectar a las personas con los servicios. La Tabla 4 refleja las inversiones en subvenciones y personal de la ADRC para apoyar el avance de las ADRC, un pilar fundamental del Plan Maestro.<\/span>\r\n<table style=\"width: 100.496%; height: 130px;\">\r\n<tbody>\r\n<tr style=\"height: 24px;\">\r\n<td style=\"height: 24px; background-color: #858585; border-style: hidden; width: 114.826%;\" colspan=\"4\"><span style=\"color: #ffffff; font-size: 14pt;\"><strong>Tabla 4: Conexi\u00f3n de recursos para el envejecimiento y la discapacidad (ADRC)<sup>1,4<\/sup><\/strong><\/span><\/td>\r\n<\/tr>\r\n<tr style=\"height: 48px;\">\r\n<td style=\"height: 48px; background-color: #78a6cc; border-style: hidden; vertical-align: middle; width: 21.4461%;\"><span style=\"color: #ffffff;\"><strong>Programa<\/strong><\/span><\/td>\r\n<td style=\"height: 48px; background-color: #78a6cc; border-style: hidden; vertical-align: middle; width: 34.9688%;\"><span style=\"color: #ffffff;\"><strong>Propuesta<\/strong><\/span><\/td>\r\n<td style=\"height: 48px; background-color: #78a6cc; border-style: hidden; text-align: center; vertical-align: middle; width: 18.981%;\"><span style=\"color: #ffffff;\"><strong>Presupuesto propuesto para enero de 2021-22<\/strong><\/span><\/td>\r\n<td style=\"height: 48px; background-color: #78a6cc; border-style: hidden; text-align: center; vertical-align: middle; width: 39.4305%;\"><span style=\"color: #ffffff;\"><strong>2021-22 de mayo <\/strong><\/span><span style=\"color: #ffffff;\"><strong>Revisi\u00f3n<\/strong><\/span><\/td>\r\n<\/tr>\r\n<tr style=\"height: 96px;\">\r\n<td style=\"height: 10px; width: 21.4461%;\"><strong>Asistencia local<\/strong><\/td>\r\n<td style=\"height: 10px; width: 34.9688%;\">Ampl\u00eda la <a href=\"https:\/\/aging.ca.gov\/Providers_and_Partners\/Aging_and_Disability_Resource_Connection\/\" target=\"_blank\" rel=\"noopener\">ADRC<\/a> programa a nivel estatal y desarrolla un portal estatal<\/td>\r\n<td style=\"height: 10px; text-align: center; width: 18.981%;\">$7,5 millones de GF<\/td>\r\n<td style=\"height: 10px; text-align: center; width: 39.4305%;\">$7,5 millones de GF (2021-22)\r\n<span style=\"color: #ffffff;\">.<\/span>\r\n$10 millones de GF (en curso)<\/td>\r\n<\/tr>\r\n<tr style=\"height: 48px;\">\r\n<td style=\"height: 48px; width: 21.4461%;\"><strong>Operaciones estatales<\/strong><\/td>\r\n<td style=\"height: 48px; width: 34.9688%;\">Financia 13 puestos permanentes para apoyar el programa ADRC<\/td>\r\n<td style=\"height: 48px; text-align: center; width: 18.981%;\"><\/td>\r\n<td style=\"height: 48px; text-align: center; width: 39.4305%;\">$2 millones de GF<\/td>\r\n<\/tr>\r\n<\/tbody>\r\n<\/table>\r\n<span style=\"font-weight: 300;\">La Revisi\u00f3n de Mayo incluye inversiones para ampliar el acceso a la atenci\u00f3n m\u00e9dica coordinada y a los servicios y apoyos a largo plazo (LTSS). Las inversiones incluyen fondos para impulsar el programa California Advancing and Innovating Medi-Cal (CalAIM) y el compromiso del DHCS de establecer tarifas para la telesalud solo por audio. La Revisi\u00f3n de Mayo tambi\u00e9n elimina la pr\u00e1ctica de suspender autom\u00e1ticamente la financiaci\u00f3n de ciertos programas en a\u00f1os futuros.<sup>1<\/sup> En el cuadro 5 se destacan estos cambios y las inversiones cr\u00edticas en atenci\u00f3n sanitaria y servicios a largo plazo (LTSS).<\/span>\r\n<table style=\"height: 946px; width: 100%;\"><caption><span style=\"font-size: 8pt;\">\u00b1 Representa la asignaci\u00f3n de fondos \u00fanicos en la revisi\u00f3n de mayo para 2021-22.<\/span><\/caption>\r\n<tbody>\r\n<tr style=\"height: 27px;\">\r\n<td style=\"background-color: #858585; border-style: hidden; height: 27px; width: 99.0059%;\" colspan=\"4\"><span style=\"font-size: 14pt;\"><strong><span style=\"color: #ffffff;\">Tabla 5: Salud y LTSS<sup>1,4<\/sup><\/span><\/strong><\/span><\/td>\r\n<\/tr>\r\n<tr style=\"height: 10px;\">\r\n<td style=\"background-color: #78a6cc; vertical-align: middle; border-style: hidden; height: 10px; width: 21.6969%;\"><strong><span style=\"color: #ffffff;\">Programa<\/span><\/strong><\/td>\r\n<td style=\"background-color: #78a6cc; vertical-align: middle; border-style: hidden; height: 10px; width: 32.7747%;\"><strong><span style=\"color: #ffffff;\">Propuesta<\/span><\/strong><\/td>\r\n<td style=\"background-color: #78a6cc; vertical-align: middle; border-style: hidden; height: 10px; text-align: center; width: 21.4528%;\"><strong><span style=\"color: #ffffff;\">Presupuesto propuesto para enero de 2021-22<\/span><\/strong><\/td>\r\n<td style=\"background-color: #78a6cc; vertical-align: middle; border-style: hidden; height: 10px; text-align: center; width: 23.0815%;\"><strong><span style=\"color: #ffffff;\">2021-22 de mayo <\/span><\/strong><strong><span style=\"color: #ffffff;\">Revisi\u00f3n<\/span><\/strong><\/td>\r\n<\/tr>\r\n<tr style=\"height: 120px;\">\r\n<td style=\"height: 10px; width: 21.6969%;\"><strong>Expansi\u00f3n de Medi-Cal<\/strong><\/td>\r\n<td style=\"height: 10px; width: 32.7747%;\">Ampl\u00eda Medi-Cal a unos 27,000 adultos indocumentados de 60 a\u00f1os o m\u00e1s para el 1 de mayo de 2022<\/td>\r\n<td style=\"height: 10px; text-align: center; width: 21.4528%;\"><\/td>\r\n<td style=\"height: 10px; text-align: center; width: 23.0815%;\">$69 millones ($50 millones GF)\r\n<span style=\"color: #ffffff;\">.\r\n<\/span>$1 mil millones ($859 millones GF) en curso<\/td>\r\n<\/tr>\r\n<tr style=\"height: 72px;\">\r\n<td style=\"height: 72px; width: 21.6969%;\"><strong>Beneficios opcionales de Medi-Cal<\/strong><\/td>\r\n<td style=\"height: 72px; width: 32.7747%;\">Deroga la suspensi\u00f3n de <a href=\"https:\/\/www.dhcs.ca.gov\/services\/medi-cal\" target=\"_blank\" rel=\"noopener\">Beneficios opcionales de Medi-Cal<\/a> como servicios de audiolog\u00eda y terapia del habla, cremas y lavados para la incontinencia, servicios de \u00f3ptica\/laboratorio \u00f3ptico y servicios de podolog\u00eda.<\/td>\r\n<td style=\"height: 72px; text-align: center; width: 21.4528%;\">$47 millones ($15,6 millones de GF)<\/td>\r\n<td style=\"height: 72px; text-align: center; width: 23.0815%;\">No hay cantidad indicada<\/td>\r\n<\/tr>\r\n<tr style=\"height: 120px;\">\r\n<td style=\"height: 120px; width: 21.6969%;\"><strong>California avanza e innova Medi-Cal (CalAIM)<\/strong><\/td>\r\n<td style=\"height: 120px; width: 32.7747%;\">Implementos <a href=\"https:\/\/www.dhcs.ca.gov\/CalAIM\/Pages\/CalAIM.aspx\" target=\"_blank\" rel=\"noopener\">CalAIM<\/a> a partir del 1 de enero de 2022. La inversi\u00f3n incluye:\r\n<ul>\r\n \t<li aria-level=\"1\">Gesti\u00f3n mejorada de la atenci\u00f3n<\/li>\r\n \t<li aria-level=\"1\">En lugar de servicios<\/li>\r\n \t<li aria-level=\"1\">Programa de Servicios Multiprop\u00f3sito para Personas Mayores<\/li>\r\n<\/ul>\r\n<\/td>\r\n<td style=\"height: 120px; text-align: center; width: 21.4528%;\">$1.1 mil millones ($531.9 millones de GF)<\/td>\r\n<td style=\"height: 120px; text-align: center; width: 23.0815%;\">Sin cambios<\/td>\r\n<\/tr>\r\n<tr style=\"height: 48px;\">\r\n<td style=\"height: 48px; width: 21.6969%;\"><strong>Telesalud<\/strong><\/td>\r\n<td style=\"height: 48px; width: 32.7747%;\">Ampl\u00eda y hace permanentes ciertas prestaciones de telesalud <a href=\"https:\/\/www.thescanfoundation.org\/es\/resources-tools\/uso-de-las-flexibilidades-de-las-politicas-federales-y-estatales-en-california-para-garantizar-el-acceso-a-servicios-y-apoyos-a-largo-plazo-durante-la-pandemia-de-covid-19\/\" target=\"_blank\" rel=\"noopener\">Flexibilidades ante la COVID-19<\/a>y agrega servicios de monitoreo remoto de pacientes como un beneficio cubierto por Medi-Cal<\/td>\r\n<td style=\"height: 48px; text-align: center; width: 21.4528%;\">$94,8 millones ($34 millones GF)<\/td>\r\n<td style=\"height: 48px; text-align: center; width: 23.0815%;\">Sin cambios<\/td>\r\n<\/tr>\r\n<tr style=\"height: 48px;\">\r\n<td style=\"height: 48px; width: 21.6969%;\"><strong>Servicio de Gesti\u00f3n de la Salud de la Poblaci\u00f3n<\/strong><\/td>\r\n<td style=\"height: 48px; width: 32.7747%;\">Crea un sistema de datos centralizado de datos administrativos y cl\u00ednicos del DHCS, los planes de salud y los proveedores.<\/td>\r\n<td style=\"height: 48px; text-align: center; width: 21.4528%;\"><\/td>\r\n<td style=\"height: 48px; text-align: center; width: 23.0815%;\">$315 millones ($31,5 millones de GF)<sup>\u00b1<\/sup><\/td>\r\n<\/tr>\r\n<tr style=\"height: 96px;\">\r\n<td style=\"height: 35px; width: 21.6969%;\"><strong>Comidas m\u00e9dicamente adaptadas<\/strong><\/td>\r\n<td style=\"height: 35px; width: 32.7747%;\">Contin\u00faa la provisi\u00f3n de comidas m\u00e9dicamente adaptadas hasta que exista una opci\u00f3n de servicios en lugar de CalAIM<\/td>\r\n<td style=\"height: 35px; text-align: center; width: 21.4528%;\"><\/td>\r\n<td style=\"height: 35px; text-align: center; width: 23.0815%;\">$9,3 millones de GF<sup>\u00b1<\/sup><\/td>\r\n<\/tr>\r\n<tr style=\"height: 24px;\">\r\n<td style=\"height: 24px; width: 21.6969%;\"><strong>Personal geri\u00e1trico<\/strong><\/td>\r\n<td style=\"height: 24px; width: 32.7747%;\">Aumenta y diversifica la fuerza laboral de medicina geri\u00e1trica<\/td>\r\n<td style=\"height: 24px; text-align: center; width: 21.4528%;\">$3 millones de GF<sup>\u00b1<\/sup><\/td>\r\n<td style=\"height: 24px; text-align: center; width: 23.0815%;\">$8 millones de GF<sup>\u00b1<\/sup><\/td>\r\n<\/tr>\r\n<tr style=\"height: 136px;\">\r\n<td style=\"height: 136px; width: 21.6969%;\"><strong>Servicios Comunitarios para Adultos (CBAS)<\/strong><\/td>\r\n<td style=\"height: 136px; width: 32.7747%;\">Proporciona 10 puestos permanentes en CDA para <a href=\"https:\/\/www.dhcs.ca.gov\/services\/Pages\/Community-BasedAdultServices(CBAS)AdultDayHealthCare(ADHC)Transition.aspx\" target=\"_blank\" rel=\"noopener\">CBAS<\/a> proceso de dar un t\u00edtulo<\/td>\r\n<td style=\"height: 136px; text-align: center; width: 21.4528%;\"><\/td>\r\n<td style=\"height: 136px; text-align: center; width: 23.0815%;\">$1,9 millones ($773.000 GF)\r\n<span style=\"color: #ececec;\">.<\/span>\r\n$2,4 millones ($946.000 GF) en curso<\/td>\r\n<\/tr>\r\n<tr style=\"height: 48px;\">\r\n<td style=\"height: 48px; width: 21.6969%;\"><strong>Servicios de apoyo en el hogar (IHSS)<\/strong><\/td>\r\n<td style=\"height: 48px; width: 32.7747%;\">Hace permanente el <a href=\"https:\/\/www.cdss.ca.gov\/in-home-supportive-services\" target=\"_blank\" rel=\"noopener\">IHSS<\/a> Sistema de proveedor de respaldo para evitar interrupciones en la atenci\u00f3n debido a emergencias<\/td>\r\n<td style=\"height: 48px; text-align: center; width: 21.4528%;\">$5,3 millones de GF<sup>\u00b1<\/sup><\/td>\r\n<td style=\"height: 48px; text-align: center; width: 23.0815%;\">$11,1 millones de GF<sup>\u00b1<\/sup><\/td>\r\n<\/tr>\r\n<tr style=\"height: 48px;\">\r\n<td style=\"height: 48px; width: 21.6969%;\"><strong>Financiamiento base del IHSS<\/strong><\/td>\r\n<td style=\"height: 48px; width: 32.7747%;\">Aumenta la financiaci\u00f3n del IHSS respecto del nivel revisado de 2020-21<\/td>\r\n<td style=\"height: 48px; text-align: center; width: 21.4528%;\">$16.5 mil millones ($5.3 mil millones GF)<\/td>\r\n<td style=\"height: 48px; text-align: center; width: 23.0815%;\">$17.2 mil millones ($5.5 mil millones GF)<\/td>\r\n<\/tr>\r\n<tr style=\"height: 48px;\">\r\n<td style=\"height: 48px; width: 21.6969%;\"><strong>Relaci\u00f3n de financiaci\u00f3n estatal\/condal del IHSS<\/strong><\/td>\r\n<td style=\"height: 48px; width: 32.7747%;\">Mantiene la proporci\u00f3n estado\/condado para los costos no federales de 65\/35 en medio de aumentos en el salario m\u00ednimo<\/td>\r\n<td style=\"height: 48px; text-align: center; width: 21.4528%;\"><\/td>\r\n<td style=\"height: 48px; text-align: center; width: 23.0815%;\">$57,3 millones de GF<\/td>\r\n<\/tr>\r\n<tr style=\"height: 96px;\">\r\n<td style=\"height: 32px; width: 21.6969%;\"><strong>IHSS \u2013 eliminaci\u00f3n de la reducci\u00f3n de 7%<\/strong><\/td>\r\n<td style=\"height: 32px; width: 32.7747%;\">Elimina la reducci\u00f3n generalizada de horas de servicio 7%<\/td>\r\n<td style=\"height: 32px; text-align: center; width: 21.4528%;\">$449,8 millones de GF<\/td>\r\n<td style=\"height: 32px; text-align: center; width: 23.0815%;\">$248 millones de GF (2021-22)\r\n<span style=\"color: #ffffff;\"><span style=\"color: #ececec;\">.<\/span>\r\n<\/span>$496 millones de GF (en curso)<\/td>\r\n<\/tr>\r\n<tr style=\"height: 48px;\">\r\n<td style=\"height: 48px; width: 21.6969%;\"><strong>Trayectorias profesionales en cuidados a largo plazo<\/strong><\/td>\r\n<td style=\"height: 48px; width: 32.7747%;\">Incentiva y financia trayectorias profesionales para proveedores de IHSS<\/td>\r\n<td style=\"height: 48px; text-align: center; width: 21.4528%;\"><\/td>\r\n<td style=\"height: 48px; text-align: center; width: 23.0815%;\">$200 millones de GF<sup>\u00b1<\/sup><\/td>\r\n<\/tr>\r\n<tr style=\"height: 120px;\">\r\n<td style=\"height: 120px; width: 21.6969%;\"><strong>Programa de Asesoramiento y Defensa de Seguros de Salud (HICAP)<\/strong><\/td>\r\n<td style=\"height: 120px; width: 32.7747%;\">Moderniza <a href=\"https:\/\/aging.ca.gov\/Programs_and_Services\/Medicare_Counseling\/\" target=\"_blank\" rel=\"noopener\">Hipocap<\/a><\/td>\r\n<td style=\"height: 120px; text-align: center; width: 21.4528%;\"><\/td>\r\n<td style=\"height: 120px; text-align: center; width: 23.0815%;\">Fondo HICAP de $2 millones hasta 2022-23\r\n<span style=\"color: #ffffff;\"><span style=\"color: #ececec;\">.<\/span>\r\n<\/span>$2,5 millones (2021-22)<\/td>\r\n<\/tr>\r\n<tr style=\"height: 72px;\">\r\n<td style=\"height: 72px; width: 21.6969%;\"><strong>Representante del paciente de la Oficina de Atenci\u00f3n a Largo Plazo (LTC)<\/strong><\/td>\r\n<td style=\"height: 72px; width: 32.7747%;\">Establece la Oficina de Representantes de Pacientes de LTC dentro de CDA<\/td>\r\n<td style=\"height: 72px; text-align: center; width: 21.4528%;\"><\/td>\r\n<td style=\"height: 72px; text-align: center; width: 23.0815%;\">Fondo del Programa de Licencias y Certificaci\u00f3n de $4 millones (en curso)<\/td>\r\n<\/tr>\r\n<\/tbody>\r\n<\/table>\r\n<span style=\"font-weight: 300;\">La revisi\u00f3n de mayo incluye un paquete integral de servicios para abordar la enfermedad de Alzheimer, incluidos $7,5 millones en nuevas inversiones adem\u00e1s de los $17 millones del presupuesto propuesto por el gobernador.<sup>1<\/sup> En el cuadro 6 se destacan estas inversiones, reflejando las diferencias entre el presupuesto propuesto y la revisi\u00f3n de mayo.<\/span>\r\n<table style=\"height: 237px; width: 100%;\"><caption><span style=\"font-size: 8pt;\">\u00b1 Representa la asignaci\u00f3n de fondos \u00fanicos en la revisi\u00f3n de mayo para 2021-22.<\/span><\/caption>\r\n<tbody>\r\n<tr style=\"height: 24px;\">\r\n<td style=\"background-color: #858585; height: 24px; border-style: hidden; width: 98.8401%;\" colspan=\"4\"><span style=\"color: #ffffff; font-size: 14pt;\"><strong>Tabla 6: Enfermedad de Alzheimer<sup>1<\/sup><\/strong><\/span><\/td>\r\n<\/tr>\r\n<tr style=\"height: 45px;\">\r\n<td style=\"height: 45px; background-color: #78a6cc; vertical-align: middle; border-style: hidden; width: 23.4086%;\"><strong><span style=\"color: #ffffff;\">Programa<\/span><\/strong><\/td>\r\n<td style=\"height: 45px; background-color: #78a6cc; vertical-align: middle; border-style: hidden; width: 35.0956%;\"><span style=\"color: #ffffff;\"><strong>Propuesta<\/strong><\/span><\/td>\r\n<td style=\"height: 45px; background-color: #78a6cc; vertical-align: middle; text-align: center; border-style: hidden; width: 19.7052%;\"><span style=\"color: #ffffff;\"><strong>Propuesta de enero de 2021-22 <\/strong><\/span><span style=\"color: #ffffff;\"><strong>Presupuesto<\/strong><\/span><\/td>\r\n<td style=\"height: 45px; background-color: #78a6cc; vertical-align: middle; text-align: center; border-style: hidden; width: 20.6307%;\"><span style=\"color: #ffffff;\"><strong>2021-22\r\n<\/strong><\/span><span style=\"color: #ffffff;\"><strong>Revisi\u00f3n de mayo<\/strong><\/span><\/td>\r\n<\/tr>\r\n<tr style=\"height: 48px;\">\r\n<td style=\"height: 48px; width: 23.4086%;\"><strong>Capacitaci\u00f3n para proveedores de atenci\u00f3n a la enfermedad de Alzheimer<\/strong><\/td>\r\n<td style=\"height: 48px; width: 35.0956%;\">Ampl\u00eda la formaci\u00f3n de los proveedores de atenci\u00f3n m\u00e9dica y los est\u00e1ndares de atenci\u00f3n sobre la enfermedad de Alzheimer<\/td>\r\n<td style=\"height: 48px; text-align: center; width: 19.7052%;\">$2 millones de GF<sup>\u00b1<\/sup><\/td>\r\n<td style=\"height: 48px; text-align: center; width: 20.6307%;\">$4,5 millones de GF<sup>\u00b1<\/sup><\/td>\r\n<\/tr>\r\n<tr style=\"height: 24px;\">\r\n<td style=\"height: 24px; width: 23.4086%;\"><strong>Investigaci\u00f3n sobre la enfermedad de Alzheimer<\/strong><\/td>\r\n<td style=\"height: 24px; width: 35.0956%;\">Aborda las disparidades y promueve la equidad en la investigaci\u00f3n de la enfermedad de Alzheimer<\/td>\r\n<td style=\"height: 24px; text-align: center; width: 19.7052%;\">$4 millones de GF<sup>\u00b1<\/sup><\/td>\r\n<td style=\"height: 24px; text-align: center; width: 20.6307%;\">Sin cambios<\/td>\r\n<\/tr>\r\n<tr style=\"height: 48px;\">\r\n<td style=\"height: 48px; width: 23.4086%;\"><strong>Campa\u00f1a de salud cerebral para la enfermedad de Alzheimer<\/strong><\/td>\r\n<td style=\"height: 48px; width: 35.0956%;\">Lanza una campa\u00f1a de educaci\u00f3n p\u00fablica sobre la salud cerebral<\/td>\r\n<td style=\"height: 48px; text-align: center; width: 19.7052%;\">$5 millones de GF<sup>\u00b1<\/sup><\/td>\r\n<td style=\"height: 48px; text-align: center; width: 20.6307%;\">$10 millones de GF<sup>\u00b1<\/sup><\/td>\r\n<\/tr>\r\n<tr style=\"height: 24px;\">\r\n<td style=\"height: 24px; width: 23.4086%;\"><strong>Formaci\u00f3n de cuidadores de personas con enfermedad de Alzheimer<\/strong><\/td>\r\n<td style=\"height: 24px; width: 35.0956%;\">Proporciona capacitaci\u00f3n y certificaci\u00f3n para cuidadores en la enfermedad de Alzheimer.<\/td>\r\n<td style=\"height: 24px; text-align: center; width: 19.7052%;\">$4 millones de GF<sup>\u00b1<\/sup><\/td>\r\n<td style=\"height: 24px; text-align: center; width: 20.6307%;\">Sin cambios<\/td>\r\n<\/tr>\r\n<tr style=\"height: 24px;\">\r\n<td style=\"height: 24px; width: 23.4086%;\"><strong>Comunidades amigables con la demencia<\/strong><\/td>\r\n<td style=\"height: 24px; width: 35.0956%;\">Proporciona subvenciones para ayudar a las comunidades a ser amigables con la demencia.<\/td>\r\n<td style=\"height: 24px; text-align: center; width: 19.7052%;\">$2 millones de GF<sup>\u00b1<\/sup><\/td>\r\n<td style=\"height: 24px; text-align: center; width: 20.6307%;\">Sin cambios<\/td>\r\n<\/tr>\r\n<\/tbody>\r\n<\/table>\r\n<span style=\"font-weight: 300;\">La revisi\u00f3n de mayo prioriza el acceso a viviendas asequibles, as\u00ed como a servicios para quienes experimentan falta de vivienda, con nuevas inversiones respaldadas por una combinaci\u00f3n de d\u00f3lares federales y estatales. <\/span><span style=\"font-weight: 300;\">Las inversiones en subsidios de vivienda, pr\u00e9stamos, cr\u00e9ditos fiscales, adquisici\u00f3n de propiedades y servicios de apoyo aumentaron de 1.400 millones de d\u00f3lares en el presupuesto propuesto por el gobernador a 9.300 millones de d\u00f3lares en la Revisi\u00f3n de mayo. Las inversiones en apoyos y servicios de vivienda para las jurisdicciones locales destinadas a la poblaci\u00f3n sin hogar aumentaron de 2.100 millones de d\u00f3lares en el presupuesto propuesto por el gobernador a 6.800 millones de d\u00f3lares en la Revisi\u00f3n de mayo.<sup>1<\/sup> <\/span>\r\n\r\n<span style=\"font-weight: 300;\">La Tabla 7 refleja los rubros de vivienda que impactan directamente a los adultos mayores y a las personas con discapacidad.<\/span>\r\n<table style=\"width: 100%; height: 512px;\"><caption><span style=\"font-size: 8pt;\">\u00b1 Representa la asignaci\u00f3n de fondos \u00fanicos en la revisi\u00f3n de mayo para 2021-22.<\/span><\/caption>\r\n<tbody>\r\n<tr style=\"height: 24px;\">\r\n<td style=\"background-color: #858585; width: 99.0059%; border-style: hidden; height: 24px;\" colspan=\"4\"><span style=\"color: #ffffff; font-size: 14pt;\"><strong>Tabla 7: Vivienda y personas sin hogar<sup>1<\/sup><\/strong><\/span><\/td>\r\n<\/tr>\r\n<tr style=\"height: 80px;\">\r\n<td style=\"background-color: #78a6cc; vertical-align: middle; width: 19.9206%; border-style: hidden; height: 80px;\"><span style=\"color: #ffffff;\"><strong>Programa<\/strong><\/span><\/td>\r\n<td style=\"background-color: #78a6cc; vertical-align: middle; width: 37.1081%; border-style: hidden; height: 80px;\"><span style=\"color: #ffffff;\"><strong>Propuesta<\/strong><\/span><\/td>\r\n<td style=\"background-color: #78a6cc; vertical-align: middle; width: 20.7572%; text-align: center; border-style: hidden; height: 80px;\"><span style=\"color: #ffffff;\"><strong>Presupuesto propuesto para enero de 2021-22<\/strong><\/span><\/td>\r\n<td style=\"background-color: #78a6cc; vertical-align: middle; width: 21.22%; text-align: center; border-style: hidden; height: 80px;\"><span style=\"color: #ffffff;\"><strong>2021-22\r\n<\/strong><\/span><span style=\"color: #ffffff;\"><strong>Revisi\u00f3n de mayo<\/strong><\/span><\/td>\r\n<\/tr>\r\n<tr style=\"height: 72px;\">\r\n<td style=\"width: 19.9206%; height: 72px;\"><strong>Expansi\u00f3n de la atenci\u00f3n comunitaria<\/strong><\/td>\r\n<td style=\"width: 37.1081%; height: 72px;\">Adquiere y rehabilita instalaciones residenciales para adultos e instalaciones de atenci\u00f3n residencial para personas mayores con el fin de ampliar las viviendas para personas sin hogar, adultos mayores de bajos ingresos o en riesgo de quedarse sin hogar.<\/td>\r\n<td style=\"width: 20.7572%; text-align: center; height: 72px;\">$250 millones de GF<sup>\u00b1<\/sup><\/td>\r\n<td style=\"width: 21.22%; text-align: center; height: 72px;\">$500 millones ($50 millones GF)<sup>\u00b1<\/sup><\/td>\r\n<\/tr>\r\n<tr style=\"height: 24px;\">\r\n<td style=\"width: 19.9206%; height: 24px;\"><strong>Unidades de vivienda accesorias<\/strong><\/td>\r\n<td style=\"width: 37.1081%; height: 24px;\">Ampl\u00eda la financiaci\u00f3n disponible para unidades de vivienda accesorias<\/td>\r\n<td style=\"width: 20.7572%; text-align: center; height: 24px;\"><\/td>\r\n<td style=\"width: 21.22%; text-align: center; height: 24px;\">$81 millones<sup>\u00b1<\/sup><\/td>\r\n<\/tr>\r\n<tr style=\"height: 48px;\">\r\n<td style=\"width: 19.9206%; height: 48px;\"><strong>Preservaci\u00f3n de viviendas asequibles<\/strong><\/td>\r\n<td style=\"width: 37.1081%; height: 48px;\">Permite al estado preservar las unidades de vivienda asequibles existentes a medida que expiran los convenios de asequibilidad<\/td>\r\n<td style=\"width: 20.7572%; text-align: center; height: 48px;\"><\/td>\r\n<td style=\"width: 21.22%; text-align: center; height: 48px;\">$300 millones<sup>\u00b1<\/sup><\/td>\r\n<\/tr>\r\n<tr style=\"height: 48px;\">\r\n<td style=\"width: 19.9206%; height: 48px;\"><strong>Programa de Defensa de la Vivienda y la Discapacidad<\/strong><\/td>\r\n<td style=\"width: 37.1081%; height: 48px;\">Ayuda a adultos mayores y personas con discapacidades que experimentan falta de vivienda.<\/td>\r\n<td style=\"width: 20.7572%; text-align: center; height: 48px;\"><\/td>\r\n<td style=\"width: 21.22%; text-align: center; height: 48px;\">$175 millones de GF<\/td>\r\n<\/tr>\r\n<tr style=\"height: 48px;\">\r\n<td style=\"width: 19.9206%; height: 48px;\"><strong>Hogar seguro<\/strong><\/td>\r\n<td style=\"width: 37.1081%; height: 48px;\">Proporciona apoyo en materia de salud, seguridad y vivienda para adultos mayores y vulnerables que participan o est\u00e1n en riesgo de participar en los Servicios de Protecci\u00f3n para Adultos.<\/td>\r\n<td style=\"width: 20.7572%; text-align: center; height: 48px;\">$25 millones de GF<\/td>\r\n<td style=\"width: 21.22%; text-align: center; height: 48px;\">$100 millones de GF<\/td>\r\n<\/tr>\r\n<tr style=\"height: 72px;\">\r\n<td style=\"width: 19.9206%; height: 72px;\"><strong>Servicios de apoyo para veteranos que estuvieron sin hogar<\/strong><\/td>\r\n<td style=\"width: 37.1081%; height: 72px;\">Apoya a los veteranos mayores y a los veteranos con discapacidades que han experimentado una falta de vivienda cr\u00f3nica.<\/td>\r\n<td style=\"width: 20.7572%; text-align: center; height: 72px;\"><\/td>\r\n<td style=\"width: 21.22%; text-align: center; height: 72px;\">$25 millones de GF<\/td>\r\n<\/tr>\r\n<tr style=\"height: 48px;\">\r\n<td style=\"width: 19.9206%; height: 48px;\"><strong>Proyecto Homekey<\/strong><\/td>\r\n<td style=\"width: 37.1081%; height: 48px;\"><span style=\"font-size: 12pt;\">Proporciona <a href=\"https:\/\/www.hcd.ca.gov\/grants-and-funding\/homekey\" target=\"_blank\" rel=\"noopener\">Proyecto Homekey<\/a> subvenciones a entidades p\u00fablicas locales para convertir propiedades infrautilizadas en viviendas para personas sin hogar<\/span><\/td>\r\n<td style=\"width: 20.7572%; text-align: center; height: 48px;\">$750 millones de GF<sup>\u00b1<\/sup><\/td>\r\n<td style=\"width: 21.22%; text-align: center; height: 48px;\">$3.5 mil millones<sup>\u00b1<\/sup>\r\n(m\u00e1s de 2 a\u00f1os)<\/td>\r\n<\/tr>\r\n<tr style=\"height: 48px;\">\r\n<td style=\"width: 19.9206%; height: 48px;\"><strong>Transiciones de Project Roomkey<\/strong><\/td>\r\n<td style=\"width: 37.1081%; height: 48px;\">Apoya la transici\u00f3n <a href=\"https:\/\/www.cdss.ca.gov\/inforesources\/cdss-programs\/housing-programs\/project-roomkey\" target=\"_blank\" rel=\"noopener\">Proyecto Roomkey<\/a> participantes del programa en una vivienda permanente<\/td>\r\n<td style=\"width: 20.7572%; text-align: center; height: 48px;\"><\/td>\r\n<td style=\"width: 21.22%; text-align: center; height: 48px;\">$150 millones de GF<\/td>\r\n<\/tr>\r\n<\/tbody>\r\n<\/table>\r\n<span style=\"font-weight: 300;\">La Revisi\u00f3n de Mayo invierte en iniciativas de seguridad econ\u00f3mica y acceso a alimentos para ayudar a los adultos mayores de bajos ingresos y a las personas con discapacidades de California a obtener apoyo de ingresos y asistencia alimentaria, como se describe en la Tabla 8.\u00a0<\/span>\r\n<table style=\"height: 571px; width: 100%;\"><caption><span style=\"font-size: 8pt;\">\u00b1 Representa la asignaci\u00f3n de fondos \u00fanicos en la revisi\u00f3n de mayo para 2021-22.<\/span><\/caption>\r\n<tbody>\r\n<tr style=\"height: 24px;\">\r\n<td style=\"background-color: #858585; height: 24px; width: 99.0058%; border-style: hidden;\" colspan=\"4\"><span style=\"font-size: 14pt;\"><strong><span style=\"color: #ffffff;\">Cuadro 8: Seguridad econ\u00f3mica y acceso a los alimentos<sup>1,4<\/sup><\/span><\/strong><\/span><\/td>\r\n<\/tr>\r\n<tr style=\"height: 43px;\">\r\n<td style=\"background-color: #78a6cc; vertical-align: middle; height: 43px; width: 22.9656%; border-style: hidden;\"><strong><span style=\"color: #ffffff;\">Programa<\/span><\/strong><\/td>\r\n<td style=\"background-color: #78a6cc; vertical-align: middle; height: 43px; width: 38.3667%; border-style: hidden;\"><strong><span style=\"color: #ffffff;\">Propuesta<\/span><\/strong><\/td>\r\n<td style=\"background-color: #78a6cc; vertical-align: middle; height: 43px; width: 19.3763%; text-align: center; border-style: hidden;\"><strong><span style=\"color: #ffffff;\">Presupuesto propuesto para enero de 2021-22<\/span><\/strong><\/td>\r\n<td style=\"background-color: #78a6cc; vertical-align: middle; height: 43px; width: 18.2972%; text-align: center; border-style: hidden;\"><strong><span style=\"color: #ffffff;\">2021-22\r\n<\/span><\/strong><strong><span style=\"color: #ffffff;\">Revisi\u00f3n de mayo<\/span><\/strong><\/td>\r\n<\/tr>\r\n<tr style=\"height: 120px;\">\r\n<td style=\"height: 120px; width: 22.9656%;\"><strong>Ingreso de Seguridad Suplementario\/Estado <\/strong><strong>Pago suplementario (SSI\/SSP)<\/strong><\/td>\r\n<td style=\"height: 120px; width: 38.3667%;\">En 2021, m\u00e1ximo <a href=\"https:\/\/www.cdss.ca.gov\/ssdi-ssi\" target=\"_blank\" rel=\"noopener\">SSI\/SSP<\/a> Los niveles de subvenci\u00f3n son $955 por mes para individuos y $1,598 por mes para parejas, y se proyecta que aumenten en $17 y $26 respectivamente, a partir de enero de 2022.<\/td>\r\n<td style=\"height: 120px; width: 19.3763%; text-align: center;\">$2.7 mil millones de GF<\/td>\r\n<td style=\"height: 120px; width: 18.2972%; text-align: center;\">Sin cambios<\/td>\r\n<\/tr>\r\n<tr style=\"height: 72px;\">\r\n<td style=\"height: 72px; width: 22.9656%;\"><strong>SSP, Programa de Asistencia en Efectivo para Inmigrantes y Beneficio en Efectivo para Veteranos de California<\/strong><\/td>\r\n<td style=\"height: 72px; width: 38.3667%;\">Restablece el ajuste del costo de vida para los beneficiarios de beneficios a los niveles de pago de 2011<\/td>\r\n<td style=\"height: 72px; width: 19.3763%; text-align: center;\"><\/td>\r\n<td style=\"height: 72px; width: 18.2972%; text-align: center;\">$131,5 millones de GF<\/td>\r\n<\/tr>\r\n<tr style=\"height: 48px;\">\r\n<td style=\"height: 48px; width: 22.9656%;\"><strong>Nutrici\u00f3n para personas mayores<\/strong><\/td>\r\n<td style=\"height: 48px; width: 38.3667%;\">Elimina las suspensiones del programa para permitir la financiaci\u00f3n de asistencia local para comidas a domicilio y en centros comunitarios para adultos mayores.<\/td>\r\n<td style=\"height: 48px; width: 19.3763%; text-align: center;\">$17,5 millones de GF<\/td>\r\n<td style=\"height: 48px; width: 18.2972%; text-align: center;\">$17,5 millones de GF<\/td>\r\n<\/tr>\r\n<tr style=\"height: 72px;\">\r\n<td style=\"height: 72px; width: 22.9656%;\"><strong>Expansi\u00f3n de CalFresh: Alcance para adultos mayores<\/strong><\/td>\r\n<td style=\"height: 72px; width: 38.3667%;\">Ayuda a los adultos mayores elegibles para SSI y SSP a solicitar los beneficios de CalFresh.<\/td>\r\n<td style=\"height: 72px; width: 19.3763%; text-align: center;\"><\/td>\r\n<td style=\"height: 72px; width: 18.2972%; text-align: center;\">$2,0 millones ($1,1 millones de GF)<\/td>\r\n<\/tr>\r\n<tr style=\"height: 48px;\">\r\n<td style=\"height: 48px; width: 22.9656%;\"><strong>bancos de alimentos<\/strong><\/td>\r\n<td style=\"height: 48px; width: 38.3667%;\">Apoya a los proveedores del Programa de Asistencia Alimentaria de Emergencia, bancos de alimentos, tribus y organizaciones tribales para mitigar el aumento de las necesidades alimentarias relacionadas con la COVID-19.<\/td>\r\n<td style=\"height: 48px; width: 19.3763%; text-align: center;\">$30 millones de GF<sup>\u00b1<\/sup><\/td>\r\n<td style=\"height: 48px; width: 18.2972%; text-align: center;\">Sin cambios<\/td>\r\n<\/tr>\r\n<tr style=\"height: 96px;\">\r\n<td style=\"height: 96px; width: 22.9656%;\"><strong>Beneficio nutricional suplementario y beneficio nutricional de transici\u00f3n<\/strong><\/td>\r\n<td style=\"height: 96px; width: 38.3667%;\">Ajusta los montos de los beneficios para mitigar los efectos de la eliminaci\u00f3n de la <a href=\"https:\/\/www.cdss.ca.gov\/inforesources\/calfresh\/supplemental-security-income\" target=\"_blank\" rel=\"noopener\">Retiro de efectivo de SSI<\/a> pol\u00edtica<\/td>\r\n<td style=\"height: 96px; width: 19.3763%; text-align: center;\">$22,3 millones de GF<\/td>\r\n<td style=\"height: 96px; width: 18.2972%; text-align: center;\">Sin cambios<\/td>\r\n<\/tr>\r\n<tr style=\"height: 48px;\">\r\n<td style=\"height: 48px; width: 22.9656%;\"><strong>Asignaciones de emergencia del Programa de Asistencia Alimentaria de California<\/strong><\/td>\r\n<td style=\"height: 48px; width: 38.3667%;\">Permite que los hogares reciban la asignaci\u00f3n m\u00e1xima permitida en funci\u00f3n del tama\u00f1o del hogar.<\/td>\r\n<td style=\"height: 48px; width: 19.3763%; text-align: center;\">$11,4 millones de GF<sup>\u00b1<\/sup><\/td>\r\n<td style=\"height: 48px; width: 18.2972%; text-align: center;\">Sin cambios<\/td>\r\n<\/tr>\r\n<\/tbody>\r\n<\/table>\r\n<h3><span style=\"font-weight: 500;\">Pr\u00f3ximos pasos en el proceso presupuestario<\/span><\/h3>\r\n<span style=\"font-weight: 300;\">Los subcomit\u00e9s de presupuesto revisaron la Revisi\u00f3n de Mayo del gobernador y celebraron audiencias hasta finales de mayo. Cada subcomit\u00e9 votar\u00e1 sobre las partidas presupuestarias de su(s) respectiva(s) \u00e1rea(s) tem\u00e1tica(s) y presentar\u00e1 un informe para su votaci\u00f3n en el comit\u00e9 de presupuesto en pleno. Posteriormente, el pleno del Senado y la Asamblea votar\u00e1 sobre el proyecto de ley de presupuesto completo. El proyecto de ley de presupuesto de cada c\u00e1mara se remitir\u00e1 a un comit\u00e9 de conferencia presupuestaria conjunto, donde se resolver\u00e1n las diferencias entre las versiones del Senado y la Asamblea. El Comit\u00e9 de Conferencia vota entonces sobre la versi\u00f3n propuesta, que, de aprobarse, se env\u00eda simult\u00e1neamente al pleno de la Asamblea y el Senado. Por ley, la Legislatura debe aprobar el presupuesto antes del 15 de junio. El gobernador tiene la autoridad para reducir o eliminar cualquier asignaci\u00f3n contenida en el presupuesto antes de su firma, antes del 1 de julio de 2021.<\/span><sup><span style=\"font-weight: 300;\">6,7<\/span><\/sup>\r\n\r\n&nbsp;\r\n\r\n<hr \/>\r\n\r\n<h4 style=\"text-align: center;\"><strong>Descargue la publicaci\u00f3n para obtener todos los elementos visuales y referencias completas.<\/strong><\/h4>","":null,"helper_width":"narrow"}}]},"yoast_head":"<!-- This site is optimized with the Yoast SEO plugin v27.4 - https:\/\/yoast.com\/product\/yoast-seo-wordpress\/ -->\n<title>2021-22 Budget Revision: Impact on California\u2019s Older Adults, People With Disabilities, and Family Caregivers - The SCAN Foundation<\/title>\n<meta name=\"description\" content=\"May Revision 2021-22 Budget Impact. Review of the state&#039;s revised spending plan for aging services and caregiver support.\" \/>\n<meta name=\"robots\" content=\"index, follow, max-snippet:-1, max-image-preview:large, max-video-preview:-1\" \/>\n<link rel=\"canonical\" href=\"https:\/\/www.thescanfoundation.org\/es\/recurso\/la-revision-de-mayo-del-presupuesto-propuesto-para-2021-22-impacta-en-los-adultos-mayores-de-california-las-personas-con-discapacidades-y-los-cuidadores-familiares\/\" \/>\n<meta property=\"og:locale\" content=\"es_MX\" \/>\n<meta property=\"og:type\" content=\"article\" \/>\n<meta property=\"og:title\" content=\"2021-22 Budget Revision: Impact on California\u2019s Older Adults, People With Disabilities, and Family Caregivers - The SCAN Foundation\" \/>\n<meta property=\"og:description\" content=\"May Revision 2021-22 Budget Impact. Review of the state&#039;s revised spending plan for aging services and caregiver support.\" \/>\n<meta property=\"og:url\" content=\"https:\/\/www.thescanfoundation.org\/es\/recurso\/la-revision-de-mayo-del-presupuesto-propuesto-para-2021-22-impacta-en-los-adultos-mayores-de-california-las-personas-con-discapacidades-y-los-cuidadores-familiares\/\" \/>\n<meta property=\"og:site_name\" content=\"The SCAN Foundation\" \/>\n<meta property=\"article:modified_time\" content=\"2025-09-18T08:37:23+00:00\" \/>\n<meta property=\"og:image\" content=\"https:\/\/www.thescanfoundation.org\/wp-content\/uploads\/2025\/08\/iStock-2153409569-scaled.jpg\" \/>\n\t<meta property=\"og:image:width\" content=\"2560\" \/>\n\t<meta property=\"og:image:height\" content=\"1350\" \/>\n\t<meta property=\"og:image:type\" content=\"image\/jpeg\" \/>\n<meta name=\"twitter:card\" content=\"summary_large_image\" \/>\n<meta name=\"twitter:site\" content=\"@TheSCANFndtn\" \/>\n<script type=\"application\/ld+json\" class=\"yoast-schema-graph\">{\"@context\":\"https:\\\/\\\/schema.org\",\"@graph\":[{\"@type\":\"WebPage\",\"@id\":\"https:\\\/\\\/www.thescanfoundation.org\\\/resource\\\/may-revision-of-the-proposed-2021-22-budget-impact-on-californias-older-adults-people-with-disabilities-and-family-caregivers\\\/\",\"url\":\"https:\\\/\\\/www.thescanfoundation.org\\\/resource\\\/may-revision-of-the-proposed-2021-22-budget-impact-on-californias-older-adults-people-with-disabilities-and-family-caregivers\\\/\",\"name\":\"2021-22 Budget Revision: Impact on California\u2019s Older Adults, People With Disabilities, and Family Caregivers - The SCAN Foundation\",\"isPartOf\":{\"@id\":\"https:\\\/\\\/www.thescanfoundation.org\\\/#website\"},\"primaryImageOfPage\":{\"@id\":\"https:\\\/\\\/www.thescanfoundation.org\\\/resource\\\/may-revision-of-the-proposed-2021-22-budget-impact-on-californias-older-adults-people-with-disabilities-and-family-caregivers\\\/#primaryimage\"},\"image\":{\"@id\":\"https:\\\/\\\/www.thescanfoundation.org\\\/resource\\\/may-revision-of-the-proposed-2021-22-budget-impact-on-californias-older-adults-people-with-disabilities-and-family-caregivers\\\/#primaryimage\"},\"thumbnailUrl\":\"https:\\\/\\\/www.thescanfoundation.org\\\/wp-content\\\/uploads\\\/2025\\\/08\\\/iStock-2153409569-scaled.jpg\",\"datePublished\":\"2021-06-01T12:51:12+00:00\",\"dateModified\":\"2025-09-18T08:37:23+00:00\",\"description\":\"May Revision 2021-22 Budget Impact. Review of the state's revised spending plan for aging services and caregiver support.\",\"breadcrumb\":{\"@id\":\"https:\\\/\\\/www.thescanfoundation.org\\\/resource\\\/may-revision-of-the-proposed-2021-22-budget-impact-on-californias-older-adults-people-with-disabilities-and-family-caregivers\\\/#breadcrumb\"},\"inLanguage\":\"es-MX\",\"potentialAction\":[{\"@type\":\"ReadAction\",\"target\":[\"https:\\\/\\\/www.thescanfoundation.org\\\/resource\\\/may-revision-of-the-proposed-2021-22-budget-impact-on-californias-older-adults-people-with-disabilities-and-family-caregivers\\\/\"]}]},{\"@type\":\"ImageObject\",\"inLanguage\":\"es-MX\",\"@id\":\"https:\\\/\\\/www.thescanfoundation.org\\\/resource\\\/may-revision-of-the-proposed-2021-22-budget-impact-on-californias-older-adults-people-with-disabilities-and-family-caregivers\\\/#primaryimage\",\"url\":\"https:\\\/\\\/www.thescanfoundation.org\\\/wp-content\\\/uploads\\\/2025\\\/08\\\/iStock-2153409569-scaled.jpg\",\"contentUrl\":\"https:\\\/\\\/www.thescanfoundation.org\\\/wp-content\\\/uploads\\\/2025\\\/08\\\/iStock-2153409569-scaled.jpg\",\"width\":2560,\"height\":1350,\"caption\":\"Doctor, old woman and discussion on tablet in home, healthcare and telehealth for person with disability. African nurse, talk and elderly patient for cane on touchscreen and rehabilitation in trust\"},{\"@type\":\"BreadcrumbList\",\"@id\":\"https:\\\/\\\/www.thescanfoundation.org\\\/resource\\\/may-revision-of-the-proposed-2021-22-budget-impact-on-californias-older-adults-people-with-disabilities-and-family-caregivers\\\/#breadcrumb\",\"itemListElement\":[{\"@type\":\"ListItem\",\"position\":1,\"name\":\"Home\",\"item\":\"https:\\\/\\\/www.thescanfoundation.org\\\/\"},{\"@type\":\"ListItem\",\"position\":2,\"name\":\"2021-22 Budget Revision: Impact on California\u2019s Older Adults, People With Disabilities, and Family Caregivers\"}]},{\"@type\":\"WebSite\",\"@id\":\"https:\\\/\\\/www.thescanfoundation.org\\\/#website\",\"url\":\"https:\\\/\\\/www.thescanfoundation.org\\\/\",\"name\":\"The SCAN Foundation\",\"description\":\"\",\"publisher\":{\"@id\":\"https:\\\/\\\/www.thescanfoundation.org\\\/#organization\"},\"potentialAction\":[{\"@type\":\"SearchAction\",\"target\":{\"@type\":\"EntryPoint\",\"urlTemplate\":\"https:\\\/\\\/www.thescanfoundation.org\\\/?s={search_term_string}\"},\"query-input\":{\"@type\":\"PropertyValueSpecification\",\"valueRequired\":true,\"valueName\":\"search_term_string\"}}],\"inLanguage\":\"es-MX\"},{\"@type\":\"Organization\",\"@id\":\"https:\\\/\\\/www.thescanfoundation.org\\\/#organization\",\"name\":\"The SCAN Foundation\",\"url\":\"https:\\\/\\\/www.thescanfoundation.org\\\/\",\"logo\":{\"@type\":\"ImageObject\",\"inLanguage\":\"es-MX\",\"@id\":\"https:\\\/\\\/www.thescanfoundation.org\\\/#\\\/schema\\\/logo\\\/image\\\/\",\"url\":\"https:\\\/\\\/www.thescanfoundation.org\\\/wp-content\\\/uploads\\\/2025\\\/09\\\/tsf-logo.png\",\"contentUrl\":\"https:\\\/\\\/www.thescanfoundation.org\\\/wp-content\\\/uploads\\\/2025\\\/09\\\/tsf-logo.png\",\"width\":696,\"height\":696,\"caption\":\"The SCAN Foundation\"},\"image\":{\"@id\":\"https:\\\/\\\/www.thescanfoundation.org\\\/#\\\/schema\\\/logo\\\/image\\\/\"},\"sameAs\":[\"https:\\\/\\\/x.com\\\/TheSCANFndtn\",\"https:\\\/\\\/www.linkedin.com\\\/company\\\/the-scan-foundation\"]}]}<\/script>\n<!-- \/ Yoast SEO plugin. -->","yoast_head_json":{"title":"Revisi\u00f3n del presupuesto 2021-22: Impacto en los adultos mayores, las personas con discapacidad y los cuidadores familiares de California - The SCAN Foundation","description":"Revisi\u00f3n de Mayo (2021-22). An\u00e1lisis actualizado de las inversiones estatales en programas para adultos mayores y cuidadores.","robots":{"index":"index","follow":"follow","max-snippet":"max-snippet:-1","max-image-preview":"max-image-preview:large","max-video-preview":"max-video-preview:-1"},"canonical":"https:\/\/www.thescanfoundation.org\/es\/recurso\/la-revision-de-mayo-del-presupuesto-propuesto-para-2021-22-impacta-en-los-adultos-mayores-de-california-las-personas-con-discapacidades-y-los-cuidadores-familiares\/","og_locale":"es_MX","og_type":"article","og_title":"2021-22 Budget Revision: Impact on California\u2019s Older Adults, People With Disabilities, and Family Caregivers - The SCAN Foundation","og_description":"May Revision 2021-22 Budget Impact. Review of the state's revised spending plan for aging services and caregiver support.","og_url":"https:\/\/www.thescanfoundation.org\/es\/recurso\/la-revision-de-mayo-del-presupuesto-propuesto-para-2021-22-impacta-en-los-adultos-mayores-de-california-las-personas-con-discapacidades-y-los-cuidadores-familiares\/","og_site_name":"The SCAN Foundation","article_modified_time":"2025-09-18T08:37:23+00:00","og_image":[{"width":2560,"height":1350,"url":"https:\/\/www.thescanfoundation.org\/wp-content\/uploads\/2025\/08\/iStock-2153409569-scaled.jpg","type":"image\/jpeg"}],"twitter_card":"summary_large_image","twitter_site":"@TheSCANFndtn","schema":{"@context":"https:\/\/schema.org","@graph":[{"@type":"WebPage","@id":"https:\/\/www.thescanfoundation.org\/resource\/may-revision-of-the-proposed-2021-22-budget-impact-on-californias-older-adults-people-with-disabilities-and-family-caregivers\/","url":"https:\/\/www.thescanfoundation.org\/resource\/may-revision-of-the-proposed-2021-22-budget-impact-on-californias-older-adults-people-with-disabilities-and-family-caregivers\/","name":"Revisi\u00f3n del presupuesto 2021-22: Impacto en los adultos mayores, las personas con discapacidad y los cuidadores familiares de California - The SCAN Foundation","isPartOf":{"@id":"https:\/\/www.thescanfoundation.org\/#website"},"primaryImageOfPage":{"@id":"https:\/\/www.thescanfoundation.org\/resource\/may-revision-of-the-proposed-2021-22-budget-impact-on-californias-older-adults-people-with-disabilities-and-family-caregivers\/#primaryimage"},"image":{"@id":"https:\/\/www.thescanfoundation.org\/resource\/may-revision-of-the-proposed-2021-22-budget-impact-on-californias-older-adults-people-with-disabilities-and-family-caregivers\/#primaryimage"},"thumbnailUrl":"https:\/\/www.thescanfoundation.org\/wp-content\/uploads\/2025\/08\/iStock-2153409569-scaled.jpg","datePublished":"2021-06-01T12:51:12+00:00","dateModified":"2025-09-18T08:37:23+00:00","description":"Revisi\u00f3n de Mayo (2021-22). An\u00e1lisis actualizado de las inversiones estatales en programas para adultos mayores y cuidadores.","breadcrumb":{"@id":"https:\/\/www.thescanfoundation.org\/resource\/may-revision-of-the-proposed-2021-22-budget-impact-on-californias-older-adults-people-with-disabilities-and-family-caregivers\/#breadcrumb"},"inLanguage":"es-MX","potentialAction":[{"@type":"ReadAction","target":["https:\/\/www.thescanfoundation.org\/resource\/may-revision-of-the-proposed-2021-22-budget-impact-on-californias-older-adults-people-with-disabilities-and-family-caregivers\/"]}]},{"@type":"ImageObject","inLanguage":"es-MX","@id":"https:\/\/www.thescanfoundation.org\/resource\/may-revision-of-the-proposed-2021-22-budget-impact-on-californias-older-adults-people-with-disabilities-and-family-caregivers\/#primaryimage","url":"https:\/\/www.thescanfoundation.org\/wp-content\/uploads\/2025\/08\/iStock-2153409569-scaled.jpg","contentUrl":"https:\/\/www.thescanfoundation.org\/wp-content\/uploads\/2025\/08\/iStock-2153409569-scaled.jpg","width":2560,"height":1350,"caption":"Doctor, old woman and discussion on tablet in home, healthcare and telehealth for person with disability. African nurse, talk and elderly patient for cane on touchscreen and rehabilitation in trust"},{"@type":"BreadcrumbList","@id":"https:\/\/www.thescanfoundation.org\/resource\/may-revision-of-the-proposed-2021-22-budget-impact-on-californias-older-adults-people-with-disabilities-and-family-caregivers\/#breadcrumb","itemListElement":[{"@type":"ListItem","position":1,"name":"Home","item":"https:\/\/www.thescanfoundation.org\/"},{"@type":"ListItem","position":2,"name":"2021-22 Budget Revision: Impact on California\u2019s Older Adults, People With Disabilities, and Family Caregivers"}]},{"@type":"WebSite","@id":"https:\/\/www.thescanfoundation.org\/#website","url":"https:\/\/www.thescanfoundation.org\/","name":"La Fundaci\u00f3n SCAN","description":"","publisher":{"@id":"https:\/\/www.thescanfoundation.org\/#organization"},"potentialAction":[{"@type":"SearchAction","target":{"@type":"EntryPoint","urlTemplate":"https:\/\/www.thescanfoundation.org\/?s={search_term_string}"},"query-input":{"@type":"PropertyValueSpecification","valueRequired":true,"valueName":"search_term_string"}}],"inLanguage":"es-MX"},{"@type":"Organization","@id":"https:\/\/www.thescanfoundation.org\/#organization","name":"La Fundaci\u00f3n SCAN","url":"https:\/\/www.thescanfoundation.org\/","logo":{"@type":"ImageObject","inLanguage":"es-MX","@id":"https:\/\/www.thescanfoundation.org\/#\/schema\/logo\/image\/","url":"https:\/\/www.thescanfoundation.org\/wp-content\/uploads\/2025\/09\/tsf-logo.png","contentUrl":"https:\/\/www.thescanfoundation.org\/wp-content\/uploads\/2025\/09\/tsf-logo.png","width":696,"height":696,"caption":"The SCAN Foundation"},"image":{"@id":"https:\/\/www.thescanfoundation.org\/#\/schema\/logo\/image\/"},"sameAs":["https:\/\/x.com\/TheSCANFndtn","https:\/\/www.linkedin.com\/company\/the-scan-foundation"]}]}},"_links":{"self":[{"href":"https:\/\/www.thescanfoundation.org\/es\/wp-json\/wp\/v2\/resource\/1417","targetHints":{"allow":["GET"]}}],"collection":[{"href":"https:\/\/www.thescanfoundation.org\/es\/wp-json\/wp\/v2\/resource"}],"about":[{"href":"https:\/\/www.thescanfoundation.org\/es\/wp-json\/wp\/v2\/types\/resource"}],"version-history":[{"count":0,"href":"https:\/\/www.thescanfoundation.org\/es\/wp-json\/wp\/v2\/resource\/1417\/revisions"}],"wp:featuredmedia":[{"embeddable":true,"href":"https:\/\/www.thescanfoundation.org\/es\/wp-json\/wp\/v2\/media\/2633"}],"wp:attachment":[{"href":"https:\/\/www.thescanfoundation.org\/es\/wp-json\/wp\/v2\/media?parent=1417"}],"curies":[{"name":"wp","href":"https:\/\/api.w.org\/{rel}","templated":true}]}}