{"id":1439,"date":"2018-01-15T10:07:58","date_gmt":"2018-01-15T10:07:58","guid":{"rendered":"https:\/\/www.thescanfoundation.org\/resource\/2018-2019-proposed-budget-impact-on-californias-older-adults-and-people-with-disabilities\/"},"modified":"2025-08-12T23:00:32","modified_gmt":"2025-08-12T23:00:32","slug":"impacto-del-presupuesto-propuesto-para-2018-y-2019-en-los-adultos-mayores-y-las-personas-con-discapacidad-de-california","status":"publish","type":"resource","link":"https:\/\/www.thescanfoundation.org\/es\/resource\/2018-2019-proposed-budget-impact-on-californias-older-adults-and-people-with-disabilities\/","title":{"rendered":"Presupuesto propuesto 2018-19: Impacto en los adultos mayores y las personas con discapacidad de California"},"template":"","class_list":["post-1439","resource","type-resource","status-publish","has-post-thumbnail","hentry","location-california","resource_type-fact-sheet"],"acf":{"details":{"helper_accent_color":"yellow","helper_taxonomies":{"priority_tax":[7],"location":[12],"news-insight_type":[57],"resource_type":[22],"event_type":false,"person_type":false,"year_tax":false,"asset_class":false,"investment_type":false,"investment_category":false},"tsf_resource":true,"helper_authors":null,"abstract":"On January 10, 2018, California Governor Brown released the proposed 2018-2019 budget. In this fact sheet, learn what modest program changes impacting older adults and people with disabilities were included, and where the budget falls short.","featured_image":2559,"":null,"file_download":"","download_link_text":""},"page_layout":[{"acf_fc_layout":"layout_wysiwyg","_acfe_flexible_toggle":"","component_wysiwyg":{"content":"<h2>Descripci\u00f3n general<\/h2>\r\n<p>El 10 de enero de 2018, el Departamento de Finanzas de California (DOF) public\u00f3 el presupuesto propuesto para 2018-2019 del gobernador Edmund G. Brown, Jr., que describe las proyecciones de ingresos y gastos del estado para el a\u00f1o fiscal que comienza el 1 de julio de 2018 y termina el 30 de junio de 2019. El presupuesto propuesto incluye recursos totales del Fondo General (GF) de 135 mil millones de d\u00f3lares y gastos previstos de 131 mil millones de d\u00f3lares. Tambi\u00e9n incluye un dep\u00f3sito de 5 mil millones de d\u00f3lares a la Cuenta de Estabilizaci\u00f3n Presupuestaria* (3500 millones de d\u00f3lares por encima del nivel requerido), lo que eleva el saldo de la cuenta a aproximadamente 13 mil millones de d\u00f3lares en previsi\u00f3n de posibles riesgos, como una recesi\u00f3n y cambios en las pol\u00edticas federales (es decir, la reforma fiscal y los cambios en Medicaid).<sup>2<\/sup><\/p>\r\n<blockquote>\r\n<p class=\"p1\">El presupuesto propuesto para 2018-2019 por el Gobernador Brown refleja recursos del Fondo General de $135 mil millones y gastos anticipados de $131 mil millones.<\/p>\r\n<\/blockquote>\r\n<h2>Lo que falta: un plan maestro<\/h2>\r\n<p>El presupuesto propuesto para 2018-2019 no logra preparar al estado para satisfacer las necesidades de su creciente poblaci\u00f3n de adultos mayores, personas con discapacidad y cuidadores familiares. Con casi seis millones de personas, se proyecta que la poblaci\u00f3n de residentes de California de 65 a\u00f1os o m\u00e1s aumentar\u00e1 a aproximadamente nueve millones en los pr\u00f3ximos 10 a\u00f1os, con el mayor crecimiento en el grupo de 85 a\u00f1os o m\u00e1s.<sup>3<\/sup> A medida que la poblaci\u00f3n de California envejece, la demanda de atenci\u00f3n m\u00e9dica, servicios y apoyos a largo plazo (LTSS) y capacitaci\u00f3n para cuidadores seguir\u00e1 aumentando. Mientras tanto, a\u00f1os de recortes presupuestarios han erosionado el sistema de prestaci\u00f3n de servicios, el estado no ha desarrollado una herramienta de evaluaci\u00f3n universal para identificar las necesidades m\u00e1s b\u00e1sicas de las personas mayores, y persiste la escasez de personal. La falta de planificaci\u00f3n del estado tiene graves consecuencias para todos los californianos, la infraestructura, la prestaci\u00f3n de servicios y las finanzas estatales.<\/p>\r\n<h2>\u00bfQu\u00e9 hay en el presupuesto propuesto?<\/h2>\r\n<p>El presupuesto incluye los siguientes elementos que impactan a los adultos mayores y a las personas con discapacidad:<\/p>\r\n<ul>\r\n<li><strong>Servicios de apoyo en el hogar (IHSS):<\/strong> El programa IHSS ofrece asistencia para el cuidado personal en el hogar a adultos de bajos ingresos mayores de 65 a\u00f1os, ciegos o con discapacidad, y a ni\u00f1os ciegos o con discapacidad. Los servicios incluyen asistencia para ba\u00f1arse, alimentarse, vestirse y\/o realizar tareas dom\u00e9sticas como hacer las compras, cocinar y las tareas del hogar, para que las personas puedan permanecer seguras en sus hogares. El presupuesto propuesto estima que el IHSS atender\u00e1 a aproximadamente 545,180 personas entre 2018 y 2020, con un fondo fiduciario de $11 mil millones ($4 mil millones) para el programa IHSS, que incluye:\r\n<ul>\r\n<li>Un aumento de $28 millones de GF para los costos administrativos del IHSS del condado para reflejar la carga de trabajo revisada y los supuestos presupuestarios;<\/li>\r\n<li>$50 millones de GF para implementar las ocho horas de licencia por enfermedad pagada para los proveedores de IHSS a partir del 1 de julio de 2018; y<\/li>\r\n<li>Un aumento en los gastos de IHSS de $280 millones ($119 millones GF) para reflejar el impacto del aumento del salario m\u00ednimo por hora estatal a $12 en 2019.<sup>2<\/sup><\/li>\r\n<\/ul>\r\n<\/li>\r\n<li><strong>Servicios dentales de Medi-Cal:<\/strong> El presupuesto propuesto incluye $212 millones ($80 millones GF) para restaurar los servicios dentales completos eliminados durante la recesi\u00f3n para los adultos elegibles para Medi-Cal.<sup>2<\/sup><\/li>\r\n<li><strong>Exenci\u00f3n de vida asistida:<\/strong> El presupuesto propuesto incluye fondos para aumentar el n\u00famero de plazas de la Exenci\u00f3n para Viviendas Asistidas de 3744 en 2017 a 4744 en 2018 y 5744 en 2019. El 60 % de las nuevas inscripciones se reservar\u00e1 para personas que se trasladen de instituciones tras residir en ellas durante al menos 90 d\u00edas consecutivos. Este cambio requiere la aprobaci\u00f3n legislativa, as\u00ed como una enmienda a la exenci\u00f3n aprobada por los CMS.<sup>4<\/sup><\/li>\r\n<li><strong>Subvenciones del Programa de Enfermedad de Alzheimer:<\/strong> El presupuesto propuesto incluye $3,2 millones ($3,1 millones GF) para apoyar la investigaci\u00f3n actual y ampliar las \u00e1reas de enfoque para la investigaci\u00f3n que contribuye a una mejor comprensi\u00f3n de las causas y la atenci\u00f3n de las personas con enfermedad de Alzheimer, as\u00ed como el apoyo a las familias afectadas por ella.<sup>5<\/sup><\/li>\r\n<li><strong>Horario de atenci\u00f3n directa en centros de enfermer\u00eda especializada:<\/strong> La Ley de Presupuesto de 2017 aument\u00f3 el n\u00famero de horas de servicios de atenci\u00f3n directa a 3,5 por d\u00eda de paciente, con un m\u00ednimo de 2,4 horas a cargo de auxiliares de enfermer\u00eda certificados. El presupuesto propuesto para 2018-2019 incluye 1 mill\u00f3n de T\/T4,5 millones para ampliar las plazas de formaci\u00f3n de auxiliares de enfermer\u00eda certificados, con el fin de ayudar a los centros de enfermer\u00eda especializada a cumplir con las nuevas necesidades de personal.<sup>2<\/sup><\/li>\r\n<li><strong>Supervisi\u00f3n regulatoria de los centros de atenci\u00f3n m\u00e9dica en el condado de Los \u00c1ngeles:<\/strong> El Departamento de Salud P\u00fablica est\u00e1 desarrollando un contrato con el Condado de Los \u00c1ngeles para asumir la supervisi\u00f3n regulatoria de centros de salud espec\u00edficos, incluyendo centros de enfermer\u00eda, a partir del per\u00edodo 2019-2020. El contrato incluir\u00eda par\u00e1metros de pago por desempe\u00f1o, como cantidad, calidad y servicio. Este trabajo costar\u00e1 m\u00e1s que el contrato actual, por lo que se requiere una tarifa adicional. El presupuesto incluye disposiciones legales para la determinaci\u00f3n de la tarifa adicional.<sup>2<\/sup><\/li>\r\n<li><strong>SSI\/SSP:<\/strong> En California, el Ingreso de Seguridad Suplementario (SSI, un programa federal que proporciona una prestaci\u00f3n mensual en efectivo a personas mayores, ciegas y discapacitadas de bajos ingresos) se complementa con una subvenci\u00f3n del Pago Suplementario Estatal (SSP). El presupuesto propone transferir el ajuste federal por costo de vida para la parte del SSI, pero no contempla un aumento para el SSP.<sup><sup>2<br \/>\r\n<\/sup><\/sup>Se estima que el promedio mensual de casos fue de 1,3 millones de beneficiarios en 2018-2019 (70 % personas con discapacidad, 28,6 % adultos mayores y 1,4 % personas ciegas). En 2018, los niveles m\u00e1ximos de subvenci\u00f3n del SSI\/SSP fueron de $910 al mes para personas individuales y $1532 al mes para parejas, aumentando a $930 al mes para personas individuales y $1541 al mes para parejas en 2019.<sup>2<\/sup><\/li>\r\n<\/ul>\r\n<h2>Pr\u00f3ximos pasos en el proceso presupuestario<\/h2>\r\n<p>El Presupuesto del Gobernador de California para 2018-2019 requiere la aprobaci\u00f3n del Senado y la Asamblea. La Legislatura deliberar\u00e1 sobre el presupuesto mediante una serie de audiencias de los subcomit\u00e9s de presupuesto de cada c\u00e1mara, de marzo a mayo.<\/p>\r\n<p>En mayo de 2018, el gobernador publicar\u00e1 una previsi\u00f3n de ingresos actualizada, conocida como la &quot;Revisi\u00f3n de Mayo&quot;, que refleja los cambios en los ingresos y las propuestas de modificaci\u00f3n de los gastos del presupuesto de enero. Cada subcomisi\u00f3n vota sobre sus respectivas \u00e1reas tem\u00e1ticas en el presupuesto y presenta un informe al pleno del comit\u00e9 de presupuesto para su votaci\u00f3n. Desde el pleno, el proyecto de ley de presupuesto de cada c\u00e1mara se remite a un comit\u00e9 de conferencia presupuestaria conjunto, donde se pueden resolver las diferencias entre las c\u00e1maras. El comit\u00e9 de conferencia vota una versi\u00f3n de consenso que, de aprobarse, se env\u00eda simult\u00e1neamente al pleno de cada c\u00e1mara.<\/p>\r\n<p>Por ley, la Legislatura debe aprobar el presupuesto antes del 15 de junio a tiempo para que el gobernador lo firme antes del 1 de julio. La constituci\u00f3n de California requiere una mayor\u00eda de votos (50 por ciento m\u00e1s uno) de cada c\u00e1mara de la Legislatura y una p\u00e9rdida de salario para los legisladores si el presupuesto no se promulga antes de la fecha l\u00edmite del 15 de junio.<sup>6<\/sup> Por \u00faltimo, el gobernador tiene la autoridad de \u201creducir o eliminar\u201d cualquier asignaci\u00f3n contenida en el presupuesto.<sup>7<\/sup><\/p>\r\n<p><strong>*<\/strong> La Cuenta de Estabilizaci\u00f3n Presupuestaria a menudo se denomina \u201cFondo de emergencia\u201d, de acuerdo con la Proposici\u00f3n 2, la enmienda constitucional aprobada por los votantes.<sup>1<\/sup><\/p>\r\n<blockquote>\r\n<p class=\"p1\"><strong>Fechas clave del presupuesto<\/strong><\/p>\r\n<p class=\"p1\">Mayo de 2018 \u2013 Publicaci\u00f3n de la revisi\u00f3n del presupuesto de mayo del Gobernador<\/p>\r\n<p class=\"p1\">15 de junio de 2018 \u2013 Fecha l\u00edmite para que la Legislatura apruebe el presupuesto final<\/p>\r\n<p class=\"p1\">1 de julio de 2018 \u2013 Fecha l\u00edmite para que el Gobernador firme el presupuesto<\/p>\r\n<hr \/>\r\n<\/blockquote>\r\n<h4 style=\"text-align: center;\"><strong>Descargue la publicaci\u00f3n para obtener todos los elementos visuales y referencias completas.<\/strong><\/h4>","":null,"helper_width":"narrow"}}]},"yoast_head":"<!-- This site is optimized with the Yoast SEO plugin v27.4 - https:\/\/yoast.com\/product\/yoast-seo-wordpress\/ -->\n<title>2018-19 Proposed Budget: Impact on California\u2019s Older Adults and People with Disabilities - The SCAN Foundation<\/title>\n<meta name=\"description\" content=\"2018-2019 Proposed Budget Impact. Historical analysis of California&#039;s budget proposals and their effect on aging and disability services.\" \/>\n<meta name=\"robots\" content=\"index, follow, max-snippet:-1, max-image-preview:large, max-video-preview:-1\" \/>\n<link rel=\"canonical\" href=\"https:\/\/www.thescanfoundation.org\/es\/recurso\/impacto-del-presupuesto-propuesto-para-2018-y-2019-en-los-adultos-mayores-y-las-personas-con-discapacidad-de-california\/\" \/>\n<meta property=\"og:locale\" content=\"es_MX\" \/>\n<meta property=\"og:type\" content=\"article\" \/>\n<meta property=\"og:title\" content=\"2018-19 Proposed Budget: Impact on California\u2019s Older Adults and People with Disabilities - The SCAN Foundation\" \/>\n<meta property=\"og:description\" content=\"2018-2019 Proposed Budget Impact. Historical analysis of California&#039;s budget proposals and their effect on aging and disability services.\" \/>\n<meta property=\"og:url\" content=\"https:\/\/www.thescanfoundation.org\/es\/recurso\/impacto-del-presupuesto-propuesto-para-2018-y-2019-en-los-adultos-mayores-y-las-personas-con-discapacidad-de-california\/\" \/>\n<meta property=\"og:site_name\" content=\"The SCAN Foundation\" \/>\n<meta property=\"article:modified_time\" content=\"2025-08-12T23:00:32+00:00\" \/>\n<meta property=\"og:image\" content=\"https:\/\/www.thescanfoundation.org\/wp-content\/uploads\/2025\/08\/iStock-2020509849-scaled.jpg\" \/>\n\t<meta property=\"og:image:width\" content=\"2560\" \/>\n\t<meta property=\"og:image:height\" content=\"1707\" \/>\n\t<meta property=\"og:image:type\" content=\"image\/jpeg\" \/>\n<meta name=\"twitter:card\" content=\"summary_large_image\" \/>\n<meta name=\"twitter:site\" content=\"@TheSCANFndtn\" \/>\n<script type=\"application\/ld+json\" class=\"yoast-schema-graph\">{\"@context\":\"https:\\\/\\\/schema.org\",\"@graph\":[{\"@type\":\"WebPage\",\"@id\":\"https:\\\/\\\/www.thescanfoundation.org\\\/resource\\\/2018-2019-proposed-budget-impact-on-californias-older-adults-and-people-with-disabilities\\\/\",\"url\":\"https:\\\/\\\/www.thescanfoundation.org\\\/resource\\\/2018-2019-proposed-budget-impact-on-californias-older-adults-and-people-with-disabilities\\\/\",\"name\":\"2018-19 Proposed Budget: Impact on California\u2019s Older Adults and People with Disabilities - The SCAN Foundation\",\"isPartOf\":{\"@id\":\"https:\\\/\\\/www.thescanfoundation.org\\\/#website\"},\"primaryImageOfPage\":{\"@id\":\"https:\\\/\\\/www.thescanfoundation.org\\\/resource\\\/2018-2019-proposed-budget-impact-on-californias-older-adults-and-people-with-disabilities\\\/#primaryimage\"},\"image\":{\"@id\":\"https:\\\/\\\/www.thescanfoundation.org\\\/resource\\\/2018-2019-proposed-budget-impact-on-californias-older-adults-and-people-with-disabilities\\\/#primaryimage\"},\"thumbnailUrl\":\"https:\\\/\\\/www.thescanfoundation.org\\\/wp-content\\\/uploads\\\/2025\\\/08\\\/iStock-2020509849-scaled.jpg\",\"datePublished\":\"2018-01-15T10:07:58+00:00\",\"dateModified\":\"2025-08-12T23:00:32+00:00\",\"description\":\"2018-2019 Proposed Budget Impact. Historical analysis of California's budget proposals and their effect on aging and disability services.\",\"breadcrumb\":{\"@id\":\"https:\\\/\\\/www.thescanfoundation.org\\\/resource\\\/2018-2019-proposed-budget-impact-on-californias-older-adults-and-people-with-disabilities\\\/#breadcrumb\"},\"inLanguage\":\"es-MX\",\"potentialAction\":[{\"@type\":\"ReadAction\",\"target\":[\"https:\\\/\\\/www.thescanfoundation.org\\\/resource\\\/2018-2019-proposed-budget-impact-on-californias-older-adults-and-people-with-disabilities\\\/\"]}]},{\"@type\":\"ImageObject\",\"inLanguage\":\"es-MX\",\"@id\":\"https:\\\/\\\/www.thescanfoundation.org\\\/resource\\\/2018-2019-proposed-budget-impact-on-californias-older-adults-and-people-with-disabilities\\\/#primaryimage\",\"url\":\"https:\\\/\\\/www.thescanfoundation.org\\\/wp-content\\\/uploads\\\/2025\\\/08\\\/iStock-2020509849-scaled.jpg\",\"contentUrl\":\"https:\\\/\\\/www.thescanfoundation.org\\\/wp-content\\\/uploads\\\/2025\\\/08\\\/iStock-2020509849-scaled.jpg\",\"width\":2560,\"height\":1707,\"caption\":\"Rear view of an elderly lady sitting in a wheelchair during coffee time with the other residents in a bright modern retirement home\"},{\"@type\":\"BreadcrumbList\",\"@id\":\"https:\\\/\\\/www.thescanfoundation.org\\\/resource\\\/2018-2019-proposed-budget-impact-on-californias-older-adults-and-people-with-disabilities\\\/#breadcrumb\",\"itemListElement\":[{\"@type\":\"ListItem\",\"position\":1,\"name\":\"Home\",\"item\":\"https:\\\/\\\/www.thescanfoundation.org\\\/\"},{\"@type\":\"ListItem\",\"position\":2,\"name\":\"2018-19 Proposed Budget: Impact on California\u2019s Older Adults and People with Disabilities\"}]},{\"@type\":\"WebSite\",\"@id\":\"https:\\\/\\\/www.thescanfoundation.org\\\/#website\",\"url\":\"https:\\\/\\\/www.thescanfoundation.org\\\/\",\"name\":\"The SCAN Foundation\",\"description\":\"\",\"publisher\":{\"@id\":\"https:\\\/\\\/www.thescanfoundation.org\\\/#organization\"},\"potentialAction\":[{\"@type\":\"SearchAction\",\"target\":{\"@type\":\"EntryPoint\",\"urlTemplate\":\"https:\\\/\\\/www.thescanfoundation.org\\\/?s={search_term_string}\"},\"query-input\":{\"@type\":\"PropertyValueSpecification\",\"valueRequired\":true,\"valueName\":\"search_term_string\"}}],\"inLanguage\":\"es-MX\"},{\"@type\":\"Organization\",\"@id\":\"https:\\\/\\\/www.thescanfoundation.org\\\/#organization\",\"name\":\"The SCAN Foundation\",\"url\":\"https:\\\/\\\/www.thescanfoundation.org\\\/\",\"logo\":{\"@type\":\"ImageObject\",\"inLanguage\":\"es-MX\",\"@id\":\"https:\\\/\\\/www.thescanfoundation.org\\\/#\\\/schema\\\/logo\\\/image\\\/\",\"url\":\"https:\\\/\\\/www.thescanfoundation.org\\\/wp-content\\\/uploads\\\/2025\\\/09\\\/tsf-logo.png\",\"contentUrl\":\"https:\\\/\\\/www.thescanfoundation.org\\\/wp-content\\\/uploads\\\/2025\\\/09\\\/tsf-logo.png\",\"width\":696,\"height\":696,\"caption\":\"The SCAN Foundation\"},\"image\":{\"@id\":\"https:\\\/\\\/www.thescanfoundation.org\\\/#\\\/schema\\\/logo\\\/image\\\/\"},\"sameAs\":[\"https:\\\/\\\/x.com\\\/TheSCANFndtn\",\"https:\\\/\\\/www.linkedin.com\\\/company\\\/the-scan-foundation\"]}]}<\/script>\n<!-- \/ Yoast SEO plugin. -->","yoast_head_json":{"title":"Presupuesto propuesto 2018-19: Impacto en los adultos mayores y las personas con discapacidad de California - Fundaci\u00f3n SCAN","description":"Revisi\u00f3n del presupuesto de mayo (2018-19). An\u00e1lisis de c\u00f3mo las revisiones presupuestarias afectaron los servicios para adultos mayores y personas con discapacidad.","robots":{"index":"index","follow":"follow","max-snippet":"max-snippet:-1","max-image-preview":"max-image-preview:large","max-video-preview":"max-video-preview:-1"},"canonical":"https:\/\/www.thescanfoundation.org\/es\/recurso\/impacto-del-presupuesto-propuesto-para-2018-y-2019-en-los-adultos-mayores-y-las-personas-con-discapacidad-de-california\/","og_locale":"es_MX","og_type":"article","og_title":"2018-19 Proposed Budget: Impact on California\u2019s Older Adults and People with Disabilities - The SCAN Foundation","og_description":"2018-2019 Proposed Budget Impact. Historical analysis of California's budget proposals and their effect on aging and disability services.","og_url":"https:\/\/www.thescanfoundation.org\/es\/recurso\/impacto-del-presupuesto-propuesto-para-2018-y-2019-en-los-adultos-mayores-y-las-personas-con-discapacidad-de-california\/","og_site_name":"The SCAN Foundation","article_modified_time":"2025-08-12T23:00:32+00:00","og_image":[{"width":2560,"height":1707,"url":"https:\/\/www.thescanfoundation.org\/wp-content\/uploads\/2025\/08\/iStock-2020509849-scaled.jpg","type":"image\/jpeg"}],"twitter_card":"summary_large_image","twitter_site":"@TheSCANFndtn","schema":{"@context":"https:\/\/schema.org","@graph":[{"@type":"WebPage","@id":"https:\/\/www.thescanfoundation.org\/resource\/2018-2019-proposed-budget-impact-on-californias-older-adults-and-people-with-disabilities\/","url":"https:\/\/www.thescanfoundation.org\/resource\/2018-2019-proposed-budget-impact-on-californias-older-adults-and-people-with-disabilities\/","name":"Presupuesto propuesto 2018-19: Impacto en los adultos mayores y las personas con discapacidad de California - Fundaci\u00f3n SCAN","isPartOf":{"@id":"https:\/\/www.thescanfoundation.org\/#website"},"primaryImageOfPage":{"@id":"https:\/\/www.thescanfoundation.org\/resource\/2018-2019-proposed-budget-impact-on-californias-older-adults-and-people-with-disabilities\/#primaryimage"},"image":{"@id":"https:\/\/www.thescanfoundation.org\/resource\/2018-2019-proposed-budget-impact-on-californias-older-adults-and-people-with-disabilities\/#primaryimage"},"thumbnailUrl":"https:\/\/www.thescanfoundation.org\/wp-content\/uploads\/2025\/08\/iStock-2020509849-scaled.jpg","datePublished":"2018-01-15T10:07:58+00:00","dateModified":"2025-08-12T23:00:32+00:00","description":"Revisi\u00f3n del presupuesto de mayo (2018-19). An\u00e1lisis de c\u00f3mo las revisiones presupuestarias afectaron los servicios para adultos mayores y personas con discapacidad.","breadcrumb":{"@id":"https:\/\/www.thescanfoundation.org\/resource\/2018-2019-proposed-budget-impact-on-californias-older-adults-and-people-with-disabilities\/#breadcrumb"},"inLanguage":"es-MX","potentialAction":[{"@type":"ReadAction","target":["https:\/\/www.thescanfoundation.org\/resource\/2018-2019-proposed-budget-impact-on-californias-older-adults-and-people-with-disabilities\/"]}]},{"@type":"ImageObject","inLanguage":"es-MX","@id":"https:\/\/www.thescanfoundation.org\/resource\/2018-2019-proposed-budget-impact-on-californias-older-adults-and-people-with-disabilities\/#primaryimage","url":"https:\/\/www.thescanfoundation.org\/wp-content\/uploads\/2025\/08\/iStock-2020509849-scaled.jpg","contentUrl":"https:\/\/www.thescanfoundation.org\/wp-content\/uploads\/2025\/08\/iStock-2020509849-scaled.jpg","width":2560,"height":1707,"caption":"Rear view of an elderly lady sitting in a wheelchair during coffee time with the other residents in a bright modern retirement home"},{"@type":"BreadcrumbList","@id":"https:\/\/www.thescanfoundation.org\/resource\/2018-2019-proposed-budget-impact-on-californias-older-adults-and-people-with-disabilities\/#breadcrumb","itemListElement":[{"@type":"ListItem","position":1,"name":"Home","item":"https:\/\/www.thescanfoundation.org\/"},{"@type":"ListItem","position":2,"name":"2018-19 Proposed Budget: Impact on California\u2019s Older Adults and People with Disabilities"}]},{"@type":"WebSite","@id":"https:\/\/www.thescanfoundation.org\/#website","url":"https:\/\/www.thescanfoundation.org\/","name":"La Fundaci\u00f3n SCAN","description":"","publisher":{"@id":"https:\/\/www.thescanfoundation.org\/#organization"},"potentialAction":[{"@type":"SearchAction","target":{"@type":"EntryPoint","urlTemplate":"https:\/\/www.thescanfoundation.org\/?s={search_term_string}"},"query-input":{"@type":"PropertyValueSpecification","valueRequired":true,"valueName":"search_term_string"}}],"inLanguage":"es-MX"},{"@type":"Organization","@id":"https:\/\/www.thescanfoundation.org\/#organization","name":"La Fundaci\u00f3n SCAN","url":"https:\/\/www.thescanfoundation.org\/","logo":{"@type":"ImageObject","inLanguage":"es-MX","@id":"https:\/\/www.thescanfoundation.org\/#\/schema\/logo\/image\/","url":"https:\/\/www.thescanfoundation.org\/wp-content\/uploads\/2025\/09\/tsf-logo.png","contentUrl":"https:\/\/www.thescanfoundation.org\/wp-content\/uploads\/2025\/09\/tsf-logo.png","width":696,"height":696,"caption":"The SCAN Foundation"},"image":{"@id":"https:\/\/www.thescanfoundation.org\/#\/schema\/logo\/image\/"},"sameAs":["https:\/\/x.com\/TheSCANFndtn","https:\/\/www.linkedin.com\/company\/the-scan-foundation"]}]}},"_links":{"self":[{"href":"https:\/\/www.thescanfoundation.org\/es\/wp-json\/wp\/v2\/resource\/1439","targetHints":{"allow":["GET"]}}],"collection":[{"href":"https:\/\/www.thescanfoundation.org\/es\/wp-json\/wp\/v2\/resource"}],"about":[{"href":"https:\/\/www.thescanfoundation.org\/es\/wp-json\/wp\/v2\/types\/resource"}],"version-history":[{"count":0,"href":"https:\/\/www.thescanfoundation.org\/es\/wp-json\/wp\/v2\/resource\/1439\/revisions"}],"wp:featuredmedia":[{"embeddable":true,"href":"https:\/\/www.thescanfoundation.org\/es\/wp-json\/wp\/v2\/media\/2559"}],"wp:attachment":[{"href":"https:\/\/www.thescanfoundation.org\/es\/wp-json\/wp\/v2\/media?parent=1439"}],"curies":[{"name":"wp","href":"https:\/\/api.w.org\/{rel}","templated":true}]}}